{"id":3864,"date":"2023-08-31T10:46:08","date_gmt":"2023-08-31T10:46:08","guid":{"rendered":"https:\/\/centrocar.com\/portugal\/?page_id=3864"},"modified":"2024-11-27T16:53:10","modified_gmt":"2024-11-27T16:53:10","slug":"inicio-es","status":"publish","type":"page","link":"https:\/\/centrocar.com\/portugal\/es\/inicio-es\/","title":{"rendered":"Inicio"},"content":{"rendered":"<p><div class=\"fusion-fullwidth fullwidth-box fusion-builder-row-1 fusion-flex-container has-pattern-background has-mask-background nonhundred-percent-fullwidth non-hundred-percent-height-scrolling fusion-custom-z-index\" style=\"--awb-border-radius-top-left:0px;--awb-border-radius-top-right:0px;--awb-border-radius-bottom-right:0px;--awb-border-radius-bottom-left:0px;--awb-z-index:100;--awb-padding-right:40px;--awb-padding-left:40px;--awb-margin-top:-100px;--awb-margin-top-small:30px;--awb-background-color:rgba(255,255,255,0);--awb-flex-wrap:wrap;\" ><div class=\"fusion-builder-row fusion-row fusion-flex-align-items-stretch fusion-flex-justify-content-center fusion-flex-content-wrap\" style=\"max-width:calc( 1280px + 0px );margin-left: calc(-0px \/ 2 );margin-right: calc(-0px \/ 2 );\"><div class=\"fusion-layout-column fusion_builder_column fusion-builder-column-0 fusion_builder_column_1_3 1_3 fusion-flex-column fusion-flex-align-self-flex-start\" style=\"--awb-bg-size:cover;--awb-width-large:33.333333333333%;--awb-margin-top-large:0px;--awb-spacing-right-large:0px;--awb-margin-bottom-large:20px;--awb-spacing-left-large:0px;--awb-width-medium:33.333333333333%;--awb-order-medium:0;--awb-spacing-right-medium:0px;--awb-spacing-left-medium:0px;--awb-width-small:100%;--awb-order-small:0;--awb-spacing-right-small:0px;--awb-spacing-left-small:0px;\" data-scroll-devices=\"small-visibility,medium-visibility,large-visibility\"><div class=\"fusion-column-wrapper fusion-column-has-shadow fusion-flex-justify-content-flex-start fusion-content-layout-row\"><div class=\"fusion-slider-sc\"><div class=\"fusion-flexslider-loading flexslider flexslider-hover-type-none\" data-slideshow_autoplay=\"1\" data-slideshow_smooth_height=\"0\" data-slideshow_speed=\"7000\" style=\"max-width:100%;height:100%;\"><ul class=\"slides\"><li class=\"image\"><a title=\"dest_DEVELON_1_PT\" data-title=\"dest_DEVELON_1_PT\" aria-label=\"dest_DEVELON_1_PT\" href=\"https:\/\/centrocar.com\/portugal\/es\/produtos\/es-da30-7\/\" target=\"_self\"><span class=\"fusion-image-hover-element hover-type-none\"><img decoding=\"async\" src=\"http:\/\/centrocar.com\/portugal\/wp-content\/uploads\/sites\/2\/2023\/11\/dest_DEVELON_1_PT.jpg\" width=\"674\" height=\"432\" class=\"wp-image-8506\" srcset=\"https:\/\/centrocar.com\/portugal\/wp-content\/uploads\/sites\/2\/2023\/11\/dest_DEVELON_1_PT-200x128.jpg 200w, https:\/\/centrocar.com\/portugal\/wp-content\/uploads\/sites\/2\/2023\/11\/dest_DEVELON_1_PT-400x256.jpg 400w, https:\/\/centrocar.com\/portugal\/wp-content\/uploads\/sites\/2\/2023\/11\/dest_DEVELON_1_PT-600x385.jpg 600w, https:\/\/centrocar.com\/portugal\/wp-content\/uploads\/sites\/2\/2023\/11\/dest_DEVELON_1_PT.jpg 674w\" sizes=\"(max-width: 640px) 100vw, 600px\" \/><\/span><\/a><\/li><li class=\"image\"><a title=\"DEVELON_DD130\" data-title=\"DEVELON_DD130\" aria-label=\"DEVELON_DD130\" href=\"https:\/\/centrocar.com\/portugal\/es\/produtos\/es-dd130\/\" target=\"_self\"><span class=\"fusion-image-hover-element hover-type-none\"><img decoding=\"async\" src=\"http:\/\/centrocar.com\/portugal\/wp-content\/uploads\/sites\/2\/2023\/12\/DEVELON_DD130.jpg\" width=\"674\" height=\"432\" class=\"wp-image-8566\" srcset=\"https:\/\/centrocar.com\/portugal\/wp-content\/uploads\/sites\/2\/2023\/12\/DEVELON_DD130-200x128.jpg 200w, https:\/\/centrocar.com\/portugal\/wp-content\/uploads\/sites\/2\/2023\/12\/DEVELON_DD130-400x256.jpg 400w, https:\/\/centrocar.com\/portugal\/wp-content\/uploads\/sites\/2\/2023\/12\/DEVELON_DD130-600x385.jpg 600w, https:\/\/centrocar.com\/portugal\/wp-content\/uploads\/sites\/2\/2023\/12\/DEVELON_DD130.jpg 674w\" sizes=\"(max-width: 640px) 100vw, 600px\" \/><\/span><\/a><\/li><\/ul><\/div><\/div><\/div><\/div><div class=\"fusion-layout-column fusion_builder_column fusion-builder-column-1 fusion_builder_column_1_3 1_3 fusion-flex-column fusion-flex-align-self-flex-start\" style=\"--awb-bg-size:cover;--awb-width-large:33.333333333333%;--awb-margin-top-large:0px;--awb-spacing-right-large:0px;--awb-margin-bottom-large:20px;--awb-spacing-left-large:0px;--awb-width-medium:33.333333333333%;--awb-order-medium:0;--awb-spacing-right-medium:0px;--awb-spacing-left-medium:0px;--awb-width-small:100%;--awb-order-small:0;--awb-spacing-right-small:0px;--awb-spacing-left-small:0px;\" data-scroll-devices=\"small-visibility,medium-visibility,large-visibility\"><div class=\"fusion-column-wrapper fusion-column-has-shadow fusion-flex-justify-content-flex-end fusion-content-layout-row\"><div class=\"fusion-slider-sc\"><div class=\"fusion-flexslider-loading flexslider flexslider-hover-type-none\" data-slideshow_autoplay=\"1\" data-slideshow_smooth_height=\"0\" data-slideshow_speed=\"5000\" style=\"max-width:100%;height:100%;\"><ul class=\"slides\"><li class=\"image\"><a title=\"dest_bobcat_1_PT\" data-title=\"dest_bobcat_1_PT\" aria-label=\"dest_bobcat_1_PT\" href=\"https:\/\/centrocar.com\/portugal\/es\/produtos\/es-e50z\/\" target=\"_self\"><span class=\"fusion-image-hover-element hover-type-none\"><img decoding=\"async\" src=\"http:\/\/centrocar.com\/portugal\/wp-content\/uploads\/sites\/2\/2023\/11\/dest_bobcat_1_PT.jpg\" width=\"674\" height=\"432\" class=\"wp-image-8505\" srcset=\"https:\/\/centrocar.com\/portugal\/wp-content\/uploads\/sites\/2\/2023\/11\/dest_bobcat_1_PT-200x128.jpg 200w, https:\/\/centrocar.com\/portugal\/wp-content\/uploads\/sites\/2\/2023\/11\/dest_bobcat_1_PT-400x256.jpg 400w, https:\/\/centrocar.com\/portugal\/wp-content\/uploads\/sites\/2\/2023\/11\/dest_bobcat_1_PT-600x385.jpg 600w, https:\/\/centrocar.com\/portugal\/wp-content\/uploads\/sites\/2\/2023\/11\/dest_bobcat_1_PT.jpg 674w\" sizes=\"(max-width: 640px) 100vw, 600px\" \/><\/span><\/a><\/li><li class=\"image\"><a title=\"Montabert_linha_v\" data-title=\"Montabert_linha_v\" aria-label=\"Montabert_linha_v\" href=\"https:\/\/centrocar.com\/portugal\/es\/type\/es-martillos-hidraulicos\/\" target=\"_self\"><span class=\"fusion-image-hover-element hover-type-none\"><img decoding=\"async\" src=\"http:\/\/centrocar.com\/portugal\/wp-content\/uploads\/sites\/2\/2023\/12\/Montabert_linha_v.jpg\" width=\"674\" height=\"432\" class=\"wp-image-8570\" srcset=\"https:\/\/centrocar.com\/portugal\/wp-content\/uploads\/sites\/2\/2023\/12\/Montabert_linha_v-200x128.jpg 200w, https:\/\/centrocar.com\/portugal\/wp-content\/uploads\/sites\/2\/2023\/12\/Montabert_linha_v-400x256.jpg 400w, https:\/\/centrocar.com\/portugal\/wp-content\/uploads\/sites\/2\/2023\/12\/Montabert_linha_v-600x385.jpg 600w, https:\/\/centrocar.com\/portugal\/wp-content\/uploads\/sites\/2\/2023\/12\/Montabert_linha_v.jpg 674w\" sizes=\"(max-width: 640px) 100vw, 600px\" \/><\/span><\/a><\/li><\/ul><\/div><\/div><\/div><\/div><div class=\"fusion-layout-column fusion_builder_column fusion-builder-column-2 fusion_builder_column_1_3 1_3 fusion-flex-column fusion-flex-align-self-flex-start\" style=\"--awb-bg-size:cover;--awb-width-large:33.333333333333%;--awb-margin-top-large:0px;--awb-spacing-right-large:0px;--awb-margin-bottom-large:20px;--awb-spacing-left-large:0px;--awb-width-medium:33.333333333333%;--awb-order-medium:0;--awb-spacing-right-medium:0px;--awb-spacing-left-medium:0px;--awb-width-small:100%;--awb-order-small:0;--awb-spacing-right-small:0px;--awb-spacing-left-small:0px;\" data-scroll-devices=\"small-visibility,medium-visibility,large-visibility\"><div class=\"fusion-column-wrapper fusion-column-has-shadow fusion-flex-justify-content-flex-start fusion-content-layout-row\"><div class=\"fusion-slider-sc\"><div class=\"fusion-flexslider-loading flexslider flexslider-hover-type-none\" data-slideshow_autoplay=\"1\" data-slideshow_smooth_height=\"0\" data-slideshow_speed=\"3000\" style=\"max-width:100%;height:100%;\"><ul class=\"slides\"><li class=\"image\"><a title=\"dest_mccloskey3_ES\" data-title=\"dest_mccloskey3_ES\" aria-label=\"dest_mccloskey3_ES\" href=\"https:\/\/centrocar.com\/portugal\/es\/produtos\/es-es-250\/\" target=\"_self\"><span class=\"fusion-image-hover-element hover-type-none\"><img decoding=\"async\" src=\"http:\/\/centrocar.com\/portugal\/wp-content\/uploads\/sites\/2\/2023\/11\/dest_mccloskey3_ES.jpg\" width=\"674\" height=\"432\" class=\"wp-image-8507\" srcset=\"https:\/\/centrocar.com\/portugal\/wp-content\/uploads\/sites\/2\/2023\/11\/dest_mccloskey3_ES-200x128.jpg 200w, https:\/\/centrocar.com\/portugal\/wp-content\/uploads\/sites\/2\/2023\/11\/dest_mccloskey3_ES-400x256.jpg 400w, https:\/\/centrocar.com\/portugal\/wp-content\/uploads\/sites\/2\/2023\/11\/dest_mccloskey3_ES-600x385.jpg 600w, https:\/\/centrocar.com\/portugal\/wp-content\/uploads\/sites\/2\/2023\/11\/dest_mccloskey3_ES.jpg 674w\" sizes=\"(max-width: 640px) 100vw, 600px\" \/><\/span><\/a><\/li><li class=\"image\"><a title=\"Mccloskey International_J40\" data-title=\"Mccloskey International_J40\" aria-label=\"Mccloskey International_J40\" href=\"https:\/\/centrocar.com\/portugal\/es\/produtos\/es-j40v2\/\" target=\"_self\"><span class=\"fusion-image-hover-element hover-type-none\"><img decoding=\"async\" src=\"http:\/\/centrocar.com\/portugal\/wp-content\/uploads\/sites\/2\/2023\/12\/Mccloskey-International_J40.jpg\" width=\"674\" height=\"432\" class=\"wp-image-8569\" srcset=\"https:\/\/centrocar.com\/portugal\/wp-content\/uploads\/sites\/2\/2023\/12\/Mccloskey-International_J40-200x128.jpg 200w, https:\/\/centrocar.com\/portugal\/wp-content\/uploads\/sites\/2\/2023\/12\/Mccloskey-International_J40-400x256.jpg 400w, https:\/\/centrocar.com\/portugal\/wp-content\/uploads\/sites\/2\/2023\/12\/Mccloskey-International_J40-600x385.jpg 600w, https:\/\/centrocar.com\/portugal\/wp-content\/uploads\/sites\/2\/2023\/12\/Mccloskey-International_J40.jpg 674w\" sizes=\"(max-width: 640px) 100vw, 600px\" \/><\/span><\/a><\/li><\/ul><\/div><\/div><\/div><\/div><\/div><\/div><div class=\"fusion-fullwidth fullwidth-box fusion-builder-row-2 fusion-flex-container has-pattern-background has-mask-background nonhundred-percent-fullwidth non-hundred-percent-height-scrolling\" style=\"--awb-border-radius-top-left:0px;--awb-border-radius-top-right:0px;--awb-border-radius-bottom-right:0px;--awb-border-radius-bottom-left:0px;--awb-padding-top:30px;--awb-padding-bottom:30px;--awb-background-color:var(--awb-color1);--awb-flex-wrap:wrap;\" ><div class=\"fusion-builder-row fusion-row fusion-flex-align-items-center fusion-flex-justify-content-center fusion-flex-content-wrap\" style=\"max-width:1318.4px;margin-left: calc(-3% \/ 2 );margin-right: calc(-3% \/ 2 );\"><div class=\"fusion-layout-column fusion_builder_column fusion-builder-column-3 fusion_builder_column_1_1 1_1 fusion-flex-column fusion-flex-align-self-center\" style=\"--awb-bg-size:cover;--awb-width-large:100%;--awb-margin-top-large:0px;--awb-spacing-right-large:1.455%;--awb-margin-bottom-large:20px;--awb-spacing-left-large:1.455%;--awb-width-medium:100%;--awb-order-medium:0;--awb-spacing-right-medium:1.455%;--awb-spacing-left-medium:1.455%;--awb-width-small:100%;--awb-order-small:0;--awb-spacing-right-small:1.455%;--awb-spacing-left-small:1.455%;\" data-scroll-devices=\"small-visibility,medium-visibility,large-visibility\"><div class=\"fusion-column-wrapper fusion-column-has-shadow fusion-flex-justify-content-center fusion-content-layout-column\"><div class=\"fusion-title title fusion-title-1 fusion-sep-none fusion-title-center fusion-title-text fusion-title-size-two\"><h2 class=\"fusion-title-heading title-heading-center\" style=\"margin:0;text-transform:uppercase;\">Amplia gama de equipos<\/h2><\/div><div class=\"fusion-text fusion-text-1\" style=\"--awb-content-alignment:center;--awb-text-transform:capitalize;--awb-text-font-family:var(--awb-typography4-font-family);--awb-text-font-weight:var(--awb-typography4-font-weight);--awb-text-font-style:var(--awb-typography4-font-style);\"><p>Dumpers Articulados, Excavadoras, Cargadoras, Cargadoras compactas, Martillos Hidr\u00e1ulicos, Pavimentadoras? \u00a1\u00a1\u00a1Tenemos todo el equipo!!!<\/p>\n<\/div><div class=\"fusion-post-cards fusion-post-cards-1 awb-carousel awb-swiper awb-swiper-carousel awb-swiper-dots-position-bottom\" style=\"--awb-column-spacing:10px;--awb-dots-align:center;--awb-active-filter-border-size:3px;--awb-filters-height:36px;\" data-autoplay=\"no\" data-autoplayspeed=\"2500\" data-autoplaypause=\"no\" data-loop=\"yes\" data-columns=\"4\" data-columnsmedium=\"0\" data-columnssmall=\"0\" data-itemmargin=\"10\" data-itemwidth=\"180\" data-touchscroll=\"no\" data-freemode=\"no\" data-imagesize=\"auto\" data-scrollitems=\"4\" data-mousepointer=\"default\" data-layout=\"carousel\" data-centeredslides=\"no\" data-shadow=\"no\" data-speed=\"500\" data-rotationangle=\"50\" data-depth=\"100\"><div class=\"swiper-wrapper fusion-flex-align-items-flex-start\"><div class=\"fusion_builder_column fusion-builder-column-4 fusion-flex-column post-card swiper-slide\" style=\"--awb-bg-blend:overlay;--awb-bg-size:cover;--awb-flex-grow:0;--awb-flex-shrink:0;--awb-flex-grow-medium:0;--awb-flex-shrink-medium:0;--awb-flex-grow-small:0;--awb-flex-shrink-small:0;\"><div class=\"fusion-column-wrapper fusion-flex-justify-content-flex-start fusion-content-layout-column fusion-carousel-item-wrapper\"><div class=\"fusion-image-element \" style=\"--awb-caption-overlay-color:var(--awb-color8);--awb-caption-title-font-family:var(--h6_typography-font-family);--awb-caption-title-font-weight:var(--h6_typography-font-weight);--awb-caption-title-font-style:var(--h6_typography-font-style);--awb-caption-title-size:11px;--awb-caption-title-transform:uppercase;--awb-caption-title-line-height:var(--h6_typography-line-height);--awb-caption-title-letter-spacing:var(--h6_typography-letter-spacing);\"><span class=\" fusion-imageframe imageframe-none imageframe-1 awb-imageframe-style awb-imageframe-style-schantel\"><a class=\"fusion-no-lightbox\" href=\"https:\/\/centrocar.com\/portugal\/es\/type\/es-excavadoras-de-ruedas\/\" target=\"_self\" aria-label=\"home_escavadoras de rodas\"><img decoding=\"async\" width=\"809\" height=\"550\" src=\"https:\/\/centrocar.com\/portugal\/wp-content\/uploads\/sites\/2\/2023\/12\/home_escavadoras-de-rodas.jpg\" alt class=\"img-responsive wp-image-8624\" srcset=\"https:\/\/centrocar.com\/portugal\/wp-content\/uploads\/sites\/2\/2023\/12\/home_escavadoras-de-rodas-200x136.jpg 200w, https:\/\/centrocar.com\/portugal\/wp-content\/uploads\/sites\/2\/2023\/12\/home_escavadoras-de-rodas-400x272.jpg 400w, https:\/\/centrocar.com\/portugal\/wp-content\/uploads\/sites\/2\/2023\/12\/home_escavadoras-de-rodas-600x408.jpg 600w, https:\/\/centrocar.com\/portugal\/wp-content\/uploads\/sites\/2\/2023\/12\/home_escavadoras-de-rodas-800x544.jpg 800w, https:\/\/centrocar.com\/portugal\/wp-content\/uploads\/sites\/2\/2023\/12\/home_escavadoras-de-rodas.jpg 809w\" sizes=\"(max-width: 640px) 100vw, 809px\" \/><div class=\"awb-imageframe-caption-container\"><div class=\"awb-imageframe-caption\"><h6 class=\"awb-imageframe-caption-title\">Excavadoras de Ruedas<\/h6><\/div><\/div><\/a><\/span><\/div><\/div><\/div>\n<div class=\"fusion_builder_column fusion-builder-column-5 fusion-flex-column post-card swiper-slide\" style=\"--awb-bg-blend:overlay;--awb-bg-size:cover;--awb-flex-grow:0;--awb-flex-shrink:0;--awb-flex-grow-medium:0;--awb-flex-shrink-medium:0;--awb-flex-grow-small:0;--awb-flex-shrink-small:0;\"><div class=\"fusion-column-wrapper fusion-flex-justify-content-flex-start fusion-content-layout-column fusion-carousel-item-wrapper\"><div class=\"fusion-image-element \" style=\"--awb-caption-overlay-color:var(--awb-color8);--awb-caption-title-font-family:var(--h6_typography-font-family);--awb-caption-title-font-weight:var(--h6_typography-font-weight);--awb-caption-title-font-style:var(--h6_typography-font-style);--awb-caption-title-size:11px;--awb-caption-title-transform:uppercase;--awb-caption-title-line-height:var(--h6_typography-line-height);--awb-caption-title-letter-spacing:var(--h6_typography-letter-spacing);\"><span class=\" fusion-imageframe imageframe-none imageframe-2 awb-imageframe-style awb-imageframe-style-schantel\"><a class=\"fusion-no-lightbox\" href=\"https:\/\/centrocar.com\/portugal\/es\/type\/es-excavadoras-de-orugas\/\" target=\"_self\" aria-label=\"home_escavadoras de rastos\"><img decoding=\"async\" width=\"809\" height=\"550\" src=\"https:\/\/centrocar.com\/portugal\/wp-content\/uploads\/sites\/2\/2023\/12\/home_escavadoras-de-rastos.jpg\" alt class=\"img-responsive wp-image-8623\" srcset=\"https:\/\/centrocar.com\/portugal\/wp-content\/uploads\/sites\/2\/2023\/12\/home_escavadoras-de-rastos-200x136.jpg 200w, https:\/\/centrocar.com\/portugal\/wp-content\/uploads\/sites\/2\/2023\/12\/home_escavadoras-de-rastos-400x272.jpg 400w, https:\/\/centrocar.com\/portugal\/wp-content\/uploads\/sites\/2\/2023\/12\/home_escavadoras-de-rastos-600x408.jpg 600w, https:\/\/centrocar.com\/portugal\/wp-content\/uploads\/sites\/2\/2023\/12\/home_escavadoras-de-rastos-800x544.jpg 800w, https:\/\/centrocar.com\/portugal\/wp-content\/uploads\/sites\/2\/2023\/12\/home_escavadoras-de-rastos.jpg 809w\" sizes=\"(max-width: 640px) 100vw, 809px\" \/><div class=\"awb-imageframe-caption-container\"><div class=\"awb-imageframe-caption\"><h6 class=\"awb-imageframe-caption-title\">Excavadoras de Orugas<\/h6><\/div><\/div><\/a><\/span><\/div><\/div><\/div>\n<div class=\"fusion_builder_column fusion-builder-column-6 fusion-flex-column post-card swiper-slide\" style=\"--awb-bg-blend:overlay;--awb-bg-size:cover;--awb-flex-grow:0;--awb-flex-shrink:0;--awb-flex-grow-medium:0;--awb-flex-shrink-medium:0;--awb-flex-grow-small:0;--awb-flex-shrink-small:0;\"><div class=\"fusion-column-wrapper fusion-flex-justify-content-flex-start fusion-content-layout-column fusion-carousel-item-wrapper\"><div class=\"fusion-image-element \" style=\"--awb-caption-overlay-color:var(--awb-color8);--awb-caption-title-font-family:var(--h6_typography-font-family);--awb-caption-title-font-weight:var(--h6_typography-font-weight);--awb-caption-title-font-style:var(--h6_typography-font-style);--awb-caption-title-size:11px;--awb-caption-title-transform:uppercase;--awb-caption-title-line-height:var(--h6_typography-line-height);--awb-caption-title-letter-spacing:var(--h6_typography-letter-spacing);\"><span class=\" fusion-imageframe imageframe-none imageframe-3 awb-imageframe-style awb-imageframe-style-schantel\"><a class=\"fusion-no-lightbox\" href=\"https:\/\/centrocar.com\/portugal\/es\/type\/es-dumperes-articulados\/\" target=\"_self\" aria-label=\"home_dumpers\"><img decoding=\"async\" width=\"809\" height=\"550\" src=\"https:\/\/centrocar.com\/portugal\/wp-content\/uploads\/sites\/2\/2023\/12\/home_dumpers.jpg\" alt class=\"img-responsive wp-image-8622\" srcset=\"https:\/\/centrocar.com\/portugal\/wp-content\/uploads\/sites\/2\/2023\/12\/home_dumpers-200x136.jpg 200w, https:\/\/centrocar.com\/portugal\/wp-content\/uploads\/sites\/2\/2023\/12\/home_dumpers-400x272.jpg 400w, https:\/\/centrocar.com\/portugal\/wp-content\/uploads\/sites\/2\/2023\/12\/home_dumpers-600x408.jpg 600w, https:\/\/centrocar.com\/portugal\/wp-content\/uploads\/sites\/2\/2023\/12\/home_dumpers-800x544.jpg 800w, https:\/\/centrocar.com\/portugal\/wp-content\/uploads\/sites\/2\/2023\/12\/home_dumpers.jpg 809w\" sizes=\"(max-width: 640px) 100vw, 809px\" \/><div class=\"awb-imageframe-caption-container\"><div class=\"awb-imageframe-caption\"><h6 class=\"awb-imageframe-caption-title\">D\u00famperes Articulados<\/h6><\/div><\/div><\/a><\/span><\/div><\/div><\/div>\n<div class=\"fusion_builder_column fusion-builder-column-7 fusion-flex-column post-card swiper-slide\" style=\"--awb-bg-blend:overlay;--awb-bg-size:cover;--awb-flex-grow:0;--awb-flex-shrink:0;--awb-flex-grow-medium:0;--awb-flex-shrink-medium:0;--awb-flex-grow-small:0;--awb-flex-shrink-small:0;\"><div class=\"fusion-column-wrapper fusion-flex-justify-content-flex-start fusion-content-layout-column fusion-carousel-item-wrapper\"><div class=\"fusion-image-element \" style=\"--awb-caption-overlay-color:var(--awb-color8);--awb-caption-title-font-family:var(--h6_typography-font-family);--awb-caption-title-font-weight:var(--h6_typography-font-weight);--awb-caption-title-font-style:var(--h6_typography-font-style);--awb-caption-title-size:11px;--awb-caption-title-transform:uppercase;--awb-caption-title-line-height:var(--h6_typography-line-height);--awb-caption-title-letter-spacing:var(--h6_typography-letter-spacing);\"><span class=\" fusion-imageframe imageframe-none imageframe-4 awb-imageframe-style awb-imageframe-style-schantel\"><a class=\"fusion-no-lightbox\" href=\"https:\/\/centrocar.com\/portugal\/es\/type\/es-cargadoras-de-ruedas\/\" target=\"_self\" aria-label=\"home_pas carregadoras\"><img decoding=\"async\" width=\"809\" height=\"550\" src=\"https:\/\/centrocar.com\/portugal\/wp-content\/uploads\/sites\/2\/2023\/12\/home_pas-carregadoras.jpg\" alt class=\"img-responsive wp-image-8626\" srcset=\"https:\/\/centrocar.com\/portugal\/wp-content\/uploads\/sites\/2\/2023\/12\/home_pas-carregadoras-200x136.jpg 200w, https:\/\/centrocar.com\/portugal\/wp-content\/uploads\/sites\/2\/2023\/12\/home_pas-carregadoras-400x272.jpg 400w, https:\/\/centrocar.com\/portugal\/wp-content\/uploads\/sites\/2\/2023\/12\/home_pas-carregadoras-600x408.jpg 600w, https:\/\/centrocar.com\/portugal\/wp-content\/uploads\/sites\/2\/2023\/12\/home_pas-carregadoras-800x544.jpg 800w, https:\/\/centrocar.com\/portugal\/wp-content\/uploads\/sites\/2\/2023\/12\/home_pas-carregadoras.jpg 809w\" sizes=\"(max-width: 640px) 100vw, 809px\" \/><div class=\"awb-imageframe-caption-container\"><div class=\"awb-imageframe-caption\"><h6 class=\"awb-imageframe-caption-title\">Cargadoras de Ruedas<\/h6><\/div><\/div><\/a><\/span><\/div><\/div><\/div>\n<\/div><div class=\"awb-swiper-button awb-swiper-button-prev\"><i class=\"awb-icon-angle-left\" aria-hidden=\"true\"><\/i><\/div><div class=\"awb-swiper-button awb-swiper-button-next\"><i class=\"awb-icon-angle-right\" aria-hidden=\"true\"><\/i><\/div><\/div><div class=\"fusion-post-cards fusion-post-cards-2 awb-carousel awb-swiper awb-swiper-carousel awb-swiper-dots-position-bottom\" style=\"--awb-column-spacing:10px;--awb-dots-align:center;--awb-columns:5;--awb-active-filter-border-size:3px;--awb-filters-height:36px;\" data-autoplay=\"yes\" data-autoplayspeed=\"2500\" data-autoplaypause=\"no\" data-loop=\"yes\" data-columns=\"5\" data-columnsmedium=\"0\" data-columnssmall=\"0\" data-itemmargin=\"10\" data-itemwidth=\"180\" data-touchscroll=\"drag\" data-freemode=\"no\" data-imagesize=\"auto\" data-scrollitems=\"5\" data-mousepointer=\"default\" data-layout=\"carousel\" data-centeredslides=\"no\" data-shadow=\"no\" data-speed=\"500\" data-rotationangle=\"50\" data-depth=\"100\"><div class=\"swiper-wrapper fusion-flex-align-items-center\"><div class=\"fusion_builder_column fusion-builder-column-8 fusion-flex-column post-card swiper-slide\" style=\"--awb-bg-blend:overlay;--awb-bg-size:cover;--awb-flex-grow:0;--awb-flex-shrink:0;--awb-flex-grow-medium:0;--awb-flex-shrink-medium:0;--awb-flex-grow-small:0;--awb-flex-shrink-small:0;\"><div class=\"fusion-column-wrapper fusion-flex-justify-content-flex-start fusion-content-layout-column fusion-carousel-item-wrapper\"><div class=\"fusion-image-element \" style=\"--awb-caption-overlay-color:var(--awb-color8);--awb-caption-title-font-family:var(--h6_typography-font-family);--awb-caption-title-font-weight:var(--h6_typography-font-weight);--awb-caption-title-font-style:var(--h6_typography-font-style);--awb-caption-title-size:11px;--awb-caption-title-transform:uppercase;--awb-caption-title-line-height:var(--h6_typography-line-height);--awb-caption-title-letter-spacing:var(--h6_typography-letter-spacing);\"><span class=\" fusion-imageframe imageframe-none imageframe-5 awb-imageframe-style awb-imageframe-style-schantel\"><a class=\"fusion-no-lightbox\" href=\"https:\/\/centrocar.com\/portugal\/en\/type\/en-wheel-loaders\/\" target=\"_self\" aria-label=\"home_pas carregadoras\"><img decoding=\"async\" width=\"809\" height=\"550\" src=\"https:\/\/centrocar.com\/portugal\/wp-content\/uploads\/sites\/2\/2023\/12\/home_pas-carregadoras.jpg\" alt class=\"img-responsive wp-image-8626\" srcset=\"https:\/\/centrocar.com\/portugal\/wp-content\/uploads\/sites\/2\/2023\/12\/home_pas-carregadoras-200x136.jpg 200w, https:\/\/centrocar.com\/portugal\/wp-content\/uploads\/sites\/2\/2023\/12\/home_pas-carregadoras-400x272.jpg 400w, https:\/\/centrocar.com\/portugal\/wp-content\/uploads\/sites\/2\/2023\/12\/home_pas-carregadoras-600x408.jpg 600w, https:\/\/centrocar.com\/portugal\/wp-content\/uploads\/sites\/2\/2023\/12\/home_pas-carregadoras-800x544.jpg 800w, https:\/\/centrocar.com\/portugal\/wp-content\/uploads\/sites\/2\/2023\/12\/home_pas-carregadoras.jpg 809w\" sizes=\"(max-width: 640px) 100vw, 809px\" \/><div class=\"awb-imageframe-caption-container\"><div class=\"awb-imageframe-caption\"><h6 class=\"awb-imageframe-caption-title\">Wheel Loaders<\/h6><\/div><\/div><\/a><\/span><\/div><\/div><\/div>\n<div class=\"fusion_builder_column fusion-builder-column-9 fusion-flex-column post-card swiper-slide\" style=\"--awb-bg-blend:overlay;--awb-bg-size:cover;--awb-flex-grow:0;--awb-flex-shrink:0;--awb-flex-grow-medium:0;--awb-flex-shrink-medium:0;--awb-flex-grow-small:0;--awb-flex-shrink-small:0;\"><div class=\"fusion-column-wrapper fusion-flex-justify-content-flex-start fusion-content-layout-column fusion-carousel-item-wrapper\"><div class=\"fusion-image-element \" style=\"--awb-caption-overlay-color:var(--awb-color8);--awb-caption-title-font-family:var(--h6_typography-font-family);--awb-caption-title-font-weight:var(--h6_typography-font-weight);--awb-caption-title-font-style:var(--h6_typography-font-style);--awb-caption-title-size:11px;--awb-caption-title-transform:uppercase;--awb-caption-title-line-height:var(--h6_typography-line-height);--awb-caption-title-letter-spacing:var(--h6_typography-letter-spacing);\"><span class=\" fusion-imageframe imageframe-none imageframe-6 awb-imageframe-style awb-imageframe-style-schantel\"><a class=\"fusion-no-lightbox\" href=\"https:\/\/centrocar.com\/portugal\/en\/type\/en-wheel-excavators\/\" target=\"_self\" aria-label=\"home_escavadoras de rodas\"><img decoding=\"async\" width=\"809\" height=\"550\" src=\"https:\/\/centrocar.com\/portugal\/wp-content\/uploads\/sites\/2\/2023\/12\/home_escavadoras-de-rodas.jpg\" alt class=\"img-responsive wp-image-8624\" srcset=\"https:\/\/centrocar.com\/portugal\/wp-content\/uploads\/sites\/2\/2023\/12\/home_escavadoras-de-rodas-200x136.jpg 200w, https:\/\/centrocar.com\/portugal\/wp-content\/uploads\/sites\/2\/2023\/12\/home_escavadoras-de-rodas-400x272.jpg 400w, https:\/\/centrocar.com\/portugal\/wp-content\/uploads\/sites\/2\/2023\/12\/home_escavadoras-de-rodas-600x408.jpg 600w, https:\/\/centrocar.com\/portugal\/wp-content\/uploads\/sites\/2\/2023\/12\/home_escavadoras-de-rodas-800x544.jpg 800w, https:\/\/centrocar.com\/portugal\/wp-content\/uploads\/sites\/2\/2023\/12\/home_escavadoras-de-rodas.jpg 809w\" sizes=\"(max-width: 640px) 100vw, 809px\" \/><div class=\"awb-imageframe-caption-container\"><div class=\"awb-imageframe-caption\"><h6 class=\"awb-imageframe-caption-title\">Wheel Excavators<\/h6><\/div><\/div><\/a><\/span><\/div><\/div><\/div>\n<div class=\"fusion_builder_column fusion-builder-column-10 fusion-flex-column post-card swiper-slide\" style=\"--awb-bg-blend:overlay;--awb-bg-size:cover;--awb-flex-grow:0;--awb-flex-shrink:0;--awb-flex-grow-medium:0;--awb-flex-shrink-medium:0;--awb-flex-grow-small:0;--awb-flex-shrink-small:0;\"><div class=\"fusion-column-wrapper fusion-flex-justify-content-flex-start fusion-content-layout-column fusion-carousel-item-wrapper\"><div class=\"fusion-image-element \" style=\"--awb-caption-overlay-color:var(--awb-color8);--awb-caption-title-font-family:var(--h6_typography-font-family);--awb-caption-title-font-weight:var(--h6_typography-font-weight);--awb-caption-title-font-style:var(--h6_typography-font-style);--awb-caption-title-size:11px;--awb-caption-title-transform:uppercase;--awb-caption-title-line-height:var(--h6_typography-line-height);--awb-caption-title-letter-spacing:var(--h6_typography-letter-spacing);\"><span class=\" fusion-imageframe imageframe-none imageframe-7 awb-imageframe-style awb-imageframe-style-schantel\"><a class=\"fusion-no-lightbox\" href=\"https:\/\/centrocar.com\/portugal\/en\/type\/en-washing-equipment\/\" target=\"_self\"><img decoding=\"async\" src=\"http:\/\/centrocar.com\/portugal\/wp-content\/uploads\/sites\/2\/2023\/10\/Equipamentos-de-lavagem.jpg\" alt class=\"img-responsive\"\/><div class=\"awb-imageframe-caption-container\"><div class=\"awb-imageframe-caption\"><h6 class=\"awb-imageframe-caption-title\">Washing Equipment<\/h6><\/div><\/div><\/a><\/span><\/div><\/div><\/div>\n<div class=\"fusion_builder_column fusion-builder-column-11 fusion-flex-column post-card swiper-slide\" style=\"--awb-bg-blend:overlay;--awb-bg-size:cover;--awb-flex-grow:0;--awb-flex-shrink:0;--awb-flex-grow-medium:0;--awb-flex-shrink-medium:0;--awb-flex-grow-small:0;--awb-flex-shrink-small:0;\"><div class=\"fusion-column-wrapper fusion-flex-justify-content-flex-start fusion-content-layout-column fusion-carousel-item-wrapper\"><\/div><\/div>\n<div class=\"fusion_builder_column fusion-builder-column-12 fusion-flex-column post-card swiper-slide\" style=\"--awb-bg-blend:overlay;--awb-bg-size:cover;--awb-flex-grow:0;--awb-flex-shrink:0;--awb-flex-grow-medium:0;--awb-flex-shrink-medium:0;--awb-flex-grow-small:0;--awb-flex-shrink-small:0;\"><div class=\"fusion-column-wrapper fusion-flex-justify-content-flex-start fusion-content-layout-column fusion-carousel-item-wrapper\"><div class=\"fusion-image-element \" style=\"--awb-caption-overlay-color:var(--awb-color8);--awb-caption-title-font-family:var(--h6_typography-font-family);--awb-caption-title-font-weight:var(--h6_typography-font-weight);--awb-caption-title-font-style:var(--h6_typography-font-style);--awb-caption-title-size:11px;--awb-caption-title-transform:uppercase;--awb-caption-title-line-height:var(--h6_typography-line-height);--awb-caption-title-letter-spacing:var(--h6_typography-letter-spacing);\"><span class=\" fusion-imageframe imageframe-none imageframe-9 awb-imageframe-style awb-imageframe-style-schantel\"><a class=\"fusion-no-lightbox\" href=\"https:\/\/centrocar.com\/portugal\/en\/type\/turf-renovation\/\" target=\"_self\" aria-label=\"renovacao relva\"><img decoding=\"async\" width=\"809\" height=\"550\" src=\"https:\/\/centrocar.com\/portugal\/wp-content\/uploads\/sites\/2\/2024\/06\/renovacao-relva.jpg\" alt class=\"img-responsive wp-image-9555\" srcset=\"https:\/\/centrocar.com\/portugal\/wp-content\/uploads\/sites\/2\/2024\/06\/renovacao-relva-200x136.jpg 200w, https:\/\/centrocar.com\/portugal\/wp-content\/uploads\/sites\/2\/2024\/06\/renovacao-relva-400x272.jpg 400w, https:\/\/centrocar.com\/portugal\/wp-content\/uploads\/sites\/2\/2024\/06\/renovacao-relva-600x408.jpg 600w, https:\/\/centrocar.com\/portugal\/wp-content\/uploads\/sites\/2\/2024\/06\/renovacao-relva-800x544.jpg 800w, https:\/\/centrocar.com\/portugal\/wp-content\/uploads\/sites\/2\/2024\/06\/renovacao-relva.jpg 809w\" sizes=\"(max-width: 640px) 100vw, 809px\" \/><div class=\"awb-imageframe-caption-container\"><div class=\"awb-imageframe-caption\"><h6 class=\"awb-imageframe-caption-title\">Turf Renovation<\/h6><\/div><\/div><\/a><\/span><\/div><\/div><\/div>\n<div class=\"fusion_builder_column fusion-builder-column-13 fusion-flex-column post-card swiper-slide\" style=\"--awb-bg-blend:overlay;--awb-bg-size:cover;--awb-flex-grow:0;--awb-flex-shrink:0;--awb-flex-grow-medium:0;--awb-flex-shrink-medium:0;--awb-flex-grow-small:0;--awb-flex-shrink-small:0;\"><div class=\"fusion-column-wrapper fusion-flex-justify-content-flex-start fusion-content-layout-column fusion-carousel-item-wrapper\"><div class=\"fusion-image-element \" style=\"--awb-caption-overlay-color:var(--awb-color8);--awb-caption-title-font-family:var(--h6_typography-font-family);--awb-caption-title-font-weight:var(--h6_typography-font-weight);--awb-caption-title-font-style:var(--h6_typography-font-style);--awb-caption-title-size:11px;--awb-caption-title-transform:uppercase;--awb-caption-title-line-height:var(--h6_typography-line-height);--awb-caption-title-letter-spacing:var(--h6_typography-letter-spacing);\"><span class=\" fusion-imageframe imageframe-none imageframe-10 awb-imageframe-style awb-imageframe-style-schantel\"><a class=\"fusion-no-lightbox\" href=\"https:\/\/centrocar.com\/portugal\/en\/type\/en-trommels\/\" target=\"_self\"><img decoding=\"async\" src=\"http:\/\/centrocar.com\/portugal\/wp-content\/uploads\/sites\/2\/2023\/10\/Trommels.jpg\" alt class=\"img-responsive\"\/><div class=\"awb-imageframe-caption-container\"><div class=\"awb-imageframe-caption\"><h6 class=\"awb-imageframe-caption-title\">Trommels<\/h6><\/div><\/div><\/a><\/span><\/div><\/div><\/div>\n<div class=\"fusion_builder_column fusion-builder-column-14 fusion-flex-column post-card swiper-slide\" style=\"--awb-bg-blend:overlay;--awb-bg-size:cover;--awb-flex-grow:0;--awb-flex-shrink:0;--awb-flex-grow-medium:0;--awb-flex-shrink-medium:0;--awb-flex-grow-small:0;--awb-flex-shrink-small:0;\"><div class=\"fusion-column-wrapper fusion-flex-justify-content-flex-start fusion-content-layout-column fusion-carousel-item-wrapper\"><div class=\"fusion-image-element \" style=\"--awb-caption-overlay-color:var(--awb-color8);--awb-caption-title-font-family:var(--h6_typography-font-family);--awb-caption-title-font-weight:var(--h6_typography-font-weight);--awb-caption-title-font-style:var(--h6_typography-font-style);--awb-caption-title-size:11px;--awb-caption-title-transform:uppercase;--awb-caption-title-line-height:var(--h6_typography-line-height);--awb-caption-title-letter-spacing:var(--h6_typography-letter-spacing);\"><span class=\" fusion-imageframe imageframe-none imageframe-11 awb-imageframe-style awb-imageframe-style-schantel\"><a class=\"fusion-no-lightbox\" href=\"https:\/\/centrocar.com\/portugal\/type\/pt-trommels\/\" target=\"_self\"><img decoding=\"async\" src=\"http:\/\/centrocar.com\/portugal\/wp-content\/uploads\/sites\/2\/2023\/10\/Trommels.jpg\" alt class=\"img-responsive\"\/><div class=\"awb-imageframe-caption-container\"><div class=\"awb-imageframe-caption\"><h6 class=\"awb-imageframe-caption-title\">Trommels<\/h6><\/div><\/div><\/a><\/span><\/div><\/div><\/div>\n<div class=\"fusion_builder_column fusion-builder-column-15 fusion-flex-column post-card swiper-slide\" style=\"--awb-bg-blend:overlay;--awb-bg-size:cover;--awb-flex-grow:0;--awb-flex-shrink:0;--awb-flex-grow-medium:0;--awb-flex-shrink-medium:0;--awb-flex-grow-small:0;--awb-flex-shrink-small:0;\"><div class=\"fusion-column-wrapper fusion-flex-justify-content-flex-start fusion-content-layout-column fusion-carousel-item-wrapper\"><div class=\"fusion-image-element \" style=\"--awb-caption-overlay-color:var(--awb-color8);--awb-caption-title-font-family:var(--h6_typography-font-family);--awb-caption-title-font-weight:var(--h6_typography-font-weight);--awb-caption-title-font-style:var(--h6_typography-font-style);--awb-caption-title-size:11px;--awb-caption-title-transform:uppercase;--awb-caption-title-line-height:var(--h6_typography-line-height);--awb-caption-title-letter-spacing:var(--h6_typography-letter-spacing);\"><span class=\" fusion-imageframe imageframe-none imageframe-12 awb-imageframe-style awb-imageframe-style-schantel\"><a class=\"fusion-no-lightbox\" href=\"https:\/\/centrocar.com\/portugal\/es\/type\/es-trommel\/\" target=\"_self\"><img decoding=\"async\" src=\"http:\/\/centrocar.com\/portugal\/wp-content\/uploads\/sites\/2\/2023\/10\/Trommels.jpg\" alt class=\"img-responsive\"\/><div class=\"awb-imageframe-caption-container\"><div class=\"awb-imageframe-caption\"><h6 class=\"awb-imageframe-caption-title\">Trommel<\/h6><\/div><\/div><\/a><\/span><\/div><\/div><\/div>\n<div class=\"fusion_builder_column fusion-builder-column-16 fusion-flex-column post-card swiper-slide\" style=\"--awb-bg-blend:overlay;--awb-bg-size:cover;--awb-flex-grow:0;--awb-flex-shrink:0;--awb-flex-grow-medium:0;--awb-flex-shrink-medium:0;--awb-flex-grow-small:0;--awb-flex-shrink-small:0;\"><div class=\"fusion-column-wrapper fusion-flex-justify-content-flex-start fusion-content-layout-column fusion-carousel-item-wrapper\"><div class=\"fusion-image-element \" style=\"--awb-caption-overlay-color:var(--awb-color8);--awb-caption-title-font-family:var(--h6_typography-font-family);--awb-caption-title-font-weight:var(--h6_typography-font-weight);--awb-caption-title-font-style:var(--h6_typography-font-style);--awb-caption-title-size:11px;--awb-caption-title-transform:uppercase;--awb-caption-title-line-height:var(--h6_typography-line-height);--awb-caption-title-letter-spacing:var(--h6_typography-letter-spacing);\"><span class=\" fusion-imageframe imageframe-none imageframe-13 awb-imageframe-style awb-imageframe-style-schantel\"><a class=\"fusion-no-lightbox\" href=\"https:\/\/centrocar.com\/portugal\/type\/pt-trituradores\/\" target=\"_self\"><img decoding=\"async\" src=\"http:\/\/centrocar.com\/portugal\/wp-content\/uploads\/sites\/2\/2023\/10\/Trituradores.jpg\" alt class=\"img-responsive\"\/><div class=\"awb-imageframe-caption-container\"><div class=\"awb-imageframe-caption\"><h6 class=\"awb-imageframe-caption-title\">Trituradores<\/h6><\/div><\/div><\/a><\/span><\/div><\/div><\/div>\n<div class=\"fusion_builder_column fusion-builder-column-17 fusion-flex-column post-card swiper-slide\" style=\"--awb-bg-blend:overlay;--awb-bg-size:cover;--awb-flex-grow:0;--awb-flex-shrink:0;--awb-flex-grow-medium:0;--awb-flex-shrink-medium:0;--awb-flex-grow-small:0;--awb-flex-shrink-small:0;\"><div class=\"fusion-column-wrapper fusion-flex-justify-content-flex-start fusion-content-layout-column fusion-carousel-item-wrapper\"><div class=\"fusion-image-element \" style=\"--awb-caption-overlay-color:var(--awb-color8);--awb-caption-title-font-family:var(--h6_typography-font-family);--awb-caption-title-font-weight:var(--h6_typography-font-weight);--awb-caption-title-font-style:var(--h6_typography-font-style);--awb-caption-title-size:11px;--awb-caption-title-transform:uppercase;--awb-caption-title-line-height:var(--h6_typography-line-height);--awb-caption-title-letter-spacing:var(--h6_typography-letter-spacing);\"><span class=\" fusion-imageframe imageframe-none imageframe-14 awb-imageframe-style awb-imageframe-style-schantel\"><a class=\"fusion-no-lightbox\" href=\"https:\/\/centrocar.com\/portugal\/es\/type\/es-trituradoras\/\" target=\"_self\"><img decoding=\"async\" src=\"http:\/\/centrocar.com\/portugal\/wp-content\/uploads\/sites\/2\/2023\/10\/Trituradores.jpg\" alt class=\"img-responsive\"\/><div class=\"awb-imageframe-caption-container\"><div class=\"awb-imageframe-caption\"><h6 class=\"awb-imageframe-caption-title\">Trituradoras<\/h6><\/div><\/div><\/a><\/span><\/div><\/div><\/div>\n<div class=\"fusion_builder_column fusion-builder-column-18 fusion-flex-column post-card swiper-slide\" style=\"--awb-bg-blend:overlay;--awb-bg-size:cover;--awb-flex-grow:0;--awb-flex-shrink:0;--awb-flex-grow-medium:0;--awb-flex-shrink-medium:0;--awb-flex-grow-small:0;--awb-flex-shrink-small:0;\"><div class=\"fusion-column-wrapper fusion-flex-justify-content-flex-start fusion-content-layout-column fusion-carousel-item-wrapper\"><\/div><\/div>\n<div class=\"fusion_builder_column fusion-builder-column-19 fusion-flex-column post-card swiper-slide\" style=\"--awb-bg-blend:overlay;--awb-bg-size:cover;--awb-flex-grow:0;--awb-flex-shrink:0;--awb-flex-grow-medium:0;--awb-flex-shrink-medium:0;--awb-flex-grow-small:0;--awb-flex-shrink-small:0;\"><div class=\"fusion-column-wrapper fusion-flex-justify-content-flex-start fusion-content-layout-column fusion-carousel-item-wrapper\"><\/div><\/div>\n<div class=\"fusion_builder_column fusion-builder-column-20 fusion-flex-column post-card swiper-slide\" style=\"--awb-bg-blend:overlay;--awb-bg-size:cover;--awb-flex-grow:0;--awb-flex-shrink:0;--awb-flex-grow-medium:0;--awb-flex-shrink-medium:0;--awb-flex-grow-small:0;--awb-flex-shrink-small:0;\"><div class=\"fusion-column-wrapper fusion-flex-justify-content-flex-start fusion-content-layout-column fusion-carousel-item-wrapper\"><div class=\"fusion-image-element \" style=\"--awb-caption-overlay-color:var(--awb-color8);--awb-caption-title-font-family:var(--h6_typography-font-family);--awb-caption-title-font-weight:var(--h6_typography-font-weight);--awb-caption-title-font-style:var(--h6_typography-font-style);--awb-caption-title-size:11px;--awb-caption-title-transform:uppercase;--awb-caption-title-line-height:var(--h6_typography-line-height);--awb-caption-title-letter-spacing:var(--h6_typography-letter-spacing);\"><span class=\" fusion-imageframe imageframe-none imageframe-17 awb-imageframe-style awb-imageframe-style-schantel\"><a class=\"fusion-no-lightbox\" href=\"https:\/\/centrocar.com\/portugal\/type\/pt-tratores-compactos\/\" target=\"_self\" aria-label=\"CT2540\"><img decoding=\"async\" width=\"809\" height=\"550\" src=\"https:\/\/centrocar.com\/portugal\/wp-content\/uploads\/sites\/2\/2024\/06\/CT2540.jpg\" alt class=\"img-responsive wp-image-9310\" srcset=\"https:\/\/centrocar.com\/portugal\/wp-content\/uploads\/sites\/2\/2024\/06\/CT2540-200x136.jpg 200w, https:\/\/centrocar.com\/portugal\/wp-content\/uploads\/sites\/2\/2024\/06\/CT2540-400x272.jpg 400w, https:\/\/centrocar.com\/portugal\/wp-content\/uploads\/sites\/2\/2024\/06\/CT2540-600x408.jpg 600w, https:\/\/centrocar.com\/portugal\/wp-content\/uploads\/sites\/2\/2024\/06\/CT2540-800x544.jpg 800w, https:\/\/centrocar.com\/portugal\/wp-content\/uploads\/sites\/2\/2024\/06\/CT2540.jpg 809w\" sizes=\"(max-width: 640px) 100vw, 809px\" \/><div class=\"awb-imageframe-caption-container\"><div class=\"awb-imageframe-caption\"><h6 class=\"awb-imageframe-caption-title\">Tratores Compactos<\/h6><\/div><\/div><\/a><\/span><\/div><\/div><\/div>\n<div class=\"fusion_builder_column fusion-builder-column-21 fusion-flex-column post-card swiper-slide\" style=\"--awb-bg-blend:overlay;--awb-bg-size:cover;--awb-flex-grow:0;--awb-flex-shrink:0;--awb-flex-grow-medium:0;--awb-flex-shrink-medium:0;--awb-flex-grow-small:0;--awb-flex-shrink-small:0;\"><div class=\"fusion-column-wrapper fusion-flex-justify-content-flex-start fusion-content-layout-column fusion-carousel-item-wrapper\"><div class=\"fusion-image-element \" style=\"--awb-caption-overlay-color:var(--awb-color8);--awb-caption-title-font-family:var(--h6_typography-font-family);--awb-caption-title-font-weight:var(--h6_typography-font-weight);--awb-caption-title-font-style:var(--h6_typography-font-style);--awb-caption-title-size:11px;--awb-caption-title-transform:uppercase;--awb-caption-title-line-height:var(--h6_typography-line-height);--awb-caption-title-letter-spacing:var(--h6_typography-letter-spacing);\"><span class=\" fusion-imageframe imageframe-none imageframe-18 awb-imageframe-style awb-imageframe-style-schantel\"><a class=\"fusion-no-lightbox\" href=\"https:\/\/centrocar.com\/portugal\/type\/pt-transportadores\/\" target=\"_self\"><img decoding=\"async\" src=\"http:\/\/centrocar.com\/portugal\/wp-content\/uploads\/sites\/2\/2023\/10\/Transportadores.jpg\" alt class=\"img-responsive\"\/><div class=\"awb-imageframe-caption-container\"><div class=\"awb-imageframe-caption\"><h6 class=\"awb-imageframe-caption-title\">Transportadores<\/h6><\/div><\/div><\/a><\/span><\/div><\/div><\/div>\n<div class=\"fusion_builder_column fusion-builder-column-22 fusion-flex-column post-card swiper-slide\" style=\"--awb-bg-blend:overlay;--awb-bg-size:cover;--awb-flex-grow:0;--awb-flex-shrink:0;--awb-flex-grow-medium:0;--awb-flex-shrink-medium:0;--awb-flex-grow-small:0;--awb-flex-shrink-small:0;\"><div class=\"fusion-column-wrapper fusion-flex-justify-content-flex-start fusion-content-layout-column fusion-carousel-item-wrapper\"><div class=\"fusion-image-element \" style=\"--awb-caption-overlay-color:var(--awb-color8);--awb-caption-title-font-family:var(--h6_typography-font-family);--awb-caption-title-font-weight:var(--h6_typography-font-weight);--awb-caption-title-font-style:var(--h6_typography-font-style);--awb-caption-title-size:11px;--awb-caption-title-transform:uppercase;--awb-caption-title-line-height:var(--h6_typography-line-height);--awb-caption-title-letter-spacing:var(--h6_typography-letter-spacing);\"><span class=\" fusion-imageframe imageframe-none imageframe-19 awb-imageframe-style awb-imageframe-style-schantel\"><a class=\"fusion-no-lightbox\" href=\"https:\/\/centrocar.com\/portugal\/es\/type\/es-transportador\/\" target=\"_self\"><img decoding=\"async\" src=\"http:\/\/centrocar.com\/portugal\/wp-content\/uploads\/sites\/2\/2023\/10\/Transportadores.jpg\" alt class=\"img-responsive\"\/><div class=\"awb-imageframe-caption-container\"><div class=\"awb-imageframe-caption\"><h6 class=\"awb-imageframe-caption-title\">Transportador<\/h6><\/div><\/div><\/a><\/span><\/div><\/div><\/div>\n<div class=\"fusion_builder_column fusion-builder-column-23 fusion-flex-column post-card swiper-slide\" style=\"--awb-bg-blend:overlay;--awb-bg-size:cover;--awb-flex-grow:0;--awb-flex-shrink:0;--awb-flex-grow-medium:0;--awb-flex-shrink-medium:0;--awb-flex-grow-small:0;--awb-flex-shrink-small:0;\"><div class=\"fusion-column-wrapper fusion-flex-justify-content-flex-start fusion-content-layout-column fusion-carousel-item-wrapper\"><div class=\"fusion-image-element \" style=\"--awb-caption-overlay-color:var(--awb-color8);--awb-caption-title-font-family:var(--h6_typography-font-family);--awb-caption-title-font-weight:var(--h6_typography-font-weight);--awb-caption-title-font-style:var(--h6_typography-font-style);--awb-caption-title-size:11px;--awb-caption-title-transform:uppercase;--awb-caption-title-line-height:var(--h6_typography-line-height);--awb-caption-title-letter-spacing:var(--h6_typography-letter-spacing);\"><span class=\" fusion-imageframe imageframe-none imageframe-20 awb-imageframe-style awb-imageframe-style-schantel\"><a class=\"fusion-no-lightbox\" href=\"https:\/\/centrocar.com\/portugal\/es\/type\/es-tractores-compactos\/\" target=\"_self\" aria-label=\"CT2540\"><img decoding=\"async\" width=\"809\" height=\"550\" src=\"https:\/\/centrocar.com\/portugal\/wp-content\/uploads\/sites\/2\/2024\/06\/CT2540.jpg\" alt class=\"img-responsive wp-image-9310\" srcset=\"https:\/\/centrocar.com\/portugal\/wp-content\/uploads\/sites\/2\/2024\/06\/CT2540-200x136.jpg 200w, https:\/\/centrocar.com\/portugal\/wp-content\/uploads\/sites\/2\/2024\/06\/CT2540-400x272.jpg 400w, https:\/\/centrocar.com\/portugal\/wp-content\/uploads\/sites\/2\/2024\/06\/CT2540-600x408.jpg 600w, https:\/\/centrocar.com\/portugal\/wp-content\/uploads\/sites\/2\/2024\/06\/CT2540-800x544.jpg 800w, https:\/\/centrocar.com\/portugal\/wp-content\/uploads\/sites\/2\/2024\/06\/CT2540.jpg 809w\" sizes=\"(max-width: 640px) 100vw, 809px\" \/><div class=\"awb-imageframe-caption-container\"><div class=\"awb-imageframe-caption\"><h6 class=\"awb-imageframe-caption-title\">Tractores compactos<\/h6><\/div><\/div><\/a><\/span><\/div><\/div><\/div>\n<div class=\"fusion_builder_column fusion-builder-column-24 fusion-flex-column post-card swiper-slide\" style=\"--awb-bg-blend:overlay;--awb-bg-size:cover;--awb-flex-grow:0;--awb-flex-shrink:0;--awb-flex-grow-medium:0;--awb-flex-shrink-medium:0;--awb-flex-grow-small:0;--awb-flex-shrink-small:0;\"><div class=\"fusion-column-wrapper fusion-flex-justify-content-flex-start fusion-content-layout-column fusion-carousel-item-wrapper\"><div class=\"fusion-image-element \" style=\"--awb-caption-overlay-color:var(--awb-color8);--awb-caption-title-font-family:var(--h6_typography-font-family);--awb-caption-title-font-weight:var(--h6_typography-font-weight);--awb-caption-title-font-style:var(--h6_typography-font-style);--awb-caption-title-size:11px;--awb-caption-title-transform:uppercase;--awb-caption-title-line-height:var(--h6_typography-line-height);--awb-caption-title-letter-spacing:var(--h6_typography-letter-spacing);\"><span class=\" fusion-imageframe imageframe-none imageframe-21 awb-imageframe-style awb-imageframe-style-schantel\"><a class=\"fusion-no-lightbox\" href=\"https:\/\/centrocar.com\/portugal\/type\/pt-torres-de-luz\/\" target=\"_self\" aria-label=\"home_torres de luz\"><img decoding=\"async\" width=\"809\" height=\"550\" src=\"https:\/\/centrocar.com\/portugal\/wp-content\/uploads\/sites\/2\/2023\/12\/home_torres-de-luz.jpg\" alt class=\"img-responsive wp-image-8627\" srcset=\"https:\/\/centrocar.com\/portugal\/wp-content\/uploads\/sites\/2\/2023\/12\/home_torres-de-luz-200x136.jpg 200w, https:\/\/centrocar.com\/portugal\/wp-content\/uploads\/sites\/2\/2023\/12\/home_torres-de-luz-400x272.jpg 400w, https:\/\/centrocar.com\/portugal\/wp-content\/uploads\/sites\/2\/2023\/12\/home_torres-de-luz-600x408.jpg 600w, https:\/\/centrocar.com\/portugal\/wp-content\/uploads\/sites\/2\/2023\/12\/home_torres-de-luz-800x544.jpg 800w, https:\/\/centrocar.com\/portugal\/wp-content\/uploads\/sites\/2\/2023\/12\/home_torres-de-luz.jpg 809w\" sizes=\"(max-width: 640px) 100vw, 809px\" \/><div class=\"awb-imageframe-caption-container\"><div class=\"awb-imageframe-caption\"><h6 class=\"awb-imageframe-caption-title\">Torres de Luz<\/h6><\/div><\/div><\/a><\/span><\/div><\/div><\/div>\n<div class=\"fusion_builder_column fusion-builder-column-25 fusion-flex-column post-card swiper-slide\" style=\"--awb-bg-blend:overlay;--awb-bg-size:cover;--awb-flex-grow:0;--awb-flex-shrink:0;--awb-flex-grow-medium:0;--awb-flex-shrink-medium:0;--awb-flex-grow-small:0;--awb-flex-shrink-small:0;\"><div class=\"fusion-column-wrapper fusion-flex-justify-content-flex-start fusion-content-layout-column fusion-carousel-item-wrapper\"><div class=\"fusion-image-element \" style=\"--awb-caption-overlay-color:var(--awb-color8);--awb-caption-title-font-family:var(--h6_typography-font-family);--awb-caption-title-font-weight:var(--h6_typography-font-weight);--awb-caption-title-font-style:var(--h6_typography-font-style);--awb-caption-title-size:11px;--awb-caption-title-transform:uppercase;--awb-caption-title-line-height:var(--h6_typography-line-height);--awb-caption-title-letter-spacing:var(--h6_typography-letter-spacing);\"><span class=\" fusion-imageframe imageframe-none imageframe-22 awb-imageframe-style awb-imageframe-style-schantel\"><a class=\"fusion-no-lightbox\" href=\"https:\/\/centrocar.com\/portugal\/es\/type\/es-torres-de-iluminacion\/\" target=\"_self\" aria-label=\"home_torres de luz\"><img decoding=\"async\" width=\"809\" height=\"550\" src=\"https:\/\/centrocar.com\/portugal\/wp-content\/uploads\/sites\/2\/2023\/12\/home_torres-de-luz.jpg\" alt class=\"img-responsive wp-image-8627\" srcset=\"https:\/\/centrocar.com\/portugal\/wp-content\/uploads\/sites\/2\/2023\/12\/home_torres-de-luz-200x136.jpg 200w, https:\/\/centrocar.com\/portugal\/wp-content\/uploads\/sites\/2\/2023\/12\/home_torres-de-luz-400x272.jpg 400w, https:\/\/centrocar.com\/portugal\/wp-content\/uploads\/sites\/2\/2023\/12\/home_torres-de-luz-600x408.jpg 600w, https:\/\/centrocar.com\/portugal\/wp-content\/uploads\/sites\/2\/2023\/12\/home_torres-de-luz-800x544.jpg 800w, https:\/\/centrocar.com\/portugal\/wp-content\/uploads\/sites\/2\/2023\/12\/home_torres-de-luz.jpg 809w\" sizes=\"(max-width: 640px) 100vw, 809px\" \/><div class=\"awb-imageframe-caption-container\"><div class=\"awb-imageframe-caption\"><h6 class=\"awb-imageframe-caption-title\">Torres de Iluminaci\u00f3n<\/h6><\/div><\/div><\/a><\/span><\/div><\/div><\/div>\n<div class=\"fusion_builder_column fusion-builder-column-26 fusion-flex-column post-card swiper-slide\" style=\"--awb-bg-blend:overlay;--awb-bg-size:cover;--awb-flex-grow:0;--awb-flex-shrink:0;--awb-flex-grow-medium:0;--awb-flex-shrink-medium:0;--awb-flex-grow-small:0;--awb-flex-shrink-small:0;\"><div class=\"fusion-column-wrapper fusion-flex-justify-content-flex-start fusion-content-layout-column fusion-carousel-item-wrapper\"><div class=\"fusion-image-element \" style=\"--awb-caption-overlay-color:var(--awb-color8);--awb-caption-title-font-family:var(--h6_typography-font-family);--awb-caption-title-font-weight:var(--h6_typography-font-weight);--awb-caption-title-font-style:var(--h6_typography-font-style);--awb-caption-title-size:11px;--awb-caption-title-transform:uppercase;--awb-caption-title-line-height:var(--h6_typography-line-height);--awb-caption-title-letter-spacing:var(--h6_typography-letter-spacing);\"><span class=\" fusion-imageframe imageframe-none imageframe-23 awb-imageframe-style awb-imageframe-style-schantel\"><a class=\"fusion-no-lightbox\" href=\"https:\/\/centrocar.com\/portugal\/en\/type\/en-telescopic-handlers\/\" target=\"_self\"><img decoding=\"async\" src=\"http:\/\/centrocar.com\/portugal\/wp-content\/uploads\/sites\/2\/2023\/06\/type_telescopic_handlers.jpg\" alt class=\"img-responsive\"\/><div class=\"awb-imageframe-caption-container\"><div class=\"awb-imageframe-caption\"><h6 class=\"awb-imageframe-caption-title\">Telescopic Handlers<\/h6><\/div><\/div><\/a><\/span><\/div><\/div><\/div>\n<div class=\"fusion_builder_column fusion-builder-column-27 fusion-flex-column post-card swiper-slide\" style=\"--awb-bg-blend:overlay;--awb-bg-size:cover;--awb-flex-grow:0;--awb-flex-shrink:0;--awb-flex-grow-medium:0;--awb-flex-shrink-medium:0;--awb-flex-grow-small:0;--awb-flex-shrink-small:0;\"><div class=\"fusion-column-wrapper fusion-flex-justify-content-flex-start fusion-content-layout-column fusion-carousel-item-wrapper\"><div class=\"fusion-image-element \" style=\"--awb-caption-overlay-color:var(--awb-color8);--awb-caption-title-font-family:var(--h6_typography-font-family);--awb-caption-title-font-weight:var(--h6_typography-font-weight);--awb-caption-title-font-style:var(--h6_typography-font-style);--awb-caption-title-size:11px;--awb-caption-title-transform:uppercase;--awb-caption-title-line-height:var(--h6_typography-line-height);--awb-caption-title-letter-spacing:var(--h6_typography-letter-spacing);\"><span class=\" fusion-imageframe imageframe-none imageframe-24 awb-imageframe-style awb-imageframe-style-schantel\"><a class=\"fusion-no-lightbox\" href=\"https:\/\/centrocar.com\/portugal\/type\/pt-tapetes-empilhadores\/\" target=\"_self\"><img decoding=\"async\" src=\"http:\/\/centrocar.com\/portugal\/wp-content\/uploads\/sites\/2\/2023\/10\/Tapetes-Empilhadores.jpg\" alt class=\"img-responsive\"\/><div class=\"awb-imageframe-caption-container\"><div class=\"awb-imageframe-caption\"><h6 class=\"awb-imageframe-caption-title\">Tapetes Empilhadores<\/h6><\/div><\/div><\/a><\/span><\/div><\/div><\/div>\n<div class=\"fusion_builder_column fusion-builder-column-28 fusion-flex-column post-card swiper-slide\" style=\"--awb-bg-blend:overlay;--awb-bg-size:cover;--awb-flex-grow:0;--awb-flex-shrink:0;--awb-flex-grow-medium:0;--awb-flex-shrink-medium:0;--awb-flex-grow-small:0;--awb-flex-shrink-small:0;\"><div class=\"fusion-column-wrapper fusion-flex-justify-content-flex-start fusion-content-layout-column fusion-carousel-item-wrapper\"><div class=\"fusion-image-element \" style=\"--awb-caption-overlay-color:var(--awb-color8);--awb-caption-title-font-family:var(--h6_typography-font-family);--awb-caption-title-font-weight:var(--h6_typography-font-weight);--awb-caption-title-font-style:var(--h6_typography-font-style);--awb-caption-title-size:11px;--awb-caption-title-transform:uppercase;--awb-caption-title-line-height:var(--h6_typography-line-height);--awb-caption-title-letter-spacing:var(--h6_typography-letter-spacing);\"><span class=\" fusion-imageframe imageframe-none imageframe-25 awb-imageframe-style awb-imageframe-style-schantel\"><a class=\"fusion-no-lightbox\" href=\"https:\/\/centrocar.com\/portugal\/type\/pt-supressores-de-poeiras\/\" target=\"_self\"><img decoding=\"async\" src=\"http:\/\/centrocar.com\/portugal\/wp-content\/uploads\/sites\/2\/2023\/10\/Supressores-de-Poeiras.jpg\" alt class=\"img-responsive\"\/><div class=\"awb-imageframe-caption-container\"><div class=\"awb-imageframe-caption\"><h6 class=\"awb-imageframe-caption-title\">Supressores de Poeiras<\/h6><\/div><\/div><\/a><\/span><\/div><\/div><\/div>\n<div class=\"fusion_builder_column fusion-builder-column-29 fusion-flex-column post-card swiper-slide\" style=\"--awb-bg-blend:overlay;--awb-bg-size:cover;--awb-flex-grow:0;--awb-flex-shrink:0;--awb-flex-grow-medium:0;--awb-flex-shrink-medium:0;--awb-flex-grow-small:0;--awb-flex-shrink-small:0;\"><div class=\"fusion-column-wrapper fusion-flex-justify-content-flex-start fusion-content-layout-column fusion-carousel-item-wrapper\"><div class=\"fusion-image-element \" style=\"--awb-caption-overlay-color:var(--awb-color8);--awb-caption-title-font-family:var(--h6_typography-font-family);--awb-caption-title-font-weight:var(--h6_typography-font-weight);--awb-caption-title-font-style:var(--h6_typography-font-style);--awb-caption-title-size:11px;--awb-caption-title-transform:uppercase;--awb-caption-title-line-height:var(--h6_typography-line-height);--awb-caption-title-letter-spacing:var(--h6_typography-letter-spacing);\"><span class=\" fusion-imageframe imageframe-none imageframe-26 awb-imageframe-style awb-imageframe-style-schantel\"><a class=\"fusion-no-lightbox\" href=\"https:\/\/centrocar.com\/portugal\/es\/type\/es-supresores-de-particulas\/\" target=\"_self\"><img decoding=\"async\" src=\"http:\/\/centrocar.com\/portugal\/wp-content\/uploads\/sites\/2\/2023\/10\/Supressores-de-Poeiras.jpg\" alt class=\"img-responsive\"\/><div class=\"awb-imageframe-caption-container\"><div class=\"awb-imageframe-caption\"><h6 class=\"awb-imageframe-caption-title\">Supresores de Part\u00edculas<\/h6><\/div><\/div><\/a><\/span><\/div><\/div><\/div>\n<div class=\"fusion_builder_column fusion-builder-column-30 fusion-flex-column post-card swiper-slide\" style=\"--awb-bg-blend:overlay;--awb-bg-size:cover;--awb-flex-grow:0;--awb-flex-shrink:0;--awb-flex-grow-medium:0;--awb-flex-shrink-medium:0;--awb-flex-grow-small:0;--awb-flex-shrink-small:0;\"><div class=\"fusion-column-wrapper fusion-flex-justify-content-flex-start fusion-content-layout-column fusion-carousel-item-wrapper\"><div class=\"fusion-image-element \" style=\"--awb-caption-overlay-color:var(--awb-color8);--awb-caption-title-font-family:var(--h6_typography-font-family);--awb-caption-title-font-weight:var(--h6_typography-font-weight);--awb-caption-title-font-style:var(--h6_typography-font-style);--awb-caption-title-size:11px;--awb-caption-title-transform:uppercase;--awb-caption-title-line-height:var(--h6_typography-line-height);--awb-caption-title-letter-spacing:var(--h6_typography-letter-spacing);\"><span class=\" fusion-imageframe imageframe-none imageframe-27 awb-imageframe-style awb-imageframe-style-schantel\"><a class=\"fusion-no-lightbox\" href=\"https:\/\/centrocar.com\/portugal\/en\/type\/en-stackers\/\" target=\"_self\"><img decoding=\"async\" src=\"http:\/\/centrocar.com\/portugal\/wp-content\/uploads\/sites\/2\/2023\/10\/Tapetes-Empilhadores.jpg\" alt class=\"img-responsive\"\/><div class=\"awb-imageframe-caption-container\"><div class=\"awb-imageframe-caption\"><h6 class=\"awb-imageframe-caption-title\">Stackers<\/h6><\/div><\/div><\/a><\/span><\/div><\/div><\/div>\n<div class=\"fusion_builder_column fusion-builder-column-31 fusion-flex-column post-card swiper-slide\" style=\"--awb-bg-blend:overlay;--awb-bg-size:cover;--awb-flex-grow:0;--awb-flex-shrink:0;--awb-flex-grow-medium:0;--awb-flex-shrink-medium:0;--awb-flex-grow-small:0;--awb-flex-shrink-small:0;\"><div class=\"fusion-column-wrapper fusion-flex-justify-content-flex-start fusion-content-layout-column fusion-carousel-item-wrapper\"><\/div><\/div>\n<div class=\"fusion_builder_column fusion-builder-column-32 fusion-flex-column post-card swiper-slide\" style=\"--awb-bg-blend:overlay;--awb-bg-size:cover;--awb-flex-grow:0;--awb-flex-shrink:0;--awb-flex-grow-medium:0;--awb-flex-shrink-medium:0;--awb-flex-grow-small:0;--awb-flex-shrink-small:0;\"><div class=\"fusion-column-wrapper fusion-flex-justify-content-flex-start fusion-content-layout-column fusion-carousel-item-wrapper\"><\/div><\/div>\n<div class=\"fusion_builder_column fusion-builder-column-33 fusion-flex-column post-card swiper-slide\" style=\"--awb-bg-blend:overlay;--awb-bg-size:cover;--awb-flex-grow:0;--awb-flex-shrink:0;--awb-flex-grow-medium:0;--awb-flex-shrink-medium:0;--awb-flex-grow-small:0;--awb-flex-shrink-small:0;\"><div class=\"fusion-column-wrapper fusion-flex-justify-content-flex-start fusion-content-layout-column fusion-carousel-item-wrapper\"><div class=\"fusion-image-element \" style=\"--awb-caption-overlay-color:var(--awb-color8);--awb-caption-title-font-family:var(--h6_typography-font-family);--awb-caption-title-font-weight:var(--h6_typography-font-weight);--awb-caption-title-font-style:var(--h6_typography-font-style);--awb-caption-title-size:11px;--awb-caption-title-transform:uppercase;--awb-caption-title-line-height:var(--h6_typography-line-height);--awb-caption-title-letter-spacing:var(--h6_typography-letter-spacing);\"><span class=\" fusion-imageframe imageframe-none imageframe-30 awb-imageframe-style awb-imageframe-style-schantel\"><a class=\"fusion-no-lightbox\" href=\"https:\/\/centrocar.com\/portugal\/en\/type\/en-shredder-range\/\" target=\"_self\"><img decoding=\"async\" src=\"http:\/\/centrocar.com\/portugal\/wp-content\/uploads\/sites\/2\/2023\/10\/Trituradores.jpg\" alt class=\"img-responsive\"\/><div class=\"awb-imageframe-caption-container\"><div class=\"awb-imageframe-caption\"><h6 class=\"awb-imageframe-caption-title\">Shredder Range<\/h6><\/div><\/div><\/a><\/span><\/div><\/div><\/div>\n<div class=\"fusion_builder_column fusion-builder-column-34 fusion-flex-column post-card swiper-slide\" style=\"--awb-bg-blend:overlay;--awb-bg-size:cover;--awb-flex-grow:0;--awb-flex-shrink:0;--awb-flex-grow-medium:0;--awb-flex-shrink-medium:0;--awb-flex-grow-small:0;--awb-flex-shrink-small:0;\"><div class=\"fusion-column-wrapper fusion-flex-justify-content-flex-start fusion-content-layout-column fusion-carousel-item-wrapper\"><div class=\"fusion-image-element \" style=\"--awb-caption-overlay-color:var(--awb-color8);--awb-caption-title-font-family:var(--h6_typography-font-family);--awb-caption-title-font-weight:var(--h6_typography-font-weight);--awb-caption-title-font-style:var(--h6_typography-font-style);--awb-caption-title-size:11px;--awb-caption-title-transform:uppercase;--awb-caption-title-line-height:var(--h6_typography-line-height);--awb-caption-title-letter-spacing:var(--h6_typography-letter-spacing);\"><span class=\" fusion-imageframe imageframe-none imageframe-31 awb-imageframe-style awb-imageframe-style-schantel\"><a class=\"fusion-no-lightbox\" href=\"https:\/\/centrocar.com\/portugal\/en\/type\/en-screeners\/\" target=\"_self\"><img decoding=\"async\" src=\"http:\/\/centrocar.com\/portugal\/wp-content\/uploads\/sites\/2\/2023\/06\/type_crushers_screeners_evoquip-300x204.jpg\" alt class=\"img-responsive\"\/><div class=\"awb-imageframe-caption-container\"><div class=\"awb-imageframe-caption\"><h6 class=\"awb-imageframe-caption-title\">Screeners<\/h6><\/div><\/div><\/a><\/span><\/div><\/div><\/div>\n<div class=\"fusion_builder_column fusion-builder-column-35 fusion-flex-column post-card swiper-slide\" style=\"--awb-bg-blend:overlay;--awb-bg-size:cover;--awb-flex-grow:0;--awb-flex-shrink:0;--awb-flex-grow-medium:0;--awb-flex-shrink-medium:0;--awb-flex-grow-small:0;--awb-flex-shrink-small:0;\"><div class=\"fusion-column-wrapper fusion-flex-justify-content-flex-start fusion-content-layout-column fusion-carousel-item-wrapper\"><\/div><\/div>\n<div class=\"fusion_builder_column fusion-builder-column-36 fusion-flex-column post-card swiper-slide\" style=\"--awb-bg-blend:overlay;--awb-bg-size:cover;--awb-flex-grow:0;--awb-flex-shrink:0;--awb-flex-grow-medium:0;--awb-flex-shrink-medium:0;--awb-flex-grow-small:0;--awb-flex-shrink-small:0;\"><div class=\"fusion-column-wrapper fusion-flex-justify-content-flex-start fusion-content-layout-column fusion-carousel-item-wrapper\"><div class=\"fusion-image-element \" style=\"--awb-caption-overlay-color:var(--awb-color8);--awb-caption-title-font-family:var(--h6_typography-font-family);--awb-caption-title-font-weight:var(--h6_typography-font-weight);--awb-caption-title-font-style:var(--h6_typography-font-style);--awb-caption-title-size:11px;--awb-caption-title-transform:uppercase;--awb-caption-title-line-height:var(--h6_typography-line-height);--awb-caption-title-letter-spacing:var(--h6_typography-letter-spacing);\"><span class=\" fusion-imageframe imageframe-none imageframe-33 awb-imageframe-style awb-imageframe-style-schantel\"><a class=\"fusion-no-lightbox\" href=\"https:\/\/centrocar.com\/portugal\/en\/type\/en-rotary-telescopic-handlers\/\" target=\"_self\"><img decoding=\"async\" src=\"http:\/\/centrocar.com\/portugal\/wp-content\/uploads\/sites\/2\/2023\/10\/Manipuladores-Telescopicos-Rotativos.jpg\" alt class=\"img-responsive\"\/><div class=\"awb-imageframe-caption-container\"><div class=\"awb-imageframe-caption\"><h6 class=\"awb-imageframe-caption-title\">Rotary Telescopic Handlers<\/h6><\/div><\/div><\/a><\/span><\/div><\/div><\/div>\n<div class=\"fusion_builder_column fusion-builder-column-37 fusion-flex-column post-card swiper-slide\" style=\"--awb-bg-blend:overlay;--awb-bg-size:cover;--awb-flex-grow:0;--awb-flex-shrink:0;--awb-flex-grow-medium:0;--awb-flex-shrink-medium:0;--awb-flex-grow-small:0;--awb-flex-shrink-small:0;\"><div class=\"fusion-column-wrapper fusion-flex-justify-content-flex-start fusion-content-layout-column fusion-carousel-item-wrapper\"><\/div><\/div>\n<div class=\"fusion_builder_column fusion-builder-column-38 fusion-flex-column post-card swiper-slide\" style=\"--awb-bg-blend:overlay;--awb-bg-size:cover;--awb-flex-grow:0;--awb-flex-shrink:0;--awb-flex-grow-medium:0;--awb-flex-shrink-medium:0;--awb-flex-grow-small:0;--awb-flex-shrink-small:0;\"><div class=\"fusion-column-wrapper fusion-flex-justify-content-flex-start fusion-content-layout-column fusion-carousel-item-wrapper\"><div class=\"fusion-image-element \" style=\"--awb-caption-overlay-color:var(--awb-color8);--awb-caption-title-font-family:var(--h6_typography-font-family);--awb-caption-title-font-weight:var(--h6_typography-font-weight);--awb-caption-title-font-style:var(--h6_typography-font-style);--awb-caption-title-size:11px;--awb-caption-title-transform:uppercase;--awb-caption-title-line-height:var(--h6_typography-line-height);--awb-caption-title-letter-spacing:var(--h6_typography-letter-spacing);\"><span class=\" fusion-imageframe imageframe-none imageframe-35 awb-imageframe-style awb-imageframe-style-schantel\"><a class=\"fusion-no-lightbox\" href=\"https:\/\/centrocar.com\/portugal\/es\/type\/renovacion-de-cesped\/\" target=\"_self\" aria-label=\"renovacao relva\"><img decoding=\"async\" width=\"809\" height=\"550\" src=\"https:\/\/centrocar.com\/portugal\/wp-content\/uploads\/sites\/2\/2024\/06\/renovacao-relva.jpg\" alt class=\"img-responsive wp-image-9555\" srcset=\"https:\/\/centrocar.com\/portugal\/wp-content\/uploads\/sites\/2\/2024\/06\/renovacao-relva-200x136.jpg 200w, https:\/\/centrocar.com\/portugal\/wp-content\/uploads\/sites\/2\/2024\/06\/renovacao-relva-400x272.jpg 400w, https:\/\/centrocar.com\/portugal\/wp-content\/uploads\/sites\/2\/2024\/06\/renovacao-relva-600x408.jpg 600w, https:\/\/centrocar.com\/portugal\/wp-content\/uploads\/sites\/2\/2024\/06\/renovacao-relva-800x544.jpg 800w, https:\/\/centrocar.com\/portugal\/wp-content\/uploads\/sites\/2\/2024\/06\/renovacao-relva.jpg 809w\" sizes=\"(max-width: 640px) 100vw, 809px\" \/><div class=\"awb-imageframe-caption-container\"><div class=\"awb-imageframe-caption\"><h6 class=\"awb-imageframe-caption-title\">Renovaci\u00f3n de c\u00e9sped<\/h6><\/div><\/div><\/a><\/span><\/div><\/div><\/div>\n<div class=\"fusion_builder_column fusion-builder-column-39 fusion-flex-column post-card swiper-slide\" style=\"--awb-bg-blend:overlay;--awb-bg-size:cover;--awb-flex-grow:0;--awb-flex-shrink:0;--awb-flex-grow-medium:0;--awb-flex-shrink-medium:0;--awb-flex-grow-small:0;--awb-flex-shrink-small:0;\"><div class=\"fusion-column-wrapper fusion-flex-justify-content-flex-start fusion-content-layout-column fusion-carousel-item-wrapper\"><div class=\"fusion-image-element \" style=\"--awb-caption-overlay-color:var(--awb-color8);--awb-caption-title-font-family:var(--h6_typography-font-family);--awb-caption-title-font-weight:var(--h6_typography-font-weight);--awb-caption-title-font-style:var(--h6_typography-font-style);--awb-caption-title-size:11px;--awb-caption-title-transform:uppercase;--awb-caption-title-line-height:var(--h6_typography-line-height);--awb-caption-title-letter-spacing:var(--h6_typography-letter-spacing);\"><span class=\" fusion-imageframe imageframe-none imageframe-36 awb-imageframe-style awb-imageframe-style-schantel\"><a class=\"fusion-no-lightbox\" href=\"https:\/\/centrocar.com\/portugal\/type\/renovacao-relva\/\" target=\"_self\" aria-label=\"renovacao relva\"><img decoding=\"async\" width=\"809\" height=\"550\" src=\"https:\/\/centrocar.com\/portugal\/wp-content\/uploads\/sites\/2\/2024\/06\/renovacao-relva.jpg\" alt class=\"img-responsive wp-image-9555\" srcset=\"https:\/\/centrocar.com\/portugal\/wp-content\/uploads\/sites\/2\/2024\/06\/renovacao-relva-200x136.jpg 200w, https:\/\/centrocar.com\/portugal\/wp-content\/uploads\/sites\/2\/2024\/06\/renovacao-relva-400x272.jpg 400w, https:\/\/centrocar.com\/portugal\/wp-content\/uploads\/sites\/2\/2024\/06\/renovacao-relva-600x408.jpg 600w, https:\/\/centrocar.com\/portugal\/wp-content\/uploads\/sites\/2\/2024\/06\/renovacao-relva-800x544.jpg 800w, https:\/\/centrocar.com\/portugal\/wp-content\/uploads\/sites\/2\/2024\/06\/renovacao-relva.jpg 809w\" sizes=\"(max-width: 640px) 100vw, 809px\" \/><div class=\"awb-imageframe-caption-container\"><div class=\"awb-imageframe-caption\"><h6 class=\"awb-imageframe-caption-title\">Renova\u00e7\u00e3o Relva<\/h6><\/div><\/div><\/a><\/span><\/div><\/div><\/div>\n<div class=\"fusion_builder_column fusion-builder-column-40 fusion-flex-column post-card swiper-slide\" style=\"--awb-bg-blend:overlay;--awb-bg-size:cover;--awb-flex-grow:0;--awb-flex-shrink:0;--awb-flex-grow-medium:0;--awb-flex-shrink-medium:0;--awb-flex-grow-small:0;--awb-flex-shrink-small:0;\"><div class=\"fusion-column-wrapper fusion-flex-justify-content-flex-start fusion-content-layout-column fusion-carousel-item-wrapper\"><\/div><\/div>\n<div class=\"fusion_builder_column fusion-builder-column-41 fusion-flex-column post-card swiper-slide\" style=\"--awb-bg-blend:overlay;--awb-bg-size:cover;--awb-flex-grow:0;--awb-flex-shrink:0;--awb-flex-grow-medium:0;--awb-flex-shrink-medium:0;--awb-flex-grow-small:0;--awb-flex-shrink-small:0;\"><div class=\"fusion-column-wrapper fusion-flex-justify-content-flex-start fusion-content-layout-column fusion-carousel-item-wrapper\"><div class=\"fusion-image-element \" style=\"--awb-caption-overlay-color:var(--awb-color8);--awb-caption-title-font-family:var(--h6_typography-font-family);--awb-caption-title-font-weight:var(--h6_typography-font-weight);--awb-caption-title-font-style:var(--h6_typography-font-style);--awb-caption-title-size:11px;--awb-caption-title-transform:uppercase;--awb-caption-title-line-height:var(--h6_typography-line-height);--awb-caption-title-letter-spacing:var(--h6_typography-letter-spacing);\"><span class=\" fusion-imageframe imageframe-none imageframe-38 awb-imageframe-style awb-imageframe-style-schantel\"><a class=\"fusion-no-lightbox\" href=\"https:\/\/centrocar.com\/portugal\/type\/pt-plataformas-elevatorias\/\" target=\"_self\"><img decoding=\"async\" src=\"http:\/\/centrocar.com\/portugal\/wp-content\/uploads\/sites\/2\/2023\/06\/type_lifting_plataforms.jpg\" alt class=\"img-responsive\"\/><div class=\"awb-imageframe-caption-container\"><div class=\"awb-imageframe-caption\"><h6 class=\"awb-imageframe-caption-title\">Plataformas Elevat\u00f3rias<\/h6><\/div><\/div><\/a><\/span><\/div><\/div><\/div>\n<div class=\"fusion_builder_column fusion-builder-column-42 fusion-flex-column post-card swiper-slide\" style=\"--awb-bg-blend:overlay;--awb-bg-size:cover;--awb-flex-grow:0;--awb-flex-shrink:0;--awb-flex-grow-medium:0;--awb-flex-shrink-medium:0;--awb-flex-grow-small:0;--awb-flex-shrink-small:0;\"><div class=\"fusion-column-wrapper fusion-flex-justify-content-flex-start fusion-content-layout-column fusion-carousel-item-wrapper\"><div class=\"fusion-image-element \" style=\"--awb-caption-overlay-color:var(--awb-color8);--awb-caption-title-font-family:var(--h6_typography-font-family);--awb-caption-title-font-weight:var(--h6_typography-font-weight);--awb-caption-title-font-style:var(--h6_typography-font-style);--awb-caption-title-size:11px;--awb-caption-title-transform:uppercase;--awb-caption-title-line-height:var(--h6_typography-line-height);--awb-caption-title-letter-spacing:var(--h6_typography-letter-spacing);\"><span class=\" fusion-imageframe imageframe-none imageframe-39 awb-imageframe-style awb-imageframe-style-schantel\"><a class=\"fusion-no-lightbox\" href=\"https:\/\/centrocar.com\/portugal\/es\/type\/es-plataformas-elevadoras\/\" target=\"_self\"><img decoding=\"async\" src=\"http:\/\/centrocar.com\/portugal\/wp-content\/uploads\/sites\/2\/2023\/06\/type_lifting_plataforms.jpg\" alt class=\"img-responsive\"\/><div class=\"awb-imageframe-caption-container\"><div class=\"awb-imageframe-caption\"><h6 class=\"awb-imageframe-caption-title\">Plataformas Elevadoras<\/h6><\/div><\/div><\/a><\/span><\/div><\/div><\/div>\n<div class=\"fusion_builder_column fusion-builder-column-43 fusion-flex-column post-card swiper-slide\" style=\"--awb-bg-blend:overlay;--awb-bg-size:cover;--awb-flex-grow:0;--awb-flex-shrink:0;--awb-flex-grow-medium:0;--awb-flex-shrink-medium:0;--awb-flex-grow-small:0;--awb-flex-shrink-small:0;\"><div class=\"fusion-column-wrapper fusion-flex-justify-content-flex-start fusion-content-layout-column fusion-carousel-item-wrapper\"><\/div><\/div>\n<div class=\"fusion_builder_column fusion-builder-column-44 fusion-flex-column post-card swiper-slide\" style=\"--awb-bg-blend:overlay;--awb-bg-size:cover;--awb-flex-grow:0;--awb-flex-shrink:0;--awb-flex-grow-medium:0;--awb-flex-shrink-medium:0;--awb-flex-grow-small:0;--awb-flex-shrink-small:0;\"><div class=\"fusion-column-wrapper fusion-flex-justify-content-flex-start fusion-content-layout-column fusion-carousel-item-wrapper\"><\/div><\/div>\n<div class=\"fusion_builder_column fusion-builder-column-45 fusion-flex-column post-card swiper-slide\" style=\"--awb-bg-blend:overlay;--awb-bg-size:cover;--awb-flex-grow:0;--awb-flex-shrink:0;--awb-flex-grow-medium:0;--awb-flex-shrink-medium:0;--awb-flex-grow-small:0;--awb-flex-shrink-small:0;\"><div class=\"fusion-column-wrapper fusion-flex-justify-content-flex-start fusion-content-layout-column fusion-carousel-item-wrapper\"><\/div><\/div>\n<div class=\"fusion_builder_column fusion-builder-column-46 fusion-flex-column post-card swiper-slide\" style=\"--awb-bg-blend:overlay;--awb-bg-size:cover;--awb-flex-grow:0;--awb-flex-shrink:0;--awb-flex-grow-medium:0;--awb-flex-shrink-medium:0;--awb-flex-grow-small:0;--awb-flex-shrink-small:0;\"><div class=\"fusion-column-wrapper fusion-flex-justify-content-flex-start fusion-content-layout-column fusion-carousel-item-wrapper\"><div class=\"fusion-image-element \" style=\"--awb-caption-overlay-color:var(--awb-color8);--awb-caption-title-font-family:var(--h6_typography-font-family);--awb-caption-title-font-weight:var(--h6_typography-font-weight);--awb-caption-title-font-style:var(--h6_typography-font-style);--awb-caption-title-size:11px;--awb-caption-title-transform:uppercase;--awb-caption-title-line-height:var(--h6_typography-line-height);--awb-caption-title-letter-spacing:var(--h6_typography-letter-spacing);\"><span class=\" fusion-imageframe imageframe-none imageframe-43 awb-imageframe-style awb-imageframe-style-schantel\"><a class=\"fusion-no-lightbox\" href=\"https:\/\/centrocar.com\/portugal\/type\/pt-pas-carregadoras-compactas-de-rodas\/\" target=\"_self\"><img decoding=\"async\" src=\"http:\/\/centrocar.com\/portugal\/wp-content\/uploads\/sites\/2\/2023\/06\/type_compact_wheel_loaders.jpg\" alt class=\"img-responsive\"\/><div class=\"awb-imageframe-caption-container\"><div class=\"awb-imageframe-caption\"><h6 class=\"awb-imageframe-caption-title\">P\u00e1s Carregadoras Compactas de Rodas<\/h6><\/div><\/div><\/a><\/span><\/div><\/div><\/div>\n<div class=\"fusion_builder_column fusion-builder-column-47 fusion-flex-column post-card swiper-slide\" style=\"--awb-bg-blend:overlay;--awb-bg-size:cover;--awb-flex-grow:0;--awb-flex-shrink:0;--awb-flex-grow-medium:0;--awb-flex-shrink-medium:0;--awb-flex-grow-small:0;--awb-flex-shrink-small:0;\"><div class=\"fusion-column-wrapper fusion-flex-justify-content-flex-start fusion-content-layout-column fusion-carousel-item-wrapper\"><div class=\"fusion-image-element \" style=\"--awb-caption-overlay-color:var(--awb-color8);--awb-caption-title-font-family:var(--h6_typography-font-family);--awb-caption-title-font-weight:var(--h6_typography-font-weight);--awb-caption-title-font-style:var(--h6_typography-font-style);--awb-caption-title-size:11px;--awb-caption-title-transform:uppercase;--awb-caption-title-line-height:var(--h6_typography-line-height);--awb-caption-title-letter-spacing:var(--h6_typography-letter-spacing);\"><span class=\" fusion-imageframe imageframe-none imageframe-44 awb-imageframe-style awb-imageframe-style-schantel\"><a class=\"fusion-no-lightbox\" href=\"https:\/\/centrocar.com\/portugal\/type\/pt-pas-carregadoras-compactas-de-rastos\/\" target=\"_self\"><img decoding=\"async\" src=\"http:\/\/centrocar.com\/portugal\/wp-content\/uploads\/sites\/2\/2023\/06\/type_compact_track_loaders.jpg\" alt class=\"img-responsive\"\/><div class=\"awb-imageframe-caption-container\"><div class=\"awb-imageframe-caption\"><h6 class=\"awb-imageframe-caption-title\">P\u00e1s Carregadoras Compactas de Rastos<\/h6><\/div><\/div><\/a><\/span><\/div><\/div><\/div>\n<div class=\"fusion_builder_column fusion-builder-column-48 fusion-flex-column post-card swiper-slide\" style=\"--awb-bg-blend:overlay;--awb-bg-size:cover;--awb-flex-grow:0;--awb-flex-shrink:0;--awb-flex-grow-medium:0;--awb-flex-shrink-medium:0;--awb-flex-grow-small:0;--awb-flex-shrink-small:0;\"><div class=\"fusion-column-wrapper fusion-flex-justify-content-flex-start fusion-content-layout-column fusion-carousel-item-wrapper\"><div class=\"fusion-image-element \" style=\"--awb-caption-overlay-color:var(--awb-color8);--awb-caption-title-font-family:var(--h6_typography-font-family);--awb-caption-title-font-weight:var(--h6_typography-font-weight);--awb-caption-title-font-style:var(--h6_typography-font-style);--awb-caption-title-size:11px;--awb-caption-title-transform:uppercase;--awb-caption-title-line-height:var(--h6_typography-line-height);--awb-caption-title-letter-spacing:var(--h6_typography-letter-spacing);\"><span class=\" fusion-imageframe imageframe-none imageframe-45 awb-imageframe-style awb-imageframe-style-schantel\"><a class=\"fusion-no-lightbox\" href=\"https:\/\/centrocar.com\/portugal\/type\/pt-pas-carregadoras-compactas-articuladas\/\" target=\"_self\"><img decoding=\"async\" src=\"http:\/\/centrocar.com\/portugal\/wp-content\/uploads\/sites\/2\/2023\/06\/type_smart_articulated_loaders.jpg\" alt class=\"img-responsive\"\/><div class=\"awb-imageframe-caption-container\"><div class=\"awb-imageframe-caption\"><h6 class=\"awb-imageframe-caption-title\">P\u00e1s Carregadoras Compactas Articuladas<\/h6><\/div><\/div><\/a><\/span><\/div><\/div><\/div>\n<div class=\"fusion_builder_column fusion-builder-column-49 fusion-flex-column post-card swiper-slide\" style=\"--awb-bg-blend:overlay;--awb-bg-size:cover;--awb-flex-grow:0;--awb-flex-shrink:0;--awb-flex-grow-medium:0;--awb-flex-shrink-medium:0;--awb-flex-grow-small:0;--awb-flex-shrink-small:0;\"><div class=\"fusion-column-wrapper fusion-flex-justify-content-flex-start fusion-content-layout-column fusion-carousel-item-wrapper\"><div class=\"fusion-image-element \" style=\"--awb-caption-overlay-color:var(--awb-color8);--awb-caption-title-font-family:var(--h6_typography-font-family);--awb-caption-title-font-weight:var(--h6_typography-font-weight);--awb-caption-title-font-style:var(--h6_typography-font-style);--awb-caption-title-size:11px;--awb-caption-title-transform:uppercase;--awb-caption-title-line-height:var(--h6_typography-line-height);--awb-caption-title-letter-spacing:var(--h6_typography-letter-spacing);\"><span class=\" fusion-imageframe imageframe-none imageframe-46 awb-imageframe-style awb-imageframe-style-schantel\"><a class=\"fusion-no-lightbox\" href=\"https:\/\/centrocar.com\/portugal\/type\/pt-pas-carregadoras-compactas\/\" target=\"_self\"><img decoding=\"async\" src=\"http:\/\/centrocar.com\/portugal\/wp-content\/uploads\/sites\/2\/2023\/10\/Pas-Carregadoras-Compactas.jpg\" alt class=\"img-responsive\"\/><div class=\"awb-imageframe-caption-container\"><div class=\"awb-imageframe-caption\"><h6 class=\"awb-imageframe-caption-title\">P\u00e1s Carregadoras Compactas<\/h6><\/div><\/div><\/a><\/span><\/div><\/div><\/div>\n<div class=\"fusion_builder_column fusion-builder-column-50 fusion-flex-column post-card swiper-slide\" style=\"--awb-bg-blend:overlay;--awb-bg-size:cover;--awb-flex-grow:0;--awb-flex-shrink:0;--awb-flex-grow-medium:0;--awb-flex-shrink-medium:0;--awb-flex-grow-small:0;--awb-flex-shrink-small:0;\"><div class=\"fusion-column-wrapper fusion-flex-justify-content-flex-start fusion-content-layout-column fusion-carousel-item-wrapper\"><div class=\"fusion-image-element \" style=\"--awb-caption-overlay-color:var(--awb-color8);--awb-caption-title-font-family:var(--h6_typography-font-family);--awb-caption-title-font-weight:var(--h6_typography-font-weight);--awb-caption-title-font-style:var(--h6_typography-font-style);--awb-caption-title-size:11px;--awb-caption-title-transform:uppercase;--awb-caption-title-line-height:var(--h6_typography-line-height);--awb-caption-title-letter-spacing:var(--h6_typography-letter-spacing);\"><span class=\" fusion-imageframe imageframe-none imageframe-47 awb-imageframe-style awb-imageframe-style-schantel\"><a class=\"fusion-no-lightbox\" href=\"https:\/\/centrocar.com\/portugal\/type\/pt-pas-carregadoras\/\" target=\"_self\" aria-label=\"home_pas carregadoras\"><img decoding=\"async\" width=\"809\" height=\"550\" src=\"https:\/\/centrocar.com\/portugal\/wp-content\/uploads\/sites\/2\/2023\/12\/home_pas-carregadoras.jpg\" alt class=\"img-responsive wp-image-8626\" srcset=\"https:\/\/centrocar.com\/portugal\/wp-content\/uploads\/sites\/2\/2023\/12\/home_pas-carregadoras-200x136.jpg 200w, https:\/\/centrocar.com\/portugal\/wp-content\/uploads\/sites\/2\/2023\/12\/home_pas-carregadoras-400x272.jpg 400w, https:\/\/centrocar.com\/portugal\/wp-content\/uploads\/sites\/2\/2023\/12\/home_pas-carregadoras-600x408.jpg 600w, https:\/\/centrocar.com\/portugal\/wp-content\/uploads\/sites\/2\/2023\/12\/home_pas-carregadoras-800x544.jpg 800w, https:\/\/centrocar.com\/portugal\/wp-content\/uploads\/sites\/2\/2023\/12\/home_pas-carregadoras.jpg 809w\" sizes=\"(max-width: 640px) 100vw, 809px\" \/><div class=\"awb-imageframe-caption-container\"><div class=\"awb-imageframe-caption\"><h6 class=\"awb-imageframe-caption-title\">P\u00e1s Carregadoras<\/h6><\/div><\/div><\/a><\/span><\/div><\/div><\/div>\n<div class=\"fusion_builder_column fusion-builder-column-51 fusion-flex-column post-card swiper-slide\" style=\"--awb-bg-blend:overlay;--awb-bg-size:cover;--awb-flex-grow:0;--awb-flex-shrink:0;--awb-flex-grow-medium:0;--awb-flex-shrink-medium:0;--awb-flex-grow-small:0;--awb-flex-shrink-small:0;\"><div class=\"fusion-column-wrapper fusion-flex-justify-content-flex-start fusion-content-layout-column fusion-carousel-item-wrapper\"><div class=\"fusion-image-element \" style=\"--awb-caption-overlay-color:var(--awb-color8);--awb-caption-title-font-family:var(--h6_typography-font-family);--awb-caption-title-font-weight:var(--h6_typography-font-weight);--awb-caption-title-font-style:var(--h6_typography-font-style);--awb-caption-title-size:11px;--awb-caption-title-transform:uppercase;--awb-caption-title-line-height:var(--h6_typography-line-height);--awb-caption-title-letter-spacing:var(--h6_typography-letter-spacing);\"><span class=\" fusion-imageframe imageframe-none imageframe-48 awb-imageframe-style awb-imageframe-style-schantel\"><a class=\"fusion-no-lightbox\" href=\"https:\/\/centrocar.com\/portugal\/en\/type\/en-mini-excavators\/\" target=\"_self\"><img decoding=\"async\" src=\"http:\/\/centrocar.com\/portugal\/wp-content\/uploads\/sites\/2\/2023\/08\/DX27Z.jpg\" alt class=\"img-responsive\"\/><div class=\"awb-imageframe-caption-container\"><div class=\"awb-imageframe-caption\"><h6 class=\"awb-imageframe-caption-title\">Mini Excavators<\/h6><\/div><\/div><\/a><\/span><\/div><\/div><\/div>\n<div class=\"fusion_builder_column fusion-builder-column-52 fusion-flex-column post-card swiper-slide\" style=\"--awb-bg-blend:overlay;--awb-bg-size:cover;--awb-flex-grow:0;--awb-flex-shrink:0;--awb-flex-grow-medium:0;--awb-flex-shrink-medium:0;--awb-flex-grow-small:0;--awb-flex-shrink-small:0;\"><div class=\"fusion-column-wrapper fusion-flex-justify-content-flex-start fusion-content-layout-column fusion-carousel-item-wrapper\"><div class=\"fusion-image-element \" style=\"--awb-caption-overlay-color:var(--awb-color8);--awb-caption-title-font-family:var(--h6_typography-font-family);--awb-caption-title-font-weight:var(--h6_typography-font-weight);--awb-caption-title-font-style:var(--h6_typography-font-style);--awb-caption-title-size:11px;--awb-caption-title-transform:uppercase;--awb-caption-title-line-height:var(--h6_typography-line-height);--awb-caption-title-letter-spacing:var(--h6_typography-letter-spacing);\"><span class=\" fusion-imageframe imageframe-none imageframe-49 awb-imageframe-style awb-imageframe-style-schantel\"><a class=\"fusion-no-lightbox\" href=\"https:\/\/centrocar.com\/portugal\/es\/type\/es-mini-excavadoras\/\" target=\"_self\"><img decoding=\"async\" src=\"http:\/\/centrocar.com\/portugal\/wp-content\/uploads\/sites\/2\/2023\/08\/DX27Z.jpg\" alt class=\"img-responsive\"\/><div class=\"awb-imageframe-caption-container\"><div class=\"awb-imageframe-caption\"><h6 class=\"awb-imageframe-caption-title\">Mini Excavadoras<\/h6><\/div><\/div><\/a><\/span><\/div><\/div><\/div>\n<div class=\"fusion_builder_column fusion-builder-column-53 fusion-flex-column post-card swiper-slide\" style=\"--awb-bg-blend:overlay;--awb-bg-size:cover;--awb-flex-grow:0;--awb-flex-shrink:0;--awb-flex-grow-medium:0;--awb-flex-shrink-medium:0;--awb-flex-grow-small:0;--awb-flex-shrink-small:0;\"><div class=\"fusion-column-wrapper fusion-flex-justify-content-flex-start fusion-content-layout-column fusion-carousel-item-wrapper\"><div class=\"fusion-image-element \" style=\"--awb-caption-overlay-color:var(--awb-color8);--awb-caption-title-font-family:var(--h6_typography-font-family);--awb-caption-title-font-weight:var(--h6_typography-font-weight);--awb-caption-title-font-style:var(--h6_typography-font-style);--awb-caption-title-size:11px;--awb-caption-title-transform:uppercase;--awb-caption-title-line-height:var(--h6_typography-line-height);--awb-caption-title-letter-spacing:var(--h6_typography-letter-spacing);\"><span class=\" fusion-imageframe imageframe-none imageframe-50 awb-imageframe-style awb-imageframe-style-schantel\"><a class=\"fusion-no-lightbox\" href=\"https:\/\/centrocar.com\/portugal\/type\/pt-mini-escavadoras\/\" target=\"_self\"><img decoding=\"async\" src=\"http:\/\/centrocar.com\/portugal\/wp-content\/uploads\/sites\/2\/2023\/08\/DX27Z.jpg\" alt class=\"img-responsive\"\/><div class=\"awb-imageframe-caption-container\"><div class=\"awb-imageframe-caption\"><h6 class=\"awb-imageframe-caption-title\">Mini Escavadoras<\/h6><\/div><\/div><\/a><\/span><\/div><\/div><\/div>\n<div class=\"fusion_builder_column fusion-builder-column-54 fusion-flex-column post-card swiper-slide\" style=\"--awb-bg-blend:overlay;--awb-bg-size:cover;--awb-flex-grow:0;--awb-flex-shrink:0;--awb-flex-grow-medium:0;--awb-flex-shrink-medium:0;--awb-flex-grow-small:0;--awb-flex-shrink-small:0;\"><div class=\"fusion-column-wrapper fusion-flex-justify-content-flex-start fusion-content-layout-column fusion-carousel-item-wrapper\"><\/div><\/div>\n<div class=\"fusion_builder_column fusion-builder-column-55 fusion-flex-column post-card swiper-slide\" style=\"--awb-bg-blend:overlay;--awb-bg-size:cover;--awb-flex-grow:0;--awb-flex-shrink:0;--awb-flex-grow-medium:0;--awb-flex-shrink-medium:0;--awb-flex-grow-small:0;--awb-flex-shrink-small:0;\"><div class=\"fusion-column-wrapper fusion-flex-justify-content-flex-start fusion-content-layout-column fusion-carousel-item-wrapper\"><\/div><\/div>\n<div class=\"fusion_builder_column fusion-builder-column-56 fusion-flex-column post-card swiper-slide\" style=\"--awb-bg-blend:overlay;--awb-bg-size:cover;--awb-flex-grow:0;--awb-flex-shrink:0;--awb-flex-grow-medium:0;--awb-flex-shrink-medium:0;--awb-flex-grow-small:0;--awb-flex-shrink-small:0;\"><div class=\"fusion-column-wrapper fusion-flex-justify-content-flex-start fusion-content-layout-column fusion-carousel-item-wrapper\"><div class=\"fusion-image-element \" style=\"--awb-caption-overlay-color:var(--awb-color8);--awb-caption-title-font-family:var(--h6_typography-font-family);--awb-caption-title-font-weight:var(--h6_typography-font-weight);--awb-caption-title-font-style:var(--h6_typography-font-style);--awb-caption-title-size:11px;--awb-caption-title-transform:uppercase;--awb-caption-title-line-height:var(--h6_typography-line-height);--awb-caption-title-letter-spacing:var(--h6_typography-letter-spacing);\"><span class=\" fusion-imageframe imageframe-none imageframe-53 awb-imageframe-style awb-imageframe-style-schantel\"><a class=\"fusion-no-lightbox\" href=\"https:\/\/centrocar.com\/portugal\/en\/type\/en-material-handlers\/\" target=\"_self\"><img decoding=\"async\" src=\"http:\/\/centrocar.com\/portugal\/wp-content\/uploads\/sites\/2\/2023\/10\/Depositos-Moveis.jpg\" alt class=\"img-responsive\"\/><div class=\"awb-imageframe-caption-container\"><div class=\"awb-imageframe-caption\"><h6 class=\"awb-imageframe-caption-title\">Material Handlers<\/h6><\/div><\/div><\/a><\/span><\/div><\/div><\/div>\n<div class=\"fusion_builder_column fusion-builder-column-57 fusion-flex-column post-card swiper-slide\" style=\"--awb-bg-blend:overlay;--awb-bg-size:cover;--awb-flex-grow:0;--awb-flex-shrink:0;--awb-flex-grow-medium:0;--awb-flex-shrink-medium:0;--awb-flex-grow-small:0;--awb-flex-shrink-small:0;\"><div class=\"fusion-column-wrapper fusion-flex-justify-content-flex-start fusion-content-layout-column fusion-carousel-item-wrapper\"><div class=\"fusion-image-element \" style=\"--awb-caption-overlay-color:var(--awb-color8);--awb-caption-title-font-family:var(--h6_typography-font-family);--awb-caption-title-font-weight:var(--h6_typography-font-weight);--awb-caption-title-font-style:var(--h6_typography-font-style);--awb-caption-title-size:11px;--awb-caption-title-transform:uppercase;--awb-caption-title-line-height:var(--h6_typography-line-height);--awb-caption-title-letter-spacing:var(--h6_typography-letter-spacing);\"><span class=\" fusion-imageframe imageframe-none imageframe-54 awb-imageframe-style awb-imageframe-style-schantel\"><a class=\"fusion-no-lightbox\" href=\"https:\/\/centrocar.com\/portugal\/es\/type\/es-martillos-hidraulicos\/\" target=\"_self\"><img decoding=\"async\" src=\"http:\/\/centrocar.com\/portugal\/wp-content\/uploads\/sites\/2\/2023\/06\/type_breakers_montabert.jpg\" alt class=\"img-responsive\"\/><div class=\"awb-imageframe-caption-container\"><div class=\"awb-imageframe-caption\"><h6 class=\"awb-imageframe-caption-title\">Martillos Hidr\u00e1ulicos<\/h6><\/div><\/div><\/a><\/span><\/div><\/div><\/div>\n<div class=\"fusion_builder_column fusion-builder-column-58 fusion-flex-column post-card swiper-slide\" style=\"--awb-bg-blend:overlay;--awb-bg-size:cover;--awb-flex-grow:0;--awb-flex-shrink:0;--awb-flex-grow-medium:0;--awb-flex-shrink-medium:0;--awb-flex-grow-small:0;--awb-flex-shrink-small:0;\"><div class=\"fusion-column-wrapper fusion-flex-justify-content-flex-start fusion-content-layout-column fusion-carousel-item-wrapper\"><div class=\"fusion-image-element \" style=\"--awb-caption-overlay-color:var(--awb-color8);--awb-caption-title-font-family:var(--h6_typography-font-family);--awb-caption-title-font-weight:var(--h6_typography-font-weight);--awb-caption-title-font-style:var(--h6_typography-font-style);--awb-caption-title-size:11px;--awb-caption-title-transform:uppercase;--awb-caption-title-line-height:var(--h6_typography-line-height);--awb-caption-title-letter-spacing:var(--h6_typography-letter-spacing);\"><span class=\" fusion-imageframe imageframe-none imageframe-55 awb-imageframe-style awb-imageframe-style-schantel\"><a class=\"fusion-no-lightbox\" href=\"https:\/\/centrocar.com\/portugal\/type\/pt-martelos-hidraulicos\/\" target=\"_self\"><img decoding=\"async\" src=\"http:\/\/centrocar.com\/portugal\/wp-content\/uploads\/sites\/2\/2023\/06\/type_breakers_montabert.jpg\" alt class=\"img-responsive\"\/><div class=\"awb-imageframe-caption-container\"><div class=\"awb-imageframe-caption\"><h6 class=\"awb-imageframe-caption-title\">Martelos Hidra\u00falicos<\/h6><\/div><\/div><\/a><\/span><\/div><\/div><\/div>\n<div class=\"fusion_builder_column fusion-builder-column-59 fusion-flex-column post-card swiper-slide\" style=\"--awb-bg-blend:overlay;--awb-bg-size:cover;--awb-flex-grow:0;--awb-flex-shrink:0;--awb-flex-grow-medium:0;--awb-flex-shrink-medium:0;--awb-flex-grow-small:0;--awb-flex-shrink-small:0;\"><div class=\"fusion-column-wrapper fusion-flex-justify-content-flex-start fusion-content-layout-column fusion-carousel-item-wrapper\"><div class=\"fusion-image-element \" style=\"--awb-caption-overlay-color:var(--awb-color8);--awb-caption-title-font-family:var(--h6_typography-font-family);--awb-caption-title-font-weight:var(--h6_typography-font-weight);--awb-caption-title-font-style:var(--h6_typography-font-style);--awb-caption-title-size:11px;--awb-caption-title-transform:uppercase;--awb-caption-title-line-height:var(--h6_typography-line-height);--awb-caption-title-letter-spacing:var(--h6_typography-letter-spacing);\"><span class=\" fusion-imageframe imageframe-none imageframe-56 awb-imageframe-style awb-imageframe-style-schantel\"><a class=\"fusion-no-lightbox\" href=\"https:\/\/centrocar.com\/portugal\/type\/pt-manipuladores-telescopicos-rotativos\/\" target=\"_self\"><img decoding=\"async\" src=\"http:\/\/centrocar.com\/portugal\/wp-content\/uploads\/sites\/2\/2023\/10\/Manipuladores-Telescopicos-Rotativos.jpg\" alt class=\"img-responsive\"\/><div class=\"awb-imageframe-caption-container\"><div class=\"awb-imageframe-caption\"><h6 class=\"awb-imageframe-caption-title\">Manipuladores Telesc\u00f3picos Rotativos<\/h6><\/div><\/div><\/a><\/span><\/div><\/div><\/div>\n<div class=\"fusion_builder_column fusion-builder-column-60 fusion-flex-column post-card swiper-slide\" style=\"--awb-bg-blend:overlay;--awb-bg-size:cover;--awb-flex-grow:0;--awb-flex-shrink:0;--awb-flex-grow-medium:0;--awb-flex-shrink-medium:0;--awb-flex-grow-small:0;--awb-flex-shrink-small:0;\"><div class=\"fusion-column-wrapper fusion-flex-justify-content-flex-start fusion-content-layout-column fusion-carousel-item-wrapper\"><div class=\"fusion-image-element \" style=\"--awb-caption-overlay-color:var(--awb-color8);--awb-caption-title-font-family:var(--h6_typography-font-family);--awb-caption-title-font-weight:var(--h6_typography-font-weight);--awb-caption-title-font-style:var(--h6_typography-font-style);--awb-caption-title-size:11px;--awb-caption-title-transform:uppercase;--awb-caption-title-line-height:var(--h6_typography-line-height);--awb-caption-title-letter-spacing:var(--h6_typography-letter-spacing);\"><span class=\" fusion-imageframe imageframe-none imageframe-57 awb-imageframe-style awb-imageframe-style-schantel\"><a class=\"fusion-no-lightbox\" href=\"https:\/\/centrocar.com\/portugal\/type\/pt-manipuladores-telescopicos\/\" target=\"_self\"><img decoding=\"async\" src=\"http:\/\/centrocar.com\/portugal\/wp-content\/uploads\/sites\/2\/2023\/06\/type_telescopic_handlers.jpg\" alt class=\"img-responsive\"\/><div class=\"awb-imageframe-caption-container\"><div class=\"awb-imageframe-caption\"><h6 class=\"awb-imageframe-caption-title\">Manipuladores Telesc\u00f3picos<\/h6><\/div><\/div><\/a><\/span><\/div><\/div><\/div>\n<div class=\"fusion_builder_column fusion-builder-column-61 fusion-flex-column post-card swiper-slide\" style=\"--awb-bg-blend:overlay;--awb-bg-size:cover;--awb-flex-grow:0;--awb-flex-shrink:0;--awb-flex-grow-medium:0;--awb-flex-shrink-medium:0;--awb-flex-grow-small:0;--awb-flex-shrink-small:0;\"><div class=\"fusion-column-wrapper fusion-flex-justify-content-flex-start fusion-content-layout-column fusion-carousel-item-wrapper\"><div class=\"fusion-image-element \" style=\"--awb-caption-overlay-color:var(--awb-color8);--awb-caption-title-font-family:var(--h6_typography-font-family);--awb-caption-title-font-weight:var(--h6_typography-font-weight);--awb-caption-title-font-style:var(--h6_typography-font-style);--awb-caption-title-size:11px;--awb-caption-title-transform:uppercase;--awb-caption-title-line-height:var(--h6_typography-line-height);--awb-caption-title-letter-spacing:var(--h6_typography-letter-spacing);\"><span class=\" fusion-imageframe imageframe-none imageframe-58 awb-imageframe-style awb-imageframe-style-schantel\"><a class=\"fusion-no-lightbox\" href=\"https:\/\/centrocar.com\/portugal\/es\/type\/es-manipulador-telescopico-giratorio\/\" target=\"_self\"><img decoding=\"async\" src=\"http:\/\/centrocar.com\/portugal\/wp-content\/uploads\/sites\/2\/2023\/10\/Manipuladores-Telescopicos-Rotativos.jpg\" alt class=\"img-responsive\"\/><div class=\"awb-imageframe-caption-container\"><div class=\"awb-imageframe-caption\"><h6 class=\"awb-imageframe-caption-title\">Manipulador Telesc\u00f3pico Giratorio<\/h6><\/div><\/div><\/a><\/span><\/div><\/div><\/div>\n<div class=\"fusion_builder_column fusion-builder-column-62 fusion-flex-column post-card swiper-slide\" style=\"--awb-bg-blend:overlay;--awb-bg-size:cover;--awb-flex-grow:0;--awb-flex-shrink:0;--awb-flex-grow-medium:0;--awb-flex-shrink-medium:0;--awb-flex-grow-small:0;--awb-flex-shrink-small:0;\"><div class=\"fusion-column-wrapper fusion-flex-justify-content-flex-start fusion-content-layout-column fusion-carousel-item-wrapper\"><div class=\"fusion-image-element \" style=\"--awb-caption-overlay-color:var(--awb-color8);--awb-caption-title-font-family:var(--h6_typography-font-family);--awb-caption-title-font-weight:var(--h6_typography-font-weight);--awb-caption-title-font-style:var(--h6_typography-font-style);--awb-caption-title-size:11px;--awb-caption-title-transform:uppercase;--awb-caption-title-line-height:var(--h6_typography-line-height);--awb-caption-title-letter-spacing:var(--h6_typography-letter-spacing);\"><span class=\" fusion-imageframe imageframe-none imageframe-59 awb-imageframe-style awb-imageframe-style-schantel\"><a class=\"fusion-no-lightbox\" href=\"https:\/\/centrocar.com\/portugal\/es\/type\/es-manipulador-telescopico\/\" target=\"_self\"><img decoding=\"async\" src=\"http:\/\/centrocar.com\/portugal\/wp-content\/uploads\/sites\/2\/2023\/06\/type_telescopic_handlers.jpg\" alt class=\"img-responsive\"\/><div class=\"awb-imageframe-caption-container\"><div class=\"awb-imageframe-caption\"><h6 class=\"awb-imageframe-caption-title\">Manipulador Telesc\u00f3pico<\/h6><\/div><\/div><\/a><\/span><\/div><\/div><\/div>\n<div class=\"fusion_builder_column fusion-builder-column-63 fusion-flex-column post-card swiper-slide\" style=\"--awb-bg-blend:overlay;--awb-bg-size:cover;--awb-flex-grow:0;--awb-flex-shrink:0;--awb-flex-grow-medium:0;--awb-flex-shrink-medium:0;--awb-flex-grow-small:0;--awb-flex-shrink-small:0;\"><div class=\"fusion-column-wrapper fusion-flex-justify-content-flex-start fusion-content-layout-column fusion-carousel-item-wrapper\"><div class=\"fusion-image-element \" style=\"--awb-caption-overlay-color:var(--awb-color8);--awb-caption-title-font-family:var(--h6_typography-font-family);--awb-caption-title-font-weight:var(--h6_typography-font-weight);--awb-caption-title-font-style:var(--h6_typography-font-style);--awb-caption-title-size:11px;--awb-caption-title-transform:uppercase;--awb-caption-title-line-height:var(--h6_typography-line-height);--awb-caption-title-letter-spacing:var(--h6_typography-letter-spacing);\"><span class=\" fusion-imageframe imageframe-none imageframe-60 awb-imageframe-style awb-imageframe-style-schantel\"><a class=\"fusion-no-lightbox\" href=\"https:\/\/centrocar.com\/portugal\/es\/type\/es-machacadora\/\" target=\"_self\"><img decoding=\"async\" src=\"http:\/\/centrocar.com\/portugal\/wp-content\/uploads\/sites\/2\/2023\/06\/type_crushers_screeners_evoquip.jpg\" alt class=\"img-responsive\"\/><div class=\"awb-imageframe-caption-container\"><div class=\"awb-imageframe-caption\"><h6 class=\"awb-imageframe-caption-title\">Machacadora<\/h6><\/div><\/div><\/a><\/span><\/div><\/div><\/div>\n<div class=\"fusion_builder_column fusion-builder-column-64 fusion-flex-column post-card swiper-slide\" style=\"--awb-bg-blend:overlay;--awb-bg-size:cover;--awb-flex-grow:0;--awb-flex-shrink:0;--awb-flex-grow-medium:0;--awb-flex-shrink-medium:0;--awb-flex-grow-small:0;--awb-flex-shrink-small:0;\"><div class=\"fusion-column-wrapper fusion-flex-justify-content-flex-start fusion-content-layout-column fusion-carousel-item-wrapper\"><div class=\"fusion-image-element \" style=\"--awb-caption-overlay-color:var(--awb-color8);--awb-caption-title-font-family:var(--h6_typography-font-family);--awb-caption-title-font-weight:var(--h6_typography-font-weight);--awb-caption-title-font-style:var(--h6_typography-font-style);--awb-caption-title-size:11px;--awb-caption-title-transform:uppercase;--awb-caption-title-line-height:var(--h6_typography-line-height);--awb-caption-title-letter-spacing:var(--h6_typography-letter-spacing);\"><span class=\" fusion-imageframe imageframe-none imageframe-61 awb-imageframe-style awb-imageframe-style-schantel\"><a class=\"fusion-no-lightbox\" href=\"https:\/\/centrocar.com\/portugal\/en\/type\/en-light-towers\/\" target=\"_self\" aria-label=\"home_torres de luz\"><img decoding=\"async\" width=\"809\" height=\"550\" src=\"https:\/\/centrocar.com\/portugal\/wp-content\/uploads\/sites\/2\/2023\/12\/home_torres-de-luz.jpg\" alt class=\"img-responsive wp-image-8627\" srcset=\"https:\/\/centrocar.com\/portugal\/wp-content\/uploads\/sites\/2\/2023\/12\/home_torres-de-luz-200x136.jpg 200w, https:\/\/centrocar.com\/portugal\/wp-content\/uploads\/sites\/2\/2023\/12\/home_torres-de-luz-400x272.jpg 400w, https:\/\/centrocar.com\/portugal\/wp-content\/uploads\/sites\/2\/2023\/12\/home_torres-de-luz-600x408.jpg 600w, https:\/\/centrocar.com\/portugal\/wp-content\/uploads\/sites\/2\/2023\/12\/home_torres-de-luz-800x544.jpg 800w, https:\/\/centrocar.com\/portugal\/wp-content\/uploads\/sites\/2\/2023\/12\/home_torres-de-luz.jpg 809w\" sizes=\"(max-width: 640px) 100vw, 809px\" \/><div class=\"awb-imageframe-caption-container\"><div class=\"awb-imageframe-caption\"><h6 class=\"awb-imageframe-caption-title\">Light Towers<\/h6><\/div><\/div><\/a><\/span><\/div><\/div><\/div>\n<div class=\"fusion_builder_column fusion-builder-column-65 fusion-flex-column post-card swiper-slide\" style=\"--awb-bg-blend:overlay;--awb-bg-size:cover;--awb-flex-grow:0;--awb-flex-shrink:0;--awb-flex-grow-medium:0;--awb-flex-shrink-medium:0;--awb-flex-grow-small:0;--awb-flex-shrink-small:0;\"><div class=\"fusion-column-wrapper fusion-flex-justify-content-flex-start fusion-content-layout-column fusion-carousel-item-wrapper\"><div class=\"fusion-image-element \" style=\"--awb-caption-overlay-color:var(--awb-color8);--awb-caption-title-font-family:var(--h6_typography-font-family);--awb-caption-title-font-weight:var(--h6_typography-font-weight);--awb-caption-title-font-style:var(--h6_typography-font-style);--awb-caption-title-size:11px;--awb-caption-title-transform:uppercase;--awb-caption-title-line-height:var(--h6_typography-line-height);--awb-caption-title-letter-spacing:var(--h6_typography-letter-spacing);\"><span class=\" fusion-imageframe imageframe-none imageframe-62 awb-imageframe-style awb-imageframe-style-schantel\"><a class=\"fusion-no-lightbox\" href=\"https:\/\/centrocar.com\/portugal\/en\/type\/en-light-compaction\/\" target=\"_self\"><img decoding=\"async\" src=\"http:\/\/centrocar.com\/portugal\/wp-content\/uploads\/sites\/2\/2023\/06\/type_light_compaction.jpg\" alt class=\"img-responsive\"\/><div class=\"awb-imageframe-caption-container\"><div class=\"awb-imageframe-caption\"><h6 class=\"awb-imageframe-caption-title\">Light compaction<\/h6><\/div><\/div><\/a><\/span><\/div><\/div><\/div>\n<div class=\"fusion_builder_column fusion-builder-column-66 fusion-flex-column post-card swiper-slide\" style=\"--awb-bg-blend:overlay;--awb-bg-size:cover;--awb-flex-grow:0;--awb-flex-shrink:0;--awb-flex-grow-medium:0;--awb-flex-shrink-medium:0;--awb-flex-grow-small:0;--awb-flex-shrink-small:0;\"><div class=\"fusion-column-wrapper fusion-flex-justify-content-flex-start fusion-content-layout-column fusion-carousel-item-wrapper\"><div class=\"fusion-image-element \" style=\"--awb-caption-overlay-color:var(--awb-color8);--awb-caption-title-font-family:var(--h6_typography-font-family);--awb-caption-title-font-weight:var(--h6_typography-font-weight);--awb-caption-title-font-style:var(--h6_typography-font-style);--awb-caption-title-size:11px;--awb-caption-title-transform:uppercase;--awb-caption-title-line-height:var(--h6_typography-line-height);--awb-caption-title-letter-spacing:var(--h6_typography-letter-spacing);\"><span class=\" fusion-imageframe imageframe-none imageframe-63 awb-imageframe-style awb-imageframe-style-schantel\"><a class=\"fusion-no-lightbox\" href=\"https:\/\/centrocar.com\/portugal\/en\/type\/en-lifting-platforms\/\" target=\"_self\"><img decoding=\"async\" src=\"http:\/\/centrocar.com\/portugal\/wp-content\/uploads\/sites\/2\/2023\/06\/type_lifting_plataforms.jpg\" alt class=\"img-responsive\"\/><div class=\"awb-imageframe-caption-container\"><div class=\"awb-imageframe-caption\"><h6 class=\"awb-imageframe-caption-title\">Lifting Platforms<\/h6><\/div><\/div><\/a><\/span><\/div><\/div><\/div>\n<div class=\"fusion_builder_column fusion-builder-column-67 fusion-flex-column post-card swiper-slide\" style=\"--awb-bg-blend:overlay;--awb-bg-size:cover;--awb-flex-grow:0;--awb-flex-shrink:0;--awb-flex-grow-medium:0;--awb-flex-shrink-medium:0;--awb-flex-grow-small:0;--awb-flex-shrink-small:0;\"><div class=\"fusion-column-wrapper fusion-flex-justify-content-flex-start fusion-content-layout-column fusion-carousel-item-wrapper\"><\/div><\/div>\n<div class=\"fusion_builder_column fusion-builder-column-68 fusion-flex-column post-card swiper-slide\" style=\"--awb-bg-blend:overlay;--awb-bg-size:cover;--awb-flex-grow:0;--awb-flex-shrink:0;--awb-flex-grow-medium:0;--awb-flex-shrink-medium:0;--awb-flex-grow-small:0;--awb-flex-shrink-small:0;\"><div class=\"fusion-column-wrapper fusion-flex-justify-content-flex-start fusion-content-layout-column fusion-carousel-item-wrapper\"><\/div><\/div>\n<div class=\"fusion_builder_column fusion-builder-column-69 fusion-flex-column post-card swiper-slide\" style=\"--awb-bg-blend:overlay;--awb-bg-size:cover;--awb-flex-grow:0;--awb-flex-shrink:0;--awb-flex-grow-medium:0;--awb-flex-shrink-medium:0;--awb-flex-grow-small:0;--awb-flex-shrink-small:0;\"><div class=\"fusion-column-wrapper fusion-flex-justify-content-flex-start fusion-content-layout-column fusion-carousel-item-wrapper\"><\/div><\/div>\n<div class=\"fusion_builder_column fusion-builder-column-70 fusion-flex-column post-card swiper-slide\" style=\"--awb-bg-blend:overlay;--awb-bg-size:cover;--awb-flex-grow:0;--awb-flex-shrink:0;--awb-flex-grow-medium:0;--awb-flex-shrink-medium:0;--awb-flex-grow-small:0;--awb-flex-shrink-small:0;\"><div class=\"fusion-column-wrapper fusion-flex-justify-content-flex-start fusion-content-layout-column fusion-carousel-item-wrapper\"><\/div><\/div>\n<div class=\"fusion_builder_column fusion-builder-column-71 fusion-flex-column post-card swiper-slide\" style=\"--awb-bg-blend:overlay;--awb-bg-size:cover;--awb-flex-grow:0;--awb-flex-shrink:0;--awb-flex-grow-medium:0;--awb-flex-shrink-medium:0;--awb-flex-grow-small:0;--awb-flex-shrink-small:0;\"><div class=\"fusion-column-wrapper fusion-flex-justify-content-flex-start fusion-content-layout-column fusion-carousel-item-wrapper\"><\/div><\/div>\n<div class=\"fusion_builder_column fusion-builder-column-72 fusion-flex-column post-card swiper-slide\" style=\"--awb-bg-blend:overlay;--awb-bg-size:cover;--awb-flex-grow:0;--awb-flex-shrink:0;--awb-flex-grow-medium:0;--awb-flex-shrink-medium:0;--awb-flex-grow-small:0;--awb-flex-shrink-small:0;\"><div class=\"fusion-column-wrapper fusion-flex-justify-content-flex-start fusion-content-layout-column fusion-carousel-item-wrapper\"><\/div><\/div>\n<div class=\"fusion_builder_column fusion-builder-column-73 fusion-flex-column post-card swiper-slide\" style=\"--awb-bg-blend:overlay;--awb-bg-size:cover;--awb-flex-grow:0;--awb-flex-shrink:0;--awb-flex-grow-medium:0;--awb-flex-shrink-medium:0;--awb-flex-grow-small:0;--awb-flex-shrink-small:0;\"><div class=\"fusion-column-wrapper fusion-flex-justify-content-flex-start fusion-content-layout-column fusion-carousel-item-wrapper\"><\/div><\/div>\n<div class=\"fusion_builder_column fusion-builder-column-74 fusion-flex-column post-card swiper-slide\" style=\"--awb-bg-blend:overlay;--awb-bg-size:cover;--awb-flex-grow:0;--awb-flex-shrink:0;--awb-flex-grow-medium:0;--awb-flex-shrink-medium:0;--awb-flex-grow-small:0;--awb-flex-shrink-small:0;\"><div class=\"fusion-column-wrapper fusion-flex-justify-content-flex-start fusion-content-layout-column fusion-carousel-item-wrapper\"><div class=\"fusion-image-element \" style=\"--awb-caption-overlay-color:var(--awb-color8);--awb-caption-title-font-family:var(--h6_typography-font-family);--awb-caption-title-font-weight:var(--h6_typography-font-weight);--awb-caption-title-font-style:var(--h6_typography-font-style);--awb-caption-title-size:11px;--awb-caption-title-transform:uppercase;--awb-caption-title-line-height:var(--h6_typography-line-height);--awb-caption-title-letter-spacing:var(--h6_typography-letter-spacing);\"><span class=\" fusion-imageframe imageframe-none imageframe-71 awb-imageframe-style awb-imageframe-style-schantel\"><a class=\"fusion-no-lightbox\" href=\"https:\/\/centrocar.com\/portugal\/type\/pt-geradores\/\" target=\"_self\" aria-label=\"home_geradores\"><img decoding=\"async\" width=\"809\" height=\"550\" src=\"https:\/\/centrocar.com\/portugal\/wp-content\/uploads\/sites\/2\/2023\/12\/home_geradores.jpg\" alt class=\"img-responsive wp-image-8625\" srcset=\"https:\/\/centrocar.com\/portugal\/wp-content\/uploads\/sites\/2\/2023\/12\/home_geradores-200x136.jpg 200w, https:\/\/centrocar.com\/portugal\/wp-content\/uploads\/sites\/2\/2023\/12\/home_geradores-400x272.jpg 400w, https:\/\/centrocar.com\/portugal\/wp-content\/uploads\/sites\/2\/2023\/12\/home_geradores-600x408.jpg 600w, https:\/\/centrocar.com\/portugal\/wp-content\/uploads\/sites\/2\/2023\/12\/home_geradores-800x544.jpg 800w, https:\/\/centrocar.com\/portugal\/wp-content\/uploads\/sites\/2\/2023\/12\/home_geradores.jpg 809w\" sizes=\"(max-width: 640px) 100vw, 809px\" \/><div class=\"awb-imageframe-caption-container\"><div class=\"awb-imageframe-caption\"><h6 class=\"awb-imageframe-caption-title\">Geradores<\/h6><\/div><\/div><\/a><\/span><\/div><\/div><\/div>\n<div class=\"fusion_builder_column fusion-builder-column-75 fusion-flex-column post-card swiper-slide\" style=\"--awb-bg-blend:overlay;--awb-bg-size:cover;--awb-flex-grow:0;--awb-flex-shrink:0;--awb-flex-grow-medium:0;--awb-flex-shrink-medium:0;--awb-flex-grow-small:0;--awb-flex-shrink-small:0;\"><div class=\"fusion-column-wrapper fusion-flex-justify-content-flex-start fusion-content-layout-column fusion-carousel-item-wrapper\"><div class=\"fusion-image-element \" style=\"--awb-caption-overlay-color:var(--awb-color8);--awb-caption-title-font-family:var(--h6_typography-font-family);--awb-caption-title-font-weight:var(--h6_typography-font-weight);--awb-caption-title-font-style:var(--h6_typography-font-style);--awb-caption-title-size:11px;--awb-caption-title-transform:uppercase;--awb-caption-title-line-height:var(--h6_typography-line-height);--awb-caption-title-letter-spacing:var(--h6_typography-letter-spacing);\"><span class=\" fusion-imageframe imageframe-none imageframe-72 awb-imageframe-style awb-imageframe-style-schantel\"><a class=\"fusion-no-lightbox\" href=\"https:\/\/centrocar.com\/portugal\/en\/type\/en-generators\/\" target=\"_self\" aria-label=\"home_geradores\"><img decoding=\"async\" width=\"809\" height=\"550\" src=\"https:\/\/centrocar.com\/portugal\/wp-content\/uploads\/sites\/2\/2023\/12\/home_geradores.jpg\" alt class=\"img-responsive wp-image-8625\" srcset=\"https:\/\/centrocar.com\/portugal\/wp-content\/uploads\/sites\/2\/2023\/12\/home_geradores-200x136.jpg 200w, https:\/\/centrocar.com\/portugal\/wp-content\/uploads\/sites\/2\/2023\/12\/home_geradores-400x272.jpg 400w, https:\/\/centrocar.com\/portugal\/wp-content\/uploads\/sites\/2\/2023\/12\/home_geradores-600x408.jpg 600w, https:\/\/centrocar.com\/portugal\/wp-content\/uploads\/sites\/2\/2023\/12\/home_geradores-800x544.jpg 800w, https:\/\/centrocar.com\/portugal\/wp-content\/uploads\/sites\/2\/2023\/12\/home_geradores.jpg 809w\" sizes=\"(max-width: 640px) 100vw, 809px\" \/><div class=\"awb-imageframe-caption-container\"><div class=\"awb-imageframe-caption\"><h6 class=\"awb-imageframe-caption-title\">Generators<\/h6><\/div><\/div><\/a><\/span><\/div><\/div><\/div>\n<div class=\"fusion_builder_column fusion-builder-column-76 fusion-flex-column post-card swiper-slide\" style=\"--awb-bg-blend:overlay;--awb-bg-size:cover;--awb-flex-grow:0;--awb-flex-shrink:0;--awb-flex-grow-medium:0;--awb-flex-shrink-medium:0;--awb-flex-grow-small:0;--awb-flex-shrink-small:0;\"><div class=\"fusion-column-wrapper fusion-flex-justify-content-flex-start fusion-content-layout-column fusion-carousel-item-wrapper\"><div class=\"fusion-image-element \" style=\"--awb-caption-overlay-color:var(--awb-color8);--awb-caption-title-font-family:var(--h6_typography-font-family);--awb-caption-title-font-weight:var(--h6_typography-font-weight);--awb-caption-title-font-style:var(--h6_typography-font-style);--awb-caption-title-size:11px;--awb-caption-title-transform:uppercase;--awb-caption-title-line-height:var(--h6_typography-line-height);--awb-caption-title-letter-spacing:var(--h6_typography-letter-spacing);\"><span class=\" fusion-imageframe imageframe-none imageframe-73 awb-imageframe-style awb-imageframe-style-schantel\"><a class=\"fusion-no-lightbox\" href=\"https:\/\/centrocar.com\/portugal\/es\/type\/es-generadores\/\" target=\"_self\" aria-label=\"home_geradores\"><img decoding=\"async\" width=\"809\" height=\"550\" src=\"https:\/\/centrocar.com\/portugal\/wp-content\/uploads\/sites\/2\/2023\/12\/home_geradores.jpg\" alt class=\"img-responsive wp-image-8625\" srcset=\"https:\/\/centrocar.com\/portugal\/wp-content\/uploads\/sites\/2\/2023\/12\/home_geradores-200x136.jpg 200w, https:\/\/centrocar.com\/portugal\/wp-content\/uploads\/sites\/2\/2023\/12\/home_geradores-400x272.jpg 400w, https:\/\/centrocar.com\/portugal\/wp-content\/uploads\/sites\/2\/2023\/12\/home_geradores-600x408.jpg 600w, https:\/\/centrocar.com\/portugal\/wp-content\/uploads\/sites\/2\/2023\/12\/home_geradores-800x544.jpg 800w, https:\/\/centrocar.com\/portugal\/wp-content\/uploads\/sites\/2\/2023\/12\/home_geradores.jpg 809w\" sizes=\"(max-width: 640px) 100vw, 809px\" \/><div class=\"awb-imageframe-caption-container\"><div class=\"awb-imageframe-caption\"><h6 class=\"awb-imageframe-caption-title\">Generadores<\/h6><\/div><\/div><\/a><\/span><\/div><\/div><\/div>\n<div class=\"fusion_builder_column fusion-builder-column-77 fusion-flex-column post-card swiper-slide\" style=\"--awb-bg-blend:overlay;--awb-bg-size:cover;--awb-flex-grow:0;--awb-flex-shrink:0;--awb-flex-grow-medium:0;--awb-flex-shrink-medium:0;--awb-flex-grow-small:0;--awb-flex-shrink-small:0;\"><div class=\"fusion-column-wrapper fusion-flex-justify-content-flex-start fusion-content-layout-column fusion-carousel-item-wrapper\"><\/div><\/div>\n<div class=\"fusion_builder_column fusion-builder-column-78 fusion-flex-column post-card swiper-slide\" style=\"--awb-bg-blend:overlay;--awb-bg-size:cover;--awb-flex-grow:0;--awb-flex-shrink:0;--awb-flex-grow-medium:0;--awb-flex-shrink-medium:0;--awb-flex-grow-small:0;--awb-flex-shrink-small:0;\"><div class=\"fusion-column-wrapper fusion-flex-justify-content-flex-start fusion-content-layout-column fusion-carousel-item-wrapper\"><div class=\"fusion-image-element \" style=\"--awb-caption-overlay-color:var(--awb-color8);--awb-caption-title-font-family:var(--h6_typography-font-family);--awb-caption-title-font-weight:var(--h6_typography-font-weight);--awb-caption-title-font-style:var(--h6_typography-font-style);--awb-caption-title-size:11px;--awb-caption-title-transform:uppercase;--awb-caption-title-line-height:var(--h6_typography-line-height);--awb-caption-title-letter-spacing:var(--h6_typography-letter-spacing);\"><span class=\" fusion-imageframe imageframe-none imageframe-75 awb-imageframe-style awb-imageframe-style-schantel\"><a class=\"fusion-no-lightbox\" href=\"https:\/\/centrocar.com\/portugal\/en\/type\/en-feeders-en\/\" target=\"_self\"><img decoding=\"async\" src=\"http:\/\/centrocar.com\/portugal\/wp-content\/uploads\/sites\/2\/2023\/10\/Alimentadores.jpg\" alt class=\"img-responsive\"\/><div class=\"awb-imageframe-caption-container\"><div class=\"awb-imageframe-caption\"><h6 class=\"awb-imageframe-caption-title\">Feeders<\/h6><\/div><\/div><\/a><\/span><\/div><\/div><\/div>\n<div class=\"fusion_builder_column fusion-builder-column-79 fusion-flex-column post-card swiper-slide\" style=\"--awb-bg-blend:overlay;--awb-bg-size:cover;--awb-flex-grow:0;--awb-flex-shrink:0;--awb-flex-grow-medium:0;--awb-flex-shrink-medium:0;--awb-flex-grow-small:0;--awb-flex-shrink-small:0;\"><div class=\"fusion-column-wrapper fusion-flex-justify-content-flex-start fusion-content-layout-column fusion-carousel-item-wrapper\"><div class=\"fusion-image-element \" style=\"--awb-caption-overlay-color:var(--awb-color8);--awb-caption-title-font-family:var(--h6_typography-font-family);--awb-caption-title-font-weight:var(--h6_typography-font-weight);--awb-caption-title-font-style:var(--h6_typography-font-style);--awb-caption-title-size:11px;--awb-caption-title-transform:uppercase;--awb-caption-title-line-height:var(--h6_typography-line-height);--awb-caption-title-letter-spacing:var(--h6_typography-letter-spacing);\"><span class=\" fusion-imageframe imageframe-none imageframe-76 awb-imageframe-style awb-imageframe-style-schantel\"><a class=\"fusion-no-lightbox\" href=\"https:\/\/centrocar.com\/portugal\/type\/pt-escavadoras-de-rodas\/\" target=\"_self\" aria-label=\"home_escavadoras de rodas\"><img decoding=\"async\" width=\"809\" height=\"550\" src=\"https:\/\/centrocar.com\/portugal\/wp-content\/uploads\/sites\/2\/2023\/12\/home_escavadoras-de-rodas.jpg\" alt class=\"img-responsive wp-image-8624\" srcset=\"https:\/\/centrocar.com\/portugal\/wp-content\/uploads\/sites\/2\/2023\/12\/home_escavadoras-de-rodas-200x136.jpg 200w, https:\/\/centrocar.com\/portugal\/wp-content\/uploads\/sites\/2\/2023\/12\/home_escavadoras-de-rodas-400x272.jpg 400w, https:\/\/centrocar.com\/portugal\/wp-content\/uploads\/sites\/2\/2023\/12\/home_escavadoras-de-rodas-600x408.jpg 600w, https:\/\/centrocar.com\/portugal\/wp-content\/uploads\/sites\/2\/2023\/12\/home_escavadoras-de-rodas-800x544.jpg 800w, https:\/\/centrocar.com\/portugal\/wp-content\/uploads\/sites\/2\/2023\/12\/home_escavadoras-de-rodas.jpg 809w\" sizes=\"(max-width: 640px) 100vw, 809px\" \/><div class=\"awb-imageframe-caption-container\"><div class=\"awb-imageframe-caption\"><h6 class=\"awb-imageframe-caption-title\">Escavadoras de Rodas<\/h6><\/div><\/div><\/a><\/span><\/div><\/div><\/div>\n<div class=\"fusion_builder_column fusion-builder-column-80 fusion-flex-column post-card swiper-slide\" style=\"--awb-bg-blend:overlay;--awb-bg-size:cover;--awb-flex-grow:0;--awb-flex-shrink:0;--awb-flex-grow-medium:0;--awb-flex-shrink-medium:0;--awb-flex-grow-small:0;--awb-flex-shrink-small:0;\"><div class=\"fusion-column-wrapper fusion-flex-justify-content-flex-start fusion-content-layout-column fusion-carousel-item-wrapper\"><div class=\"fusion-image-element \" style=\"--awb-caption-overlay-color:var(--awb-color8);--awb-caption-title-font-family:var(--h6_typography-font-family);--awb-caption-title-font-weight:var(--h6_typography-font-weight);--awb-caption-title-font-style:var(--h6_typography-font-style);--awb-caption-title-size:11px;--awb-caption-title-transform:uppercase;--awb-caption-title-line-height:var(--h6_typography-line-height);--awb-caption-title-letter-spacing:var(--h6_typography-letter-spacing);\"><span class=\" fusion-imageframe imageframe-none imageframe-77 awb-imageframe-style awb-imageframe-style-schantel\"><a class=\"fusion-no-lightbox\" href=\"https:\/\/centrocar.com\/portugal\/type\/pt-escavadoras-de-rastos\/\" target=\"_self\" aria-label=\"home_escavadoras de rastos\"><img decoding=\"async\" width=\"809\" height=\"550\" src=\"https:\/\/centrocar.com\/portugal\/wp-content\/uploads\/sites\/2\/2023\/12\/home_escavadoras-de-rastos.jpg\" alt class=\"img-responsive wp-image-8623\" srcset=\"https:\/\/centrocar.com\/portugal\/wp-content\/uploads\/sites\/2\/2023\/12\/home_escavadoras-de-rastos-200x136.jpg 200w, https:\/\/centrocar.com\/portugal\/wp-content\/uploads\/sites\/2\/2023\/12\/home_escavadoras-de-rastos-400x272.jpg 400w, https:\/\/centrocar.com\/portugal\/wp-content\/uploads\/sites\/2\/2023\/12\/home_escavadoras-de-rastos-600x408.jpg 600w, https:\/\/centrocar.com\/portugal\/wp-content\/uploads\/sites\/2\/2023\/12\/home_escavadoras-de-rastos-800x544.jpg 800w, https:\/\/centrocar.com\/portugal\/wp-content\/uploads\/sites\/2\/2023\/12\/home_escavadoras-de-rastos.jpg 809w\" sizes=\"(max-width: 640px) 100vw, 809px\" \/><div class=\"awb-imageframe-caption-container\"><div class=\"awb-imageframe-caption\"><h6 class=\"awb-imageframe-caption-title\">Escavadoras de Rastos<\/h6><\/div><\/div><\/a><\/span><\/div><\/div><\/div>\n<div class=\"fusion_builder_column fusion-builder-column-81 fusion-flex-column post-card swiper-slide\" style=\"--awb-bg-blend:overlay;--awb-bg-size:cover;--awb-flex-grow:0;--awb-flex-shrink:0;--awb-flex-grow-medium:0;--awb-flex-shrink-medium:0;--awb-flex-grow-small:0;--awb-flex-shrink-small:0;\"><div class=\"fusion-column-wrapper fusion-flex-justify-content-flex-start fusion-content-layout-column fusion-carousel-item-wrapper\"><div class=\"fusion-image-element \" style=\"--awb-caption-overlay-color:var(--awb-color8);--awb-caption-title-font-family:var(--h6_typography-font-family);--awb-caption-title-font-weight:var(--h6_typography-font-weight);--awb-caption-title-font-style:var(--h6_typography-font-style);--awb-caption-title-size:11px;--awb-caption-title-transform:uppercase;--awb-caption-title-line-height:var(--h6_typography-line-height);--awb-caption-title-letter-spacing:var(--h6_typography-letter-spacing);\"><span class=\" fusion-imageframe imageframe-none imageframe-78 awb-imageframe-style awb-imageframe-style-schantel\"><a class=\"fusion-no-lightbox\" href=\"https:\/\/centrocar.com\/portugal\/es\/type\/es-equipos-de-lavado\/\" target=\"_self\"><img decoding=\"async\" src=\"http:\/\/centrocar.com\/portugal\/wp-content\/uploads\/sites\/2\/2023\/10\/Equipamentos-de-lavagem.jpg\" alt class=\"img-responsive\"\/><div class=\"awb-imageframe-caption-container\"><div class=\"awb-imageframe-caption\"><h6 class=\"awb-imageframe-caption-title\">Equipos de Lavado<\/h6><\/div><\/div><\/a><\/span><\/div><\/div><\/div>\n<div class=\"fusion_builder_column fusion-builder-column-82 fusion-flex-column post-card swiper-slide\" style=\"--awb-bg-blend:overlay;--awb-bg-size:cover;--awb-flex-grow:0;--awb-flex-shrink:0;--awb-flex-grow-medium:0;--awb-flex-shrink-medium:0;--awb-flex-grow-small:0;--awb-flex-shrink-small:0;\"><div class=\"fusion-column-wrapper fusion-flex-justify-content-flex-start fusion-content-layout-column fusion-carousel-item-wrapper\"><\/div><\/div>\n<div class=\"fusion_builder_column fusion-builder-column-83 fusion-flex-column post-card swiper-slide\" style=\"--awb-bg-blend:overlay;--awb-bg-size:cover;--awb-flex-grow:0;--awb-flex-shrink:0;--awb-flex-grow-medium:0;--awb-flex-shrink-medium:0;--awb-flex-grow-small:0;--awb-flex-shrink-small:0;\"><div class=\"fusion-column-wrapper fusion-flex-justify-content-flex-start fusion-content-layout-column fusion-carousel-item-wrapper\"><div class=\"fusion-image-element \" style=\"--awb-caption-overlay-color:var(--awb-color8);--awb-caption-title-font-family:var(--h6_typography-font-family);--awb-caption-title-font-weight:var(--h6_typography-font-weight);--awb-caption-title-font-style:var(--h6_typography-font-style);--awb-caption-title-size:11px;--awb-caption-title-transform:uppercase;--awb-caption-title-line-height:var(--h6_typography-line-height);--awb-caption-title-letter-spacing:var(--h6_typography-letter-spacing);\"><span class=\" fusion-imageframe imageframe-none imageframe-80 awb-imageframe-style awb-imageframe-style-schantel\"><a class=\"fusion-no-lightbox\" href=\"https:\/\/centrocar.com\/portugal\/type\/pt-equipamentos-de-lavagem\/\" target=\"_self\"><img decoding=\"async\" src=\"http:\/\/centrocar.com\/portugal\/wp-content\/uploads\/sites\/2\/2023\/10\/Equipamentos-de-lavagem.jpg\" alt class=\"img-responsive\"\/><div class=\"awb-imageframe-caption-container\"><div class=\"awb-imageframe-caption\"><h6 class=\"awb-imageframe-caption-title\">Equipamentos de Lavagem<\/h6><\/div><\/div><\/a><\/span><\/div><\/div><\/div>\n<div class=\"fusion_builder_column fusion-builder-column-84 fusion-flex-column post-card swiper-slide\" style=\"--awb-bg-blend:overlay;--awb-bg-size:cover;--awb-flex-grow:0;--awb-flex-shrink:0;--awb-flex-grow-medium:0;--awb-flex-shrink-medium:0;--awb-flex-grow-small:0;--awb-flex-shrink-small:0;\"><div class=\"fusion-column-wrapper fusion-flex-justify-content-flex-start fusion-content-layout-column fusion-carousel-item-wrapper\"><\/div><\/div>\n<div class=\"fusion_builder_column fusion-builder-column-85 fusion-flex-column post-card swiper-slide\" style=\"--awb-bg-blend:overlay;--awb-bg-size:cover;--awb-flex-grow:0;--awb-flex-shrink:0;--awb-flex-grow-medium:0;--awb-flex-shrink-medium:0;--awb-flex-grow-small:0;--awb-flex-shrink-small:0;\"><div class=\"fusion-column-wrapper fusion-flex-justify-content-flex-start fusion-content-layout-column fusion-carousel-item-wrapper\"><div class=\"fusion-image-element \" style=\"--awb-caption-overlay-color:var(--awb-color8);--awb-caption-title-font-family:var(--h6_typography-font-family);--awb-caption-title-font-weight:var(--h6_typography-font-weight);--awb-caption-title-font-style:var(--h6_typography-font-style);--awb-caption-title-size:11px;--awb-caption-title-transform:uppercase;--awb-caption-title-line-height:var(--h6_typography-line-height);--awb-caption-title-letter-spacing:var(--h6_typography-letter-spacing);\"><span class=\" fusion-imageframe imageframe-none imageframe-82 awb-imageframe-style awb-imageframe-style-schantel\"><a class=\"fusion-no-lightbox\" href=\"https:\/\/centrocar.com\/portugal\/en\/type\/en-dust-suppressors\/\" target=\"_self\"><img decoding=\"async\" src=\"http:\/\/centrocar.com\/portugal\/wp-content\/uploads\/sites\/2\/2023\/10\/Supressores-de-Poeiras.jpg\" alt class=\"img-responsive\"\/><div class=\"awb-imageframe-caption-container\"><div class=\"awb-imageframe-caption\"><h6 class=\"awb-imageframe-caption-title\">Dust Suppressors<\/h6><\/div><\/div><\/a><\/span><\/div><\/div><\/div>\n<div class=\"fusion_builder_column fusion-builder-column-86 fusion-flex-column post-card swiper-slide\" style=\"--awb-bg-blend:overlay;--awb-bg-size:cover;--awb-flex-grow:0;--awb-flex-shrink:0;--awb-flex-grow-medium:0;--awb-flex-shrink-medium:0;--awb-flex-grow-small:0;--awb-flex-shrink-small:0;\"><div class=\"fusion-column-wrapper fusion-flex-justify-content-flex-start fusion-content-layout-column fusion-carousel-item-wrapper\"><div class=\"fusion-image-element \" style=\"--awb-caption-overlay-color:var(--awb-color8);--awb-caption-title-font-family:var(--h6_typography-font-family);--awb-caption-title-font-weight:var(--h6_typography-font-weight);--awb-caption-title-font-style:var(--h6_typography-font-style);--awb-caption-title-size:11px;--awb-caption-title-transform:uppercase;--awb-caption-title-line-height:var(--h6_typography-line-height);--awb-caption-title-letter-spacing:var(--h6_typography-letter-spacing);\"><span class=\" fusion-imageframe imageframe-none imageframe-83 awb-imageframe-style awb-imageframe-style-schantel\"><a class=\"fusion-no-lightbox\" href=\"https:\/\/centrocar.com\/portugal\/type\/pt-dumpers-articulados\/\" target=\"_self\" aria-label=\"home_dumpers\"><img decoding=\"async\" width=\"809\" height=\"550\" src=\"https:\/\/centrocar.com\/portugal\/wp-content\/uploads\/sites\/2\/2023\/12\/home_dumpers.jpg\" alt class=\"img-responsive wp-image-8622\" srcset=\"https:\/\/centrocar.com\/portugal\/wp-content\/uploads\/sites\/2\/2023\/12\/home_dumpers-200x136.jpg 200w, https:\/\/centrocar.com\/portugal\/wp-content\/uploads\/sites\/2\/2023\/12\/home_dumpers-400x272.jpg 400w, https:\/\/centrocar.com\/portugal\/wp-content\/uploads\/sites\/2\/2023\/12\/home_dumpers-600x408.jpg 600w, https:\/\/centrocar.com\/portugal\/wp-content\/uploads\/sites\/2\/2023\/12\/home_dumpers-800x544.jpg 800w, https:\/\/centrocar.com\/portugal\/wp-content\/uploads\/sites\/2\/2023\/12\/home_dumpers.jpg 809w\" sizes=\"(max-width: 640px) 100vw, 809px\" \/><div class=\"awb-imageframe-caption-container\"><div class=\"awb-imageframe-caption\"><h6 class=\"awb-imageframe-caption-title\">Dumpers Articulados<\/h6><\/div><\/div><\/a><\/span><\/div><\/div><\/div>\n<div class=\"fusion_builder_column fusion-builder-column-87 fusion-flex-column post-card swiper-slide\" style=\"--awb-bg-blend:overlay;--awb-bg-size:cover;--awb-flex-grow:0;--awb-flex-shrink:0;--awb-flex-grow-medium:0;--awb-flex-shrink-medium:0;--awb-flex-grow-small:0;--awb-flex-shrink-small:0;\"><div class=\"fusion-column-wrapper fusion-flex-justify-content-flex-start fusion-content-layout-column fusion-carousel-item-wrapper\"><div class=\"fusion-image-element \" style=\"--awb-caption-overlay-color:var(--awb-color8);--awb-caption-title-font-family:var(--h6_typography-font-family);--awb-caption-title-font-weight:var(--h6_typography-font-weight);--awb-caption-title-font-style:var(--h6_typography-font-style);--awb-caption-title-size:11px;--awb-caption-title-transform:uppercase;--awb-caption-title-line-height:var(--h6_typography-line-height);--awb-caption-title-letter-spacing:var(--h6_typography-letter-spacing);\"><span class=\" fusion-imageframe imageframe-none imageframe-84 awb-imageframe-style awb-imageframe-style-schantel\"><a class=\"fusion-no-lightbox\" href=\"https:\/\/centrocar.com\/portugal\/es\/type\/es-depositos-moviles\/\" target=\"_self\"><img decoding=\"async\" src=\"http:\/\/centrocar.com\/portugal\/wp-content\/uploads\/sites\/2\/2023\/10\/Depositos-Moveis.jpg\" alt class=\"img-responsive\"\/><div class=\"awb-imageframe-caption-container\"><div class=\"awb-imageframe-caption\"><h6 class=\"awb-imageframe-caption-title\">Dep\u00f3sitos M\u00f3viles<\/h6><\/div><\/div><\/a><\/span><\/div><\/div><\/div>\n<div class=\"fusion_builder_column fusion-builder-column-88 fusion-flex-column post-card swiper-slide\" style=\"--awb-bg-blend:overlay;--awb-bg-size:cover;--awb-flex-grow:0;--awb-flex-shrink:0;--awb-flex-grow-medium:0;--awb-flex-shrink-medium:0;--awb-flex-grow-small:0;--awb-flex-shrink-small:0;\"><div class=\"fusion-column-wrapper fusion-flex-justify-content-flex-start fusion-content-layout-column fusion-carousel-item-wrapper\"><div class=\"fusion-image-element \" style=\"--awb-caption-overlay-color:var(--awb-color8);--awb-caption-title-font-family:var(--h6_typography-font-family);--awb-caption-title-font-weight:var(--h6_typography-font-weight);--awb-caption-title-font-style:var(--h6_typography-font-style);--awb-caption-title-size:11px;--awb-caption-title-transform:uppercase;--awb-caption-title-line-height:var(--h6_typography-line-height);--awb-caption-title-letter-spacing:var(--h6_typography-letter-spacing);\"><span class=\" fusion-imageframe imageframe-none imageframe-85 awb-imageframe-style awb-imageframe-style-schantel\"><a class=\"fusion-no-lightbox\" href=\"https:\/\/centrocar.com\/portugal\/type\/pt-depositos-moveis\/\" target=\"_self\"><img decoding=\"async\" src=\"http:\/\/centrocar.com\/portugal\/wp-content\/uploads\/sites\/2\/2023\/10\/Depositos-Moveis.jpg\" alt class=\"img-responsive\"\/><div class=\"awb-imageframe-caption-container\"><div class=\"awb-imageframe-caption\"><h6 class=\"awb-imageframe-caption-title\">Dep\u00f3sitos M\u00f3veis<\/h6><\/div><\/div><\/a><\/span><\/div><\/div><\/div>\n<div class=\"fusion_builder_column fusion-builder-column-89 fusion-flex-column post-card swiper-slide\" style=\"--awb-bg-blend:overlay;--awb-bg-size:cover;--awb-flex-grow:0;--awb-flex-shrink:0;--awb-flex-grow-medium:0;--awb-flex-shrink-medium:0;--awb-flex-grow-small:0;--awb-flex-shrink-small:0;\"><div class=\"fusion-column-wrapper fusion-flex-justify-content-flex-start fusion-content-layout-column fusion-carousel-item-wrapper\"><div class=\"fusion-image-element \" style=\"--awb-caption-overlay-color:var(--awb-color8);--awb-caption-title-font-family:var(--h6_typography-font-family);--awb-caption-title-font-weight:var(--h6_typography-font-weight);--awb-caption-title-font-style:var(--h6_typography-font-style);--awb-caption-title-size:11px;--awb-caption-title-transform:uppercase;--awb-caption-title-line-height:var(--h6_typography-line-height);--awb-caption-title-letter-spacing:var(--h6_typography-letter-spacing);\"><span class=\" fusion-imageframe imageframe-none imageframe-86 awb-imageframe-style awb-imageframe-style-schantel\"><a class=\"fusion-no-lightbox\" href=\"https:\/\/centrocar.com\/portugal\/en\/type\/en-crushers\/\" target=\"_self\"><img decoding=\"async\" src=\"http:\/\/centrocar.com\/portugal\/wp-content\/uploads\/sites\/2\/2023\/06\/type_crushers_screeners_evoquip.jpg\" alt class=\"img-responsive\"\/><div class=\"awb-imageframe-caption-container\"><div class=\"awb-imageframe-caption\"><h6 class=\"awb-imageframe-caption-title\">Crushers<\/h6><\/div><\/div><\/a><\/span><\/div><\/div><\/div>\n<div class=\"fusion_builder_column fusion-builder-column-90 fusion-flex-column post-card swiper-slide\" style=\"--awb-bg-blend:overlay;--awb-bg-size:cover;--awb-flex-grow:0;--awb-flex-shrink:0;--awb-flex-grow-medium:0;--awb-flex-shrink-medium:0;--awb-flex-grow-small:0;--awb-flex-shrink-small:0;\"><div class=\"fusion-column-wrapper fusion-flex-justify-content-flex-start fusion-content-layout-column fusion-carousel-item-wrapper\"><div class=\"fusion-image-element \" style=\"--awb-caption-overlay-color:var(--awb-color8);--awb-caption-title-font-family:var(--h6_typography-font-family);--awb-caption-title-font-weight:var(--h6_typography-font-weight);--awb-caption-title-font-style:var(--h6_typography-font-style);--awb-caption-title-size:11px;--awb-caption-title-transform:uppercase;--awb-caption-title-line-height:var(--h6_typography-line-height);--awb-caption-title-letter-spacing:var(--h6_typography-letter-spacing);\"><span class=\" fusion-imageframe imageframe-none imageframe-87 awb-imageframe-style awb-imageframe-style-schantel\"><a class=\"fusion-no-lightbox\" href=\"https:\/\/centrocar.com\/portugal\/type\/pt-crivo\/\" target=\"_self\"><img decoding=\"async\" src=\"http:\/\/centrocar.com\/portugal\/wp-content\/uploads\/sites\/2\/2023\/06\/type_crushers_screeners_evoquip-300x204.jpg\" alt class=\"img-responsive\"\/><div class=\"awb-imageframe-caption-container\"><div class=\"awb-imageframe-caption\"><h6 class=\"awb-imageframe-caption-title\">Crivos<\/h6><\/div><\/div><\/a><\/span><\/div><\/div><\/div>\n<div class=\"fusion_builder_column fusion-builder-column-91 fusion-flex-column post-card swiper-slide\" style=\"--awb-bg-blend:overlay;--awb-bg-size:cover;--awb-flex-grow:0;--awb-flex-shrink:0;--awb-flex-grow-medium:0;--awb-flex-shrink-medium:0;--awb-flex-grow-small:0;--awb-flex-shrink-small:0;\"><div class=\"fusion-column-wrapper fusion-flex-justify-content-flex-start fusion-content-layout-column fusion-carousel-item-wrapper\"><div class=\"fusion-image-element \" style=\"--awb-caption-overlay-color:var(--awb-color8);--awb-caption-title-font-family:var(--h6_typography-font-family);--awb-caption-title-font-weight:var(--h6_typography-font-weight);--awb-caption-title-font-style:var(--h6_typography-font-style);--awb-caption-title-size:11px;--awb-caption-title-transform:uppercase;--awb-caption-title-line-height:var(--h6_typography-line-height);--awb-caption-title-letter-spacing:var(--h6_typography-letter-spacing);\"><span class=\" fusion-imageframe imageframe-none imageframe-88 awb-imageframe-style awb-imageframe-style-schantel\"><a class=\"fusion-no-lightbox\" href=\"https:\/\/centrocar.com\/portugal\/es\/type\/es-crivadoras-es\/\" target=\"_self\"><img decoding=\"async\" src=\"http:\/\/centrocar.com\/portugal\/wp-content\/uploads\/sites\/2\/2023\/06\/type_crushers_screeners_evoquip-300x204.jpg\" alt class=\"img-responsive\"\/><div class=\"awb-imageframe-caption-container\"><div class=\"awb-imageframe-caption\"><h6 class=\"awb-imageframe-caption-title\">Crivadoras<\/h6><\/div><\/div><\/a><\/span><\/div><\/div><\/div>\n<div class=\"fusion_builder_column fusion-builder-column-92 fusion-flex-column post-card swiper-slide\" style=\"--awb-bg-blend:overlay;--awb-bg-size:cover;--awb-flex-grow:0;--awb-flex-shrink:0;--awb-flex-grow-medium:0;--awb-flex-shrink-medium:0;--awb-flex-grow-small:0;--awb-flex-shrink-small:0;\"><div class=\"fusion-column-wrapper fusion-flex-justify-content-flex-start fusion-content-layout-column fusion-carousel-item-wrapper\"><div class=\"fusion-image-element \" style=\"--awb-caption-overlay-color:var(--awb-color8);--awb-caption-title-font-family:var(--h6_typography-font-family);--awb-caption-title-font-weight:var(--h6_typography-font-weight);--awb-caption-title-font-style:var(--h6_typography-font-style);--awb-caption-title-size:11px;--awb-caption-title-transform:uppercase;--awb-caption-title-line-height:var(--h6_typography-line-height);--awb-caption-title-letter-spacing:var(--h6_typography-letter-spacing);\"><span class=\" fusion-imageframe imageframe-none imageframe-89 awb-imageframe-style awb-imageframe-style-schantel\"><a class=\"fusion-no-lightbox\" href=\"https:\/\/centrocar.com\/portugal\/en\/type\/en-crawler-excavators\/\" target=\"_self\" aria-label=\"home_escavadoras de rastos\"><img decoding=\"async\" width=\"809\" height=\"550\" src=\"https:\/\/centrocar.com\/portugal\/wp-content\/uploads\/sites\/2\/2023\/12\/home_escavadoras-de-rastos.jpg\" alt class=\"img-responsive wp-image-8623\" srcset=\"https:\/\/centrocar.com\/portugal\/wp-content\/uploads\/sites\/2\/2023\/12\/home_escavadoras-de-rastos-200x136.jpg 200w, https:\/\/centrocar.com\/portugal\/wp-content\/uploads\/sites\/2\/2023\/12\/home_escavadoras-de-rastos-400x272.jpg 400w, https:\/\/centrocar.com\/portugal\/wp-content\/uploads\/sites\/2\/2023\/12\/home_escavadoras-de-rastos-600x408.jpg 600w, https:\/\/centrocar.com\/portugal\/wp-content\/uploads\/sites\/2\/2023\/12\/home_escavadoras-de-rastos-800x544.jpg 800w, https:\/\/centrocar.com\/portugal\/wp-content\/uploads\/sites\/2\/2023\/12\/home_escavadoras-de-rastos.jpg 809w\" sizes=\"(max-width: 640px) 100vw, 809px\" \/><div class=\"awb-imageframe-caption-container\"><div class=\"awb-imageframe-caption\"><h6 class=\"awb-imageframe-caption-title\">Crawler Excavators<\/h6><\/div><\/div><\/a><\/span><\/div><\/div><\/div>\n<div class=\"fusion_builder_column fusion-builder-column-93 fusion-flex-column post-card swiper-slide\" style=\"--awb-bg-blend:overlay;--awb-bg-size:cover;--awb-flex-grow:0;--awb-flex-shrink:0;--awb-flex-grow-medium:0;--awb-flex-shrink-medium:0;--awb-flex-grow-small:0;--awb-flex-shrink-small:0;\"><div class=\"fusion-column-wrapper fusion-flex-justify-content-flex-start fusion-content-layout-column fusion-carousel-item-wrapper\"><div class=\"fusion-image-element \" style=\"--awb-caption-overlay-color:var(--awb-color8);--awb-caption-title-font-family:var(--h6_typography-font-family);--awb-caption-title-font-weight:var(--h6_typography-font-weight);--awb-caption-title-font-style:var(--h6_typography-font-style);--awb-caption-title-size:11px;--awb-caption-title-transform:uppercase;--awb-caption-title-line-height:var(--h6_typography-line-height);--awb-caption-title-letter-spacing:var(--h6_typography-letter-spacing);\"><span class=\" fusion-imageframe imageframe-none imageframe-90 awb-imageframe-style awb-imageframe-style-schantel\"><a class=\"fusion-no-lightbox\" href=\"https:\/\/centrocar.com\/portugal\/en\/type\/en-conveyors\/\" target=\"_self\"><img decoding=\"async\" src=\"http:\/\/centrocar.com\/portugal\/wp-content\/uploads\/sites\/2\/2023\/10\/Transportadores.jpg\" alt class=\"img-responsive\"\/><div class=\"awb-imageframe-caption-container\"><div class=\"awb-imageframe-caption\"><h6 class=\"awb-imageframe-caption-title\">Conveyors<\/h6><\/div><\/div><\/a><\/span><\/div><\/div><\/div>\n<div class=\"fusion_builder_column fusion-builder-column-94 fusion-flex-column post-card swiper-slide\" style=\"--awb-bg-blend:overlay;--awb-bg-size:cover;--awb-flex-grow:0;--awb-flex-shrink:0;--awb-flex-grow-medium:0;--awb-flex-shrink-medium:0;--awb-flex-grow-small:0;--awb-flex-shrink-small:0;\"><div class=\"fusion-column-wrapper fusion-flex-justify-content-flex-start fusion-content-layout-column fusion-carousel-item-wrapper\"><div class=\"fusion-image-element \" style=\"--awb-caption-overlay-color:var(--awb-color8);--awb-caption-title-font-family:var(--h6_typography-font-family);--awb-caption-title-font-weight:var(--h6_typography-font-weight);--awb-caption-title-font-style:var(--h6_typography-font-style);--awb-caption-title-size:11px;--awb-caption-title-transform:uppercase;--awb-caption-title-line-height:var(--h6_typography-line-height);--awb-caption-title-letter-spacing:var(--h6_typography-letter-spacing);\"><span class=\" fusion-imageframe imageframe-none imageframe-91 awb-imageframe-style awb-imageframe-style-schantel\"><a class=\"fusion-no-lightbox\" href=\"https:\/\/centrocar.com\/portugal\/en\/type\/en-compressors\/\" target=\"_self\" aria-label=\"home_compressor\"><img decoding=\"async\" width=\"809\" height=\"550\" src=\"https:\/\/centrocar.com\/portugal\/wp-content\/uploads\/sites\/2\/2023\/12\/home_compressor.jpg\" alt class=\"img-responsive wp-image-8621\" srcset=\"https:\/\/centrocar.com\/portugal\/wp-content\/uploads\/sites\/2\/2023\/12\/home_compressor-200x136.jpg 200w, https:\/\/centrocar.com\/portugal\/wp-content\/uploads\/sites\/2\/2023\/12\/home_compressor-400x272.jpg 400w, https:\/\/centrocar.com\/portugal\/wp-content\/uploads\/sites\/2\/2023\/12\/home_compressor-600x408.jpg 600w, https:\/\/centrocar.com\/portugal\/wp-content\/uploads\/sites\/2\/2023\/12\/home_compressor-800x544.jpg 800w, https:\/\/centrocar.com\/portugal\/wp-content\/uploads\/sites\/2\/2023\/12\/home_compressor.jpg 809w\" sizes=\"(max-width: 640px) 100vw, 809px\" \/><div class=\"awb-imageframe-caption-container\"><div class=\"awb-imageframe-caption\"><h6 class=\"awb-imageframe-caption-title\">Compressors<\/h6><\/div><\/div><\/a><\/span><\/div><\/div><\/div>\n<div class=\"fusion_builder_column fusion-builder-column-95 fusion-flex-column post-card swiper-slide\" style=\"--awb-bg-blend:overlay;--awb-bg-size:cover;--awb-flex-grow:0;--awb-flex-shrink:0;--awb-flex-grow-medium:0;--awb-flex-shrink-medium:0;--awb-flex-grow-small:0;--awb-flex-shrink-small:0;\"><div class=\"fusion-column-wrapper fusion-flex-justify-content-flex-start fusion-content-layout-column fusion-carousel-item-wrapper\"><\/div><\/div>\n<div class=\"fusion_builder_column fusion-builder-column-96 fusion-flex-column post-card swiper-slide\" style=\"--awb-bg-blend:overlay;--awb-bg-size:cover;--awb-flex-grow:0;--awb-flex-shrink:0;--awb-flex-grow-medium:0;--awb-flex-shrink-medium:0;--awb-flex-grow-small:0;--awb-flex-shrink-small:0;\"><div class=\"fusion-column-wrapper fusion-flex-justify-content-flex-start fusion-content-layout-column fusion-carousel-item-wrapper\"><\/div><\/div>\n<div class=\"fusion_builder_column fusion-builder-column-97 fusion-flex-column post-card swiper-slide\" style=\"--awb-bg-blend:overlay;--awb-bg-size:cover;--awb-flex-grow:0;--awb-flex-shrink:0;--awb-flex-grow-medium:0;--awb-flex-shrink-medium:0;--awb-flex-grow-small:0;--awb-flex-shrink-small:0;\"><div class=\"fusion-column-wrapper fusion-flex-justify-content-flex-start fusion-content-layout-column fusion-carousel-item-wrapper\"><\/div><\/div>\n<div class=\"fusion_builder_column fusion-builder-column-98 fusion-flex-column post-card swiper-slide\" style=\"--awb-bg-blend:overlay;--awb-bg-size:cover;--awb-flex-grow:0;--awb-flex-shrink:0;--awb-flex-grow-medium:0;--awb-flex-shrink-medium:0;--awb-flex-grow-small:0;--awb-flex-shrink-small:0;\"><div class=\"fusion-column-wrapper fusion-flex-justify-content-flex-start fusion-content-layout-column fusion-carousel-item-wrapper\"><div class=\"fusion-image-element \" style=\"--awb-caption-overlay-color:var(--awb-color8);--awb-caption-title-font-family:var(--h6_typography-font-family);--awb-caption-title-font-weight:var(--h6_typography-font-weight);--awb-caption-title-font-style:var(--h6_typography-font-style);--awb-caption-title-size:11px;--awb-caption-title-transform:uppercase;--awb-caption-title-line-height:var(--h6_typography-line-height);--awb-caption-title-letter-spacing:var(--h6_typography-letter-spacing);\"><span class=\" fusion-imageframe imageframe-none imageframe-95 awb-imageframe-style awb-imageframe-style-schantel\"><a class=\"fusion-no-lightbox\" href=\"https:\/\/centrocar.com\/portugal\/type\/pt-compressores\/\" target=\"_self\" aria-label=\"home_compressor\"><img decoding=\"async\" width=\"809\" height=\"550\" src=\"https:\/\/centrocar.com\/portugal\/wp-content\/uploads\/sites\/2\/2023\/12\/home_compressor.jpg\" alt class=\"img-responsive wp-image-8621\" srcset=\"https:\/\/centrocar.com\/portugal\/wp-content\/uploads\/sites\/2\/2023\/12\/home_compressor-200x136.jpg 200w, https:\/\/centrocar.com\/portugal\/wp-content\/uploads\/sites\/2\/2023\/12\/home_compressor-400x272.jpg 400w, https:\/\/centrocar.com\/portugal\/wp-content\/uploads\/sites\/2\/2023\/12\/home_compressor-600x408.jpg 600w, https:\/\/centrocar.com\/portugal\/wp-content\/uploads\/sites\/2\/2023\/12\/home_compressor-800x544.jpg 800w, https:\/\/centrocar.com\/portugal\/wp-content\/uploads\/sites\/2\/2023\/12\/home_compressor.jpg 809w\" sizes=\"(max-width: 640px) 100vw, 809px\" \/><div class=\"awb-imageframe-caption-container\"><div class=\"awb-imageframe-caption\"><h6 class=\"awb-imageframe-caption-title\">Compressores<\/h6><\/div><\/div><\/a><\/span><\/div><\/div><\/div>\n<div class=\"fusion_builder_column fusion-builder-column-99 fusion-flex-column post-card swiper-slide\" style=\"--awb-bg-blend:overlay;--awb-bg-size:cover;--awb-flex-grow:0;--awb-flex-shrink:0;--awb-flex-grow-medium:0;--awb-flex-shrink-medium:0;--awb-flex-grow-small:0;--awb-flex-shrink-small:0;\"><div class=\"fusion-column-wrapper fusion-flex-justify-content-flex-start fusion-content-layout-column fusion-carousel-item-wrapper\"><div class=\"fusion-image-element \" style=\"--awb-caption-overlay-color:var(--awb-color8);--awb-caption-title-font-family:var(--h6_typography-font-family);--awb-caption-title-font-weight:var(--h6_typography-font-weight);--awb-caption-title-font-style:var(--h6_typography-font-style);--awb-caption-title-size:11px;--awb-caption-title-transform:uppercase;--awb-caption-title-line-height:var(--h6_typography-line-height);--awb-caption-title-letter-spacing:var(--h6_typography-letter-spacing);\"><span class=\" fusion-imageframe imageframe-none imageframe-96 awb-imageframe-style awb-imageframe-style-schantel\"><a class=\"fusion-no-lightbox\" href=\"https:\/\/centrocar.com\/portugal\/es\/type\/es-compresores\/\" target=\"_self\" aria-label=\"home_compressor\"><img decoding=\"async\" width=\"809\" height=\"550\" src=\"https:\/\/centrocar.com\/portugal\/wp-content\/uploads\/sites\/2\/2023\/12\/home_compressor.jpg\" alt class=\"img-responsive wp-image-8621\" srcset=\"https:\/\/centrocar.com\/portugal\/wp-content\/uploads\/sites\/2\/2023\/12\/home_compressor-200x136.jpg 200w, https:\/\/centrocar.com\/portugal\/wp-content\/uploads\/sites\/2\/2023\/12\/home_compressor-400x272.jpg 400w, https:\/\/centrocar.com\/portugal\/wp-content\/uploads\/sites\/2\/2023\/12\/home_compressor-600x408.jpg 600w, https:\/\/centrocar.com\/portugal\/wp-content\/uploads\/sites\/2\/2023\/12\/home_compressor-800x544.jpg 800w, https:\/\/centrocar.com\/portugal\/wp-content\/uploads\/sites\/2\/2023\/12\/home_compressor.jpg 809w\" sizes=\"(max-width: 640px) 100vw, 809px\" \/><div class=\"awb-imageframe-caption-container\"><div class=\"awb-imageframe-caption\"><h6 class=\"awb-imageframe-caption-title\">Compresores<\/h6><\/div><\/div><\/a><\/span><\/div><\/div><\/div>\n<div class=\"fusion_builder_column fusion-builder-column-100 fusion-flex-column post-card swiper-slide\" style=\"--awb-bg-blend:overlay;--awb-bg-size:cover;--awb-flex-grow:0;--awb-flex-shrink:0;--awb-flex-grow-medium:0;--awb-flex-shrink-medium:0;--awb-flex-grow-small:0;--awb-flex-shrink-small:0;\"><div class=\"fusion-column-wrapper fusion-flex-justify-content-flex-start fusion-content-layout-column fusion-carousel-item-wrapper\"><div class=\"fusion-image-element \" style=\"--awb-caption-overlay-color:var(--awb-color8);--awb-caption-title-font-family:var(--h6_typography-font-family);--awb-caption-title-font-weight:var(--h6_typography-font-weight);--awb-caption-title-font-style:var(--h6_typography-font-style);--awb-caption-title-size:11px;--awb-caption-title-transform:uppercase;--awb-caption-title-line-height:var(--h6_typography-line-height);--awb-caption-title-letter-spacing:var(--h6_typography-letter-spacing);\"><span class=\" fusion-imageframe imageframe-none imageframe-97 awb-imageframe-style awb-imageframe-style-schantel\"><a class=\"fusion-no-lightbox\" href=\"https:\/\/centrocar.com\/portugal\/es\/type\/es-compactacion-ligera\/\" target=\"_self\"><img decoding=\"async\" src=\"http:\/\/centrocar.com\/portugal\/wp-content\/uploads\/sites\/2\/2023\/06\/type_light_compaction.jpg\" alt class=\"img-responsive\"\/><div class=\"awb-imageframe-caption-container\"><div class=\"awb-imageframe-caption\"><h6 class=\"awb-imageframe-caption-title\">Compactaci\u00f3n Ligera<\/h6><\/div><\/div><\/a><\/span><\/div><\/div><\/div>\n<div class=\"fusion_builder_column fusion-builder-column-101 fusion-flex-column post-card swiper-slide\" style=\"--awb-bg-blend:overlay;--awb-bg-size:cover;--awb-flex-grow:0;--awb-flex-shrink:0;--awb-flex-grow-medium:0;--awb-flex-shrink-medium:0;--awb-flex-grow-small:0;--awb-flex-shrink-small:0;\"><div class=\"fusion-column-wrapper fusion-flex-justify-content-flex-start fusion-content-layout-column fusion-carousel-item-wrapper\"><div class=\"fusion-image-element \" style=\"--awb-caption-overlay-color:var(--awb-color8);--awb-caption-title-font-family:var(--h6_typography-font-family);--awb-caption-title-font-weight:var(--h6_typography-font-weight);--awb-caption-title-font-style:var(--h6_typography-font-style);--awb-caption-title-size:11px;--awb-caption-title-transform:uppercase;--awb-caption-title-line-height:var(--h6_typography-line-height);--awb-caption-title-letter-spacing:var(--h6_typography-letter-spacing);\"><span class=\" fusion-imageframe imageframe-none imageframe-98 awb-imageframe-style awb-imageframe-style-schantel\"><a class=\"fusion-no-lightbox\" href=\"https:\/\/centrocar.com\/portugal\/type\/pt-compactacao-ligeira\/\" target=\"_self\"><img decoding=\"async\" src=\"http:\/\/centrocar.com\/portugal\/wp-content\/uploads\/sites\/2\/2023\/06\/type_light_compaction.jpg\" alt class=\"img-responsive\"\/><div class=\"awb-imageframe-caption-container\"><div class=\"awb-imageframe-caption\"><h6 class=\"awb-imageframe-caption-title\">Compacta\u00e7\u00e3o Ligeira<\/h6><\/div><\/div><\/a><\/span><\/div><\/div><\/div>\n<div class=\"fusion_builder_column fusion-builder-column-102 fusion-flex-column post-card swiper-slide\" style=\"--awb-bg-blend:overlay;--awb-bg-size:cover;--awb-flex-grow:0;--awb-flex-shrink:0;--awb-flex-grow-medium:0;--awb-flex-shrink-medium:0;--awb-flex-grow-small:0;--awb-flex-shrink-small:0;\"><div class=\"fusion-column-wrapper fusion-flex-justify-content-flex-start fusion-content-layout-column fusion-carousel-item-wrapper\"><div class=\"fusion-image-element \" style=\"--awb-caption-overlay-color:var(--awb-color8);--awb-caption-title-font-family:var(--h6_typography-font-family);--awb-caption-title-font-weight:var(--h6_typography-font-weight);--awb-caption-title-font-style:var(--h6_typography-font-style);--awb-caption-title-size:11px;--awb-caption-title-transform:uppercase;--awb-caption-title-line-height:var(--h6_typography-line-height);--awb-caption-title-letter-spacing:var(--h6_typography-letter-spacing);\"><span class=\" fusion-imageframe imageframe-none imageframe-99 awb-imageframe-style awb-imageframe-style-schantel\"><a class=\"fusion-no-lightbox\" href=\"https:\/\/centrocar.com\/portugal\/en\/type\/en-compact-wheel-loaders\/\" target=\"_self\"><img decoding=\"async\" src=\"http:\/\/centrocar.com\/portugal\/wp-content\/uploads\/sites\/2\/2023\/06\/type_compact_wheel_loaders.jpg\" alt class=\"img-responsive\"\/><div class=\"awb-imageframe-caption-container\"><div class=\"awb-imageframe-caption\"><h6 class=\"awb-imageframe-caption-title\">Compact Wheel Loaders<\/h6><\/div><\/div><\/a><\/span><\/div><\/div><\/div>\n<div class=\"fusion_builder_column fusion-builder-column-103 fusion-flex-column post-card swiper-slide\" style=\"--awb-bg-blend:overlay;--awb-bg-size:cover;--awb-flex-grow:0;--awb-flex-shrink:0;--awb-flex-grow-medium:0;--awb-flex-shrink-medium:0;--awb-flex-grow-small:0;--awb-flex-shrink-small:0;\"><div class=\"fusion-column-wrapper fusion-flex-justify-content-flex-start fusion-content-layout-column fusion-carousel-item-wrapper\"><div class=\"fusion-image-element \" style=\"--awb-caption-overlay-color:var(--awb-color8);--awb-caption-title-font-family:var(--h6_typography-font-family);--awb-caption-title-font-weight:var(--h6_typography-font-weight);--awb-caption-title-font-style:var(--h6_typography-font-style);--awb-caption-title-size:11px;--awb-caption-title-transform:uppercase;--awb-caption-title-line-height:var(--h6_typography-line-height);--awb-caption-title-letter-spacing:var(--h6_typography-letter-spacing);\"><span class=\" fusion-imageframe imageframe-none imageframe-100 awb-imageframe-style awb-imageframe-style-schantel\"><a class=\"fusion-no-lightbox\" href=\"https:\/\/centrocar.com\/portugal\/en\/type\/en-compact-tractors-en\/\" target=\"_self\" aria-label=\"CT2540\"><img decoding=\"async\" width=\"809\" height=\"550\" src=\"https:\/\/centrocar.com\/portugal\/wp-content\/uploads\/sites\/2\/2024\/06\/CT2540.jpg\" alt class=\"img-responsive wp-image-9310\" srcset=\"https:\/\/centrocar.com\/portugal\/wp-content\/uploads\/sites\/2\/2024\/06\/CT2540-200x136.jpg 200w, https:\/\/centrocar.com\/portugal\/wp-content\/uploads\/sites\/2\/2024\/06\/CT2540-400x272.jpg 400w, https:\/\/centrocar.com\/portugal\/wp-content\/uploads\/sites\/2\/2024\/06\/CT2540-600x408.jpg 600w, https:\/\/centrocar.com\/portugal\/wp-content\/uploads\/sites\/2\/2024\/06\/CT2540-800x544.jpg 800w, https:\/\/centrocar.com\/portugal\/wp-content\/uploads\/sites\/2\/2024\/06\/CT2540.jpg 809w\" sizes=\"(max-width: 640px) 100vw, 809px\" \/><div class=\"awb-imageframe-caption-container\"><div class=\"awb-imageframe-caption\"><h6 class=\"awb-imageframe-caption-title\">Compact Tractors<\/h6><\/div><\/div><\/a><\/span><\/div><\/div><\/div>\n<div class=\"fusion_builder_column fusion-builder-column-104 fusion-flex-column post-card swiper-slide\" style=\"--awb-bg-blend:overlay;--awb-bg-size:cover;--awb-flex-grow:0;--awb-flex-shrink:0;--awb-flex-grow-medium:0;--awb-flex-shrink-medium:0;--awb-flex-grow-small:0;--awb-flex-shrink-small:0;\"><div class=\"fusion-column-wrapper fusion-flex-justify-content-flex-start fusion-content-layout-column fusion-carousel-item-wrapper\"><div class=\"fusion-image-element \" style=\"--awb-caption-overlay-color:var(--awb-color8);--awb-caption-title-font-family:var(--h6_typography-font-family);--awb-caption-title-font-weight:var(--h6_typography-font-weight);--awb-caption-title-font-style:var(--h6_typography-font-style);--awb-caption-title-size:11px;--awb-caption-title-transform:uppercase;--awb-caption-title-line-height:var(--h6_typography-line-height);--awb-caption-title-letter-spacing:var(--h6_typography-letter-spacing);\"><span class=\" fusion-imageframe imageframe-none imageframe-101 awb-imageframe-style awb-imageframe-style-schantel\"><a class=\"fusion-no-lightbox\" href=\"https:\/\/centrocar.com\/portugal\/en\/type\/en-compact-track-loader\/\" target=\"_self\"><img decoding=\"async\" src=\"http:\/\/centrocar.com\/portugal\/wp-content\/uploads\/sites\/2\/2023\/06\/type_compact_track_loaders.jpg\" alt class=\"img-responsive\"\/><div class=\"awb-imageframe-caption-container\"><div class=\"awb-imageframe-caption\"><h6 class=\"awb-imageframe-caption-title\">Compact Track Loader<\/h6><\/div><\/div><\/a><\/span><\/div><\/div><\/div>\n<div class=\"fusion_builder_column fusion-builder-column-105 fusion-flex-column post-card swiper-slide\" style=\"--awb-bg-blend:overlay;--awb-bg-size:cover;--awb-flex-grow:0;--awb-flex-shrink:0;--awb-flex-grow-medium:0;--awb-flex-shrink-medium:0;--awb-flex-grow-small:0;--awb-flex-shrink-small:0;\"><div class=\"fusion-column-wrapper fusion-flex-justify-content-flex-start fusion-content-layout-column fusion-carousel-item-wrapper\"><div class=\"fusion-image-element \" style=\"--awb-caption-overlay-color:var(--awb-color8);--awb-caption-title-font-family:var(--h6_typography-font-family);--awb-caption-title-font-weight:var(--h6_typography-font-weight);--awb-caption-title-font-style:var(--h6_typography-font-style);--awb-caption-title-size:11px;--awb-caption-title-transform:uppercase;--awb-caption-title-line-height:var(--h6_typography-line-height);--awb-caption-title-letter-spacing:var(--h6_typography-letter-spacing);\"><span class=\" fusion-imageframe imageframe-none imageframe-102 awb-imageframe-style awb-imageframe-style-schantel\"><a class=\"fusion-no-lightbox\" href=\"https:\/\/centrocar.com\/portugal\/en\/type\/en-compact-loaders\/\" target=\"_self\"><img decoding=\"async\" src=\"http:\/\/centrocar.com\/portugal\/wp-content\/uploads\/sites\/2\/2023\/10\/Pas-Carregadoras-Compactas.jpg\" alt class=\"img-responsive\"\/><div class=\"awb-imageframe-caption-container\"><div class=\"awb-imageframe-caption\"><h6 class=\"awb-imageframe-caption-title\">Compact Loaders<\/h6><\/div><\/div><\/a><\/span><\/div><\/div><\/div>\n<div class=\"fusion_builder_column fusion-builder-column-106 fusion-flex-column post-card swiper-slide\" style=\"--awb-bg-blend:overlay;--awb-bg-size:cover;--awb-flex-grow:0;--awb-flex-shrink:0;--awb-flex-grow-medium:0;--awb-flex-shrink-medium:0;--awb-flex-grow-small:0;--awb-flex-shrink-small:0;\"><div class=\"fusion-column-wrapper fusion-flex-justify-content-flex-start fusion-content-layout-column fusion-carousel-item-wrapper\"><div class=\"fusion-image-element \" style=\"--awb-caption-overlay-color:var(--awb-color8);--awb-caption-title-font-family:var(--h6_typography-font-family);--awb-caption-title-font-weight:var(--h6_typography-font-weight);--awb-caption-title-font-style:var(--h6_typography-font-style);--awb-caption-title-size:11px;--awb-caption-title-transform:uppercase;--awb-caption-title-line-height:var(--h6_typography-line-height);--awb-caption-title-letter-spacing:var(--h6_typography-letter-spacing);\"><span class=\" fusion-imageframe imageframe-none imageframe-103 awb-imageframe-style awb-imageframe-style-schantel\"><a class=\"fusion-no-lightbox\" href=\"https:\/\/centrocar.com\/portugal\/en\/type\/en-compact-articulated-loader\/\" target=\"_self\"><img decoding=\"async\" src=\"http:\/\/centrocar.com\/portugal\/wp-content\/uploads\/sites\/2\/2023\/06\/type_smart_articulated_loaders.jpg\" alt class=\"img-responsive\"\/><div class=\"awb-imageframe-caption-container\"><div class=\"awb-imageframe-caption\"><h6 class=\"awb-imageframe-caption-title\">Compact Articulated Loader<\/h6><\/div><\/div><\/a><\/span><\/div><\/div><\/div>\n<div class=\"fusion_builder_column fusion-builder-column-107 fusion-flex-column post-card swiper-slide\" style=\"--awb-bg-blend:overlay;--awb-bg-size:cover;--awb-flex-grow:0;--awb-flex-shrink:0;--awb-flex-grow-medium:0;--awb-flex-shrink-medium:0;--awb-flex-grow-small:0;--awb-flex-shrink-small:0;\"><div class=\"fusion-column-wrapper fusion-flex-justify-content-flex-start fusion-content-layout-column fusion-carousel-item-wrapper\"><div class=\"fusion-image-element \" style=\"--awb-caption-overlay-color:var(--awb-color8);--awb-caption-title-font-family:var(--h6_typography-font-family);--awb-caption-title-font-weight:var(--h6_typography-font-weight);--awb-caption-title-font-style:var(--h6_typography-font-style);--awb-caption-title-size:11px;--awb-caption-title-transform:uppercase;--awb-caption-title-line-height:var(--h6_typography-line-height);--awb-caption-title-letter-spacing:var(--h6_typography-letter-spacing);\"><span class=\" fusion-imageframe imageframe-none imageframe-104 awb-imageframe-style awb-imageframe-style-schantel\"><a class=\"fusion-no-lightbox\" href=\"https:\/\/centrocar.com\/portugal\/es\/type\/es-cintas-transportadoras-auto-propulsadas\/\" target=\"_self\"><img decoding=\"async\" src=\"http:\/\/centrocar.com\/portugal\/wp-content\/uploads\/sites\/2\/2023\/10\/Tapetes-Empilhadores.jpg\" alt class=\"img-responsive\"\/><div class=\"awb-imageframe-caption-container\"><div class=\"awb-imageframe-caption\"><h6 class=\"awb-imageframe-caption-title\">Cintas Transportadoras Auto Propulsadas<\/h6><\/div><\/div><\/a><\/span><\/div><\/div><\/div>\n<div class=\"fusion_builder_column fusion-builder-column-108 fusion-flex-column post-card swiper-slide\" style=\"--awb-bg-blend:overlay;--awb-bg-size:cover;--awb-flex-grow:0;--awb-flex-shrink:0;--awb-flex-grow-medium:0;--awb-flex-shrink-medium:0;--awb-flex-grow-small:0;--awb-flex-shrink-small:0;\"><div class=\"fusion-column-wrapper fusion-flex-justify-content-flex-start fusion-content-layout-column fusion-carousel-item-wrapper\"><\/div><\/div>\n<div class=\"fusion_builder_column fusion-builder-column-109 fusion-flex-column post-card swiper-slide\" style=\"--awb-bg-blend:overlay;--awb-bg-size:cover;--awb-flex-grow:0;--awb-flex-shrink:0;--awb-flex-grow-medium:0;--awb-flex-shrink-medium:0;--awb-flex-grow-small:0;--awb-flex-shrink-small:0;\"><div class=\"fusion-column-wrapper fusion-flex-justify-content-flex-start fusion-content-layout-column fusion-carousel-item-wrapper\"><\/div><\/div>\n<div class=\"fusion_builder_column fusion-builder-column-110 fusion-flex-column post-card swiper-slide\" style=\"--awb-bg-blend:overlay;--awb-bg-size:cover;--awb-flex-grow:0;--awb-flex-shrink:0;--awb-flex-grow-medium:0;--awb-flex-shrink-medium:0;--awb-flex-grow-small:0;--awb-flex-shrink-small:0;\"><div class=\"fusion-column-wrapper fusion-flex-justify-content-flex-start fusion-content-layout-column fusion-carousel-item-wrapper\"><\/div><\/div>\n<div class=\"fusion_builder_column fusion-builder-column-111 fusion-flex-column post-card swiper-slide\" style=\"--awb-bg-blend:overlay;--awb-bg-size:cover;--awb-flex-grow:0;--awb-flex-shrink:0;--awb-flex-grow-medium:0;--awb-flex-shrink-medium:0;--awb-flex-grow-small:0;--awb-flex-shrink-small:0;\"><div class=\"fusion-column-wrapper fusion-flex-justify-content-flex-start fusion-content-layout-column fusion-carousel-item-wrapper\"><div class=\"fusion-image-element \" style=\"--awb-caption-overlay-color:var(--awb-color8);--awb-caption-title-font-family:var(--h6_typography-font-family);--awb-caption-title-font-weight:var(--h6_typography-font-weight);--awb-caption-title-font-style:var(--h6_typography-font-style);--awb-caption-title-size:11px;--awb-caption-title-transform:uppercase;--awb-caption-title-line-height:var(--h6_typography-line-height);--awb-caption-title-letter-spacing:var(--h6_typography-letter-spacing);\"><span class=\" fusion-imageframe imageframe-none imageframe-108 awb-imageframe-style awb-imageframe-style-schantel\"><a class=\"fusion-no-lightbox\" href=\"https:\/\/centrocar.com\/portugal\/es\/type\/es-cargadoras-compactas-articuladas\/\" target=\"_self\"><img decoding=\"async\" src=\"http:\/\/centrocar.com\/portugal\/wp-content\/uploads\/sites\/2\/2023\/06\/type_smart_articulated_loaders.jpg\" alt class=\"img-responsive\"\/><div class=\"awb-imageframe-caption-container\"><div class=\"awb-imageframe-caption\"><h6 class=\"awb-imageframe-caption-title\">Cargadoras Compactas Articuladas<\/h6><\/div><\/div><\/a><\/span><\/div><\/div><\/div>\n<div class=\"fusion_builder_column fusion-builder-column-112 fusion-flex-column post-card swiper-slide\" style=\"--awb-bg-blend:overlay;--awb-bg-size:cover;--awb-flex-grow:0;--awb-flex-shrink:0;--awb-flex-grow-medium:0;--awb-flex-shrink-medium:0;--awb-flex-grow-small:0;--awb-flex-shrink-small:0;\"><div class=\"fusion-column-wrapper fusion-flex-justify-content-flex-start fusion-content-layout-column fusion-carousel-item-wrapper\"><div class=\"fusion-image-element \" style=\"--awb-caption-overlay-color:var(--awb-color8);--awb-caption-title-font-family:var(--h6_typography-font-family);--awb-caption-title-font-weight:var(--h6_typography-font-weight);--awb-caption-title-font-style:var(--h6_typography-font-style);--awb-caption-title-size:11px;--awb-caption-title-transform:uppercase;--awb-caption-title-line-height:var(--h6_typography-line-height);--awb-caption-title-letter-spacing:var(--h6_typography-letter-spacing);\"><span class=\" fusion-imageframe imageframe-none imageframe-109 awb-imageframe-style awb-imageframe-style-schantel\"><a class=\"fusion-no-lightbox\" href=\"https:\/\/centrocar.com\/portugal\/es\/type\/es-cargadoras-compactas\/\" target=\"_self\"><img decoding=\"async\" src=\"http:\/\/centrocar.com\/portugal\/wp-content\/uploads\/sites\/2\/2023\/10\/Pas-Carregadoras-Compactas.jpg\" alt class=\"img-responsive\"\/><div class=\"awb-imageframe-caption-container\"><div class=\"awb-imageframe-caption\"><h6 class=\"awb-imageframe-caption-title\">Cargadoras Compactas<\/h6><\/div><\/div><\/a><\/span><\/div><\/div><\/div>\n<div class=\"fusion_builder_column fusion-builder-column-113 fusion-flex-column post-card swiper-slide\" style=\"--awb-bg-blend:overlay;--awb-bg-size:cover;--awb-flex-grow:0;--awb-flex-shrink:0;--awb-flex-grow-medium:0;--awb-flex-shrink-medium:0;--awb-flex-grow-small:0;--awb-flex-shrink-small:0;\"><div class=\"fusion-column-wrapper fusion-flex-justify-content-flex-start fusion-content-layout-column fusion-carousel-item-wrapper\"><div class=\"fusion-image-element \" style=\"--awb-caption-overlay-color:var(--awb-color8);--awb-caption-title-font-family:var(--h6_typography-font-family);--awb-caption-title-font-weight:var(--h6_typography-font-weight);--awb-caption-title-font-style:var(--h6_typography-font-style);--awb-caption-title-size:11px;--awb-caption-title-transform:uppercase;--awb-caption-title-line-height:var(--h6_typography-line-height);--awb-caption-title-letter-spacing:var(--h6_typography-letter-spacing);\"><span class=\" fusion-imageframe imageframe-none imageframe-110 awb-imageframe-style awb-imageframe-style-schantel\"><a class=\"fusion-no-lightbox\" href=\"https:\/\/centrocar.com\/portugal\/es\/type\/es-cargadora-compacta-de-ruedas\/\" target=\"_self\"><img decoding=\"async\" src=\"http:\/\/centrocar.com\/portugal\/wp-content\/uploads\/sites\/2\/2023\/06\/type_compact_wheel_loaders.jpg\" alt class=\"img-responsive\"\/><div class=\"awb-imageframe-caption-container\"><div class=\"awb-imageframe-caption\"><h6 class=\"awb-imageframe-caption-title\">Cargadora Compacta de Ruedas<\/h6><\/div><\/div><\/a><\/span><\/div><\/div><\/div>\n<div class=\"fusion_builder_column fusion-builder-column-114 fusion-flex-column post-card swiper-slide\" style=\"--awb-bg-blend:overlay;--awb-bg-size:cover;--awb-flex-grow:0;--awb-flex-shrink:0;--awb-flex-grow-medium:0;--awb-flex-shrink-medium:0;--awb-flex-grow-small:0;--awb-flex-shrink-small:0;\"><div class=\"fusion-column-wrapper fusion-flex-justify-content-flex-start fusion-content-layout-column fusion-carousel-item-wrapper\"><div class=\"fusion-image-element \" style=\"--awb-caption-overlay-color:var(--awb-color8);--awb-caption-title-font-family:var(--h6_typography-font-family);--awb-caption-title-font-weight:var(--h6_typography-font-weight);--awb-caption-title-font-style:var(--h6_typography-font-style);--awb-caption-title-size:11px;--awb-caption-title-transform:uppercase;--awb-caption-title-line-height:var(--h6_typography-line-height);--awb-caption-title-letter-spacing:var(--h6_typography-letter-spacing);\"><span class=\" fusion-imageframe imageframe-none imageframe-111 awb-imageframe-style awb-imageframe-style-schantel\"><a class=\"fusion-no-lightbox\" href=\"https:\/\/centrocar.com\/portugal\/es\/type\/es-cargadora-compacta-de-orugas\/\" target=\"_self\"><img decoding=\"async\" src=\"http:\/\/centrocar.com\/portugal\/wp-content\/uploads\/sites\/2\/2023\/06\/type_compact_track_loaders.jpg\" alt class=\"img-responsive\"\/><div class=\"awb-imageframe-caption-container\"><div class=\"awb-imageframe-caption\"><h6 class=\"awb-imageframe-caption-title\">Cargadora Compacta de Orugas<\/h6><\/div><\/div><\/a><\/span><\/div><\/div><\/div>\n<div class=\"fusion_builder_column fusion-builder-column-115 fusion-flex-column post-card swiper-slide\" style=\"--awb-bg-blend:overlay;--awb-bg-size:cover;--awb-flex-grow:0;--awb-flex-shrink:0;--awb-flex-grow-medium:0;--awb-flex-shrink-medium:0;--awb-flex-grow-small:0;--awb-flex-shrink-small:0;\"><div class=\"fusion-column-wrapper fusion-flex-justify-content-flex-start fusion-content-layout-column fusion-carousel-item-wrapper\"><div class=\"fusion-image-element \" style=\"--awb-caption-overlay-color:var(--awb-color8);--awb-caption-title-font-family:var(--h6_typography-font-family);--awb-caption-title-font-weight:var(--h6_typography-font-weight);--awb-caption-title-font-style:var(--h6_typography-font-style);--awb-caption-title-size:11px;--awb-caption-title-transform:uppercase;--awb-caption-title-line-height:var(--h6_typography-line-height);--awb-caption-title-letter-spacing:var(--h6_typography-letter-spacing);\"><span class=\" fusion-imageframe imageframe-none imageframe-112 awb-imageframe-style awb-imageframe-style-schantel\"><a class=\"fusion-no-lightbox\" href=\"https:\/\/centrocar.com\/portugal\/type\/bulldozers-pt\/\" target=\"_self\"><img decoding=\"async\" src=\"http:\/\/centrocar.com\/portugal\/wp-content\/uploads\/sites\/2\/2023\/12\/DD130.jpg\" alt class=\"img-responsive\"\/><div class=\"awb-imageframe-caption-container\"><div class=\"awb-imageframe-caption\"><h6 class=\"awb-imageframe-caption-title\">Bulldozers<\/h6><\/div><\/div><\/a><\/span><\/div><\/div><\/div>\n<div class=\"fusion_builder_column fusion-builder-column-116 fusion-flex-column post-card swiper-slide\" style=\"--awb-bg-blend:overlay;--awb-bg-size:cover;--awb-flex-grow:0;--awb-flex-shrink:0;--awb-flex-grow-medium:0;--awb-flex-shrink-medium:0;--awb-flex-grow-small:0;--awb-flex-shrink-small:0;\"><div class=\"fusion-column-wrapper fusion-flex-justify-content-flex-start fusion-content-layout-column fusion-carousel-item-wrapper\"><div class=\"fusion-image-element \" style=\"--awb-caption-overlay-color:var(--awb-color8);--awb-caption-title-font-family:var(--h6_typography-font-family);--awb-caption-title-font-weight:var(--h6_typography-font-weight);--awb-caption-title-font-style:var(--h6_typography-font-style);--awb-caption-title-size:11px;--awb-caption-title-transform:uppercase;--awb-caption-title-line-height:var(--h6_typography-line-height);--awb-caption-title-letter-spacing:var(--h6_typography-letter-spacing);\"><span class=\" fusion-imageframe imageframe-none imageframe-113 awb-imageframe-style awb-imageframe-style-schantel\"><a class=\"fusion-no-lightbox\" href=\"https:\/\/centrocar.com\/portugal\/en\/type\/bulldozers-en\/\" target=\"_self\"><img decoding=\"async\" src=\"http:\/\/centrocar.com\/portugal\/wp-content\/uploads\/sites\/2\/2023\/12\/DD130.jpg\" alt class=\"img-responsive\"\/><div class=\"awb-imageframe-caption-container\"><div class=\"awb-imageframe-caption\"><h6 class=\"awb-imageframe-caption-title\">Bulldozers<\/h6><\/div><\/div><\/a><\/span><\/div><\/div><\/div>\n<div class=\"fusion_builder_column fusion-builder-column-117 fusion-flex-column post-card swiper-slide\" style=\"--awb-bg-blend:overlay;--awb-bg-size:cover;--awb-flex-grow:0;--awb-flex-shrink:0;--awb-flex-grow-medium:0;--awb-flex-shrink-medium:0;--awb-flex-grow-small:0;--awb-flex-shrink-small:0;\"><div class=\"fusion-column-wrapper fusion-flex-justify-content-flex-start fusion-content-layout-column fusion-carousel-item-wrapper\"><div class=\"fusion-image-element \" style=\"--awb-caption-overlay-color:var(--awb-color8);--awb-caption-title-font-family:var(--h6_typography-font-family);--awb-caption-title-font-weight:var(--h6_typography-font-weight);--awb-caption-title-font-style:var(--h6_typography-font-style);--awb-caption-title-size:11px;--awb-caption-title-transform:uppercase;--awb-caption-title-line-height:var(--h6_typography-line-height);--awb-caption-title-letter-spacing:var(--h6_typography-letter-spacing);\"><span class=\" fusion-imageframe imageframe-none imageframe-114 awb-imageframe-style awb-imageframe-style-schantel\"><a class=\"fusion-no-lightbox\" href=\"https:\/\/centrocar.com\/portugal\/es\/type\/es-bulldozers-es\/\" target=\"_self\"><img decoding=\"async\" src=\"http:\/\/centrocar.com\/portugal\/wp-content\/uploads\/sites\/2\/2023\/12\/DD130.jpg\" alt class=\"img-responsive\"\/><div class=\"awb-imageframe-caption-container\"><div class=\"awb-imageframe-caption\"><h6 class=\"awb-imageframe-caption-title\">Bulldozers<\/h6><\/div><\/div><\/a><\/span><\/div><\/div><\/div>\n<div class=\"fusion_builder_column fusion-builder-column-118 fusion-flex-column post-card swiper-slide\" style=\"--awb-bg-blend:overlay;--awb-bg-size:cover;--awb-flex-grow:0;--awb-flex-shrink:0;--awb-flex-grow-medium:0;--awb-flex-shrink-medium:0;--awb-flex-grow-small:0;--awb-flex-shrink-small:0;\"><div class=\"fusion-column-wrapper fusion-flex-justify-content-flex-start fusion-content-layout-column fusion-carousel-item-wrapper\"><div class=\"fusion-image-element \" style=\"--awb-caption-overlay-color:var(--awb-color8);--awb-caption-title-font-family:var(--h6_typography-font-family);--awb-caption-title-font-weight:var(--h6_typography-font-weight);--awb-caption-title-font-style:var(--h6_typography-font-style);--awb-caption-title-size:11px;--awb-caption-title-transform:uppercase;--awb-caption-title-line-height:var(--h6_typography-line-height);--awb-caption-title-letter-spacing:var(--h6_typography-letter-spacing);\"><span class=\" fusion-imageframe imageframe-none imageframe-115 awb-imageframe-style awb-imageframe-style-schantel\"><a class=\"fusion-no-lightbox\" href=\"https:\/\/centrocar.com\/portugal\/type\/pt-britadores\/\" target=\"_self\"><img decoding=\"async\" src=\"http:\/\/centrocar.com\/portugal\/wp-content\/uploads\/sites\/2\/2023\/06\/type_crushers_screeners_evoquip.jpg\" alt class=\"img-responsive\"\/><div class=\"awb-imageframe-caption-container\"><div class=\"awb-imageframe-caption\"><h6 class=\"awb-imageframe-caption-title\">Britadores<\/h6><\/div><\/div><\/a><\/span><\/div><\/div><\/div>\n<div class=\"fusion_builder_column fusion-builder-column-119 fusion-flex-column post-card swiper-slide\" style=\"--awb-bg-blend:overlay;--awb-bg-size:cover;--awb-flex-grow:0;--awb-flex-shrink:0;--awb-flex-grow-medium:0;--awb-flex-shrink-medium:0;--awb-flex-grow-small:0;--awb-flex-shrink-small:0;\"><div class=\"fusion-column-wrapper fusion-flex-justify-content-flex-start fusion-content-layout-column fusion-carousel-item-wrapper\"><div class=\"fusion-image-element \" style=\"--awb-caption-overlay-color:var(--awb-color8);--awb-caption-title-font-family:var(--h6_typography-font-family);--awb-caption-title-font-weight:var(--h6_typography-font-weight);--awb-caption-title-font-style:var(--h6_typography-font-style);--awb-caption-title-size:11px;--awb-caption-title-transform:uppercase;--awb-caption-title-line-height:var(--h6_typography-line-height);--awb-caption-title-letter-spacing:var(--h6_typography-letter-spacing);\"><span class=\" fusion-imageframe imageframe-none imageframe-116 awb-imageframe-style awb-imageframe-style-schantel\"><a class=\"fusion-no-lightbox\" href=\"https:\/\/centrocar.com\/portugal\/en\/type\/en-breakers\/\" target=\"_self\"><img decoding=\"async\" src=\"http:\/\/centrocar.com\/portugal\/wp-content\/uploads\/sites\/2\/2023\/06\/type_breakers_montabert.jpg\" alt class=\"img-responsive\"\/><div class=\"awb-imageframe-caption-container\"><div class=\"awb-imageframe-caption\"><h6 class=\"awb-imageframe-caption-title\">Breakers<\/h6><\/div><\/div><\/a><\/span><\/div><\/div><\/div>\n<div class=\"fusion_builder_column fusion-builder-column-120 fusion-flex-column post-card swiper-slide\" style=\"--awb-bg-blend:overlay;--awb-bg-size:cover;--awb-flex-grow:0;--awb-flex-shrink:0;--awb-flex-grow-medium:0;--awb-flex-shrink-medium:0;--awb-flex-grow-small:0;--awb-flex-shrink-small:0;\"><div class=\"fusion-column-wrapper fusion-flex-justify-content-flex-start fusion-content-layout-column fusion-carousel-item-wrapper\"><div class=\"fusion-image-element \" style=\"--awb-caption-overlay-color:var(--awb-color8);--awb-caption-title-font-family:var(--h6_typography-font-family);--awb-caption-title-font-weight:var(--h6_typography-font-weight);--awb-caption-title-font-style:var(--h6_typography-font-style);--awb-caption-title-size:11px;--awb-caption-title-transform:uppercase;--awb-caption-title-line-height:var(--h6_typography-line-height);--awb-caption-title-letter-spacing:var(--h6_typography-letter-spacing);\"><span class=\" fusion-imageframe imageframe-none imageframe-117 awb-imageframe-style awb-imageframe-style-schantel\"><a class=\"fusion-no-lightbox\" href=\"https:\/\/centrocar.com\/portugal\/en\/type\/en-articulated-dumpers\/\" target=\"_self\" aria-label=\"home_dumpers\"><img decoding=\"async\" width=\"809\" height=\"550\" src=\"https:\/\/centrocar.com\/portugal\/wp-content\/uploads\/sites\/2\/2023\/12\/home_dumpers.jpg\" alt class=\"img-responsive wp-image-8622\" srcset=\"https:\/\/centrocar.com\/portugal\/wp-content\/uploads\/sites\/2\/2023\/12\/home_dumpers-200x136.jpg 200w, https:\/\/centrocar.com\/portugal\/wp-content\/uploads\/sites\/2\/2023\/12\/home_dumpers-400x272.jpg 400w, https:\/\/centrocar.com\/portugal\/wp-content\/uploads\/sites\/2\/2023\/12\/home_dumpers-600x408.jpg 600w, https:\/\/centrocar.com\/portugal\/wp-content\/uploads\/sites\/2\/2023\/12\/home_dumpers-800x544.jpg 800w, https:\/\/centrocar.com\/portugal\/wp-content\/uploads\/sites\/2\/2023\/12\/home_dumpers.jpg 809w\" sizes=\"(max-width: 640px) 100vw, 809px\" \/><div class=\"awb-imageframe-caption-container\"><div class=\"awb-imageframe-caption\"><h6 class=\"awb-imageframe-caption-title\">Articulated Dumpers<\/h6><\/div><\/div><\/a><\/span><\/div><\/div><\/div>\n<div class=\"fusion_builder_column fusion-builder-column-121 fusion-flex-column post-card swiper-slide\" style=\"--awb-bg-blend:overlay;--awb-bg-size:cover;--awb-flex-grow:0;--awb-flex-shrink:0;--awb-flex-grow-medium:0;--awb-flex-shrink-medium:0;--awb-flex-grow-small:0;--awb-flex-shrink-small:0;\"><div class=\"fusion-column-wrapper fusion-flex-justify-content-flex-start fusion-content-layout-column fusion-carousel-item-wrapper\"><div class=\"fusion-image-element \" style=\"--awb-caption-overlay-color:var(--awb-color8);--awb-caption-title-font-family:var(--h6_typography-font-family);--awb-caption-title-font-weight:var(--h6_typography-font-weight);--awb-caption-title-font-style:var(--h6_typography-font-style);--awb-caption-title-size:11px;--awb-caption-title-transform:uppercase;--awb-caption-title-line-height:var(--h6_typography-line-height);--awb-caption-title-letter-spacing:var(--h6_typography-letter-spacing);\"><span class=\" fusion-imageframe imageframe-none imageframe-118 awb-imageframe-style awb-imageframe-style-schantel\"><a class=\"fusion-no-lightbox\" href=\"https:\/\/centrocar.com\/portugal\/es\/type\/es-alimentadores-es\/\" target=\"_self\"><img decoding=\"async\" src=\"http:\/\/centrocar.com\/portugal\/wp-content\/uploads\/sites\/2\/2023\/10\/Alimentadores.jpg\" alt class=\"img-responsive\"\/><div class=\"awb-imageframe-caption-container\"><div class=\"awb-imageframe-caption\"><h6 class=\"awb-imageframe-caption-title\">Alimentadores<\/h6><\/div><\/div><\/a><\/span><\/div><\/div><\/div>\n<div class=\"fusion_builder_column fusion-builder-column-122 fusion-flex-column post-card swiper-slide\" style=\"--awb-bg-blend:overlay;--awb-bg-size:cover;--awb-flex-grow:0;--awb-flex-shrink:0;--awb-flex-grow-medium:0;--awb-flex-shrink-medium:0;--awb-flex-grow-small:0;--awb-flex-shrink-small:0;\"><div class=\"fusion-column-wrapper fusion-flex-justify-content-flex-start fusion-content-layout-column fusion-carousel-item-wrapper\"><div class=\"fusion-image-element \" style=\"--awb-caption-overlay-color:var(--awb-color8);--awb-caption-title-font-family:var(--h6_typography-font-family);--awb-caption-title-font-weight:var(--h6_typography-font-weight);--awb-caption-title-font-style:var(--h6_typography-font-style);--awb-caption-title-size:11px;--awb-caption-title-transform:uppercase;--awb-caption-title-line-height:var(--h6_typography-line-height);--awb-caption-title-letter-spacing:var(--h6_typography-letter-spacing);\"><span class=\" fusion-imageframe imageframe-none imageframe-119 awb-imageframe-style awb-imageframe-style-schantel\"><a class=\"fusion-no-lightbox\" href=\"https:\/\/centrocar.com\/portugal\/type\/pt-alimentadores\/\" target=\"_self\"><img decoding=\"async\" src=\"http:\/\/centrocar.com\/portugal\/wp-content\/uploads\/sites\/2\/2023\/10\/Alimentadores.jpg\" alt class=\"img-responsive\"\/><div class=\"awb-imageframe-caption-container\"><div class=\"awb-imageframe-caption\"><h6 class=\"awb-imageframe-caption-title\">Alimentadores<\/h6><\/div><\/div><\/a><\/span><\/div><\/div><\/div>\n<\/div><div class=\"awb-swiper-button awb-swiper-button-prev\"><i class=\"awb-icon-angle-left\" aria-hidden=\"true\"><\/i><\/div><div class=\"awb-swiper-button awb-swiper-button-next\"><i class=\"awb-icon-angle-right\" aria-hidden=\"true\"><\/i><\/div><\/div><\/div><\/div><\/div><\/div><div class=\"fusion-fullwidth fullwidth-box fusion-builder-row-3 fusion-flex-container has-pattern-background has-mask-background nonhundred-percent-fullwidth non-hundred-percent-height-scrolling\" style=\"--awb-border-radius-top-left:0px;--awb-border-radius-top-right:0px;--awb-border-radius-bottom-right:0px;--awb-border-radius-bottom-left:0px;--awb-padding-top:30px;--awb-background-color:var(--awb-color7);--awb-flex-wrap:wrap;\" ><div class=\"fusion-builder-row fusion-row fusion-flex-align-items-flex-start fusion-flex-content-wrap\" style=\"max-width:1318.4px;margin-left: calc(-3% \/ 2 );margin-right: calc(-3% \/ 2 );\"><div class=\"fusion-layout-column fusion_builder_column fusion-builder-column-123 fusion_builder_column_1_3 1_3 fusion-flex-column fusion-flex-align-self-stretch\" style=\"--awb-bg-size:cover;--awb-width-large:33.333333333333%;--awb-flex-grow:0;--awb-flex-shrink:0;--awb-margin-top-large:0px;--awb-spacing-right-large:4.365%;--awb-margin-bottom-large:30px;--awb-spacing-left-large:4.365%;--awb-width-medium:33.333333333333%;--awb-order-medium:0;--awb-flex-grow-medium:0;--awb-flex-shrink-medium:0;--awb-spacing-right-medium:4.365%;--awb-spacing-left-medium:4.365%;--awb-width-small:100%;--awb-order-small:0;--awb-flex-grow-small:0;--awb-flex-shrink-small:0;--awb-spacing-right-small:1.455%;--awb-spacing-left-small:1.455%;\" data-scroll-devices=\"small-visibility,medium-visibility,large-visibility\"><div class=\"fusion-column-wrapper fusion-column-has-shadow fusion-flex-justify-content-space-evenly fusion-content-layout-column\"><i class=\"fb-icon-element-1 fb-icon-element fontawesome-icon fa-building fas circle-no\" style=\"--awb-iconcolor:var(--awb-color4);--awb-iconcolor-hover:var(--awb-color4);--awb-font-size:32px;--awb-margin-top:0;--awb-margin-right:0;--awb-margin-bottom:0;--awb-margin-left:0;--awb-align-self:center;\"><\/i><div class=\"fusion-title title fusion-title-2 fusion-sep-none fusion-title-center fusion-title-text fusion-title-size-four\" style=\"--awb-text-color:var(--awb-color1);\"><h4 class=\"fusion-title-heading title-heading-center\" style=\"margin:0;\">COMERCIAL<\/h4><\/div><div class=\"fusion-text fusion-text-2\" style=\"--awb-content-alignment:center;--awb-text-color:var(--awb-color5);\"><p>Lunes a Jueves: 9:00 &#8211; 18:00<br \/>\nViernes: 9:00 &#8211; 17:00<\/p>\n<\/div><div class=\"fusion-text fusion-text-3\" style=\"--awb-content-alignment:center;--awb-text-color:var(--awb-color5);\"><p>(+351) 933 900 016<br \/>\n<em>Llamada a la red m\u00f3vil nacional<\/em><\/p>\n<\/div><div class=\"fusion-text fusion-text-4\" style=\"--awb-content-alignment:center;--awb-text-color:var(--awb-color5);\"><p>portugal@centrocar.com<\/p>\n<\/div><div style=\"text-align:center;\"><a class=\"fusion-button button-flat fusion-button-default-size button-default fusion-button-default button-1 fusion-button-default-span fusion-button-default-type\" target=\"_self\" href=\"#awb-open-oc__7151\"><span class=\"fusion-button-text awb-button__text awb-button__text--default\">Pedido de Informaci\u00f3n<\/span><\/a><\/div><\/div><\/div><div class=\"fusion-layout-column fusion_builder_column fusion-builder-column-124 fusion_builder_column_1_3 1_3 fusion-flex-column fusion-flex-align-self-stretch\" style=\"--awb-bg-size:cover;--awb-width-large:33.333333333333%;--awb-flex-grow:0;--awb-flex-shrink:0;--awb-margin-top-large:0px;--awb-spacing-right-large:4.365%;--awb-margin-bottom-large:30px;--awb-spacing-left-large:4.365%;--awb-width-medium:33.333333333333%;--awb-order-medium:0;--awb-flex-grow-medium:0;--awb-flex-shrink-medium:0;--awb-spacing-right-medium:4.365%;--awb-spacing-left-medium:4.365%;--awb-width-small:100%;--awb-order-small:0;--awb-flex-grow-small:0;--awb-flex-shrink-small:0;--awb-spacing-right-small:1.455%;--awb-spacing-left-small:1.455%;\" data-scroll-devices=\"small-visibility,medium-visibility,large-visibility\"><div class=\"fusion-column-wrapper fusion-column-has-shadow fusion-flex-justify-content-space-evenly fusion-content-layout-column\"><i class=\"fb-icon-element-2 fb-icon-element fontawesome-icon fa-cog fas circle-no\" style=\"--awb-iconcolor:var(--awb-color4);--awb-iconcolor-hover:var(--awb-color4);--awb-font-size:32px;--awb-margin-top:0;--awb-margin-right:0;--awb-margin-bottom:0;--awb-margin-left:0;--awb-align-self:center;\"><\/i><div class=\"fusion-title title fusion-title-3 fusion-sep-none fusion-title-center fusion-title-text fusion-title-size-four\" style=\"--awb-text-color:var(--awb-color1);\"><h4 class=\"fusion-title-heading title-heading-center\" style=\"margin:0;\">REPUESTOS<\/h4><\/div><div class=\"fusion-text fusion-text-5\" style=\"--awb-content-alignment:center;--awb-text-color:var(--awb-color5);\"><p>Lunes a Viernes: 8:00 &#8211; 18:00<\/p>\n<\/div><div class=\"fusion-text fusion-text-6\" style=\"--awb-content-alignment:center;--awb-text-color:var(--awb-color5);\"><p>Alverca: (+351) 933 228 379<br \/>\n<em>Llamada a la red m\u00f3vil nacional<\/em><br \/>\nVila do Conde: (+351) 933 900 044<br \/>\n<em>Llamada a la red m\u00f3vil nacional<\/em><\/p>\n<\/div><div class=\"fusion-text fusion-text-7\" style=\"--awb-content-alignment:center;--awb-text-color:var(--awb-color5);\"><p>cen.pt.pecas@centrocar.com<\/p>\n<\/div><div style=\"text-align:center;\"><a class=\"fusion-button button-flat fusion-button-default-size button-default fusion-button-default button-2 fusion-button-default-span fusion-button-default-type\" target=\"_self\" href=\"#awb-open-oc__7137\"><span class=\"fusion-button-text awb-button__text awb-button__text--default\">Pedido de repuestos<\/span><\/a><\/div><\/div><\/div><div class=\"fusion-layout-column fusion_builder_column fusion-builder-column-125 fusion_builder_column_1_3 1_3 fusion-flex-column fusion-flex-align-self-stretch\" style=\"--awb-bg-size:cover;--awb-width-large:33.333333333333%;--awb-flex-grow:0;--awb-flex-shrink:0;--awb-margin-top-large:0px;--awb-spacing-right-large:4.365%;--awb-margin-bottom-large:30px;--awb-spacing-left-large:4.365%;--awb-width-medium:33.333333333333%;--awb-order-medium:0;--awb-flex-grow-medium:0;--awb-flex-shrink-medium:0;--awb-spacing-right-medium:4.365%;--awb-spacing-left-medium:4.365%;--awb-width-small:100%;--awb-order-small:0;--awb-flex-grow-small:0;--awb-flex-shrink-small:0;--awb-spacing-right-small:1.455%;--awb-spacing-left-small:1.455%;\" data-scroll-devices=\"small-visibility,medium-visibility,large-visibility\"><div class=\"fusion-column-wrapper fusion-column-has-shadow fusion-flex-justify-content-space-evenly fusion-content-layout-column\"><i class=\"fb-icon-element-3 fb-icon-element fontawesome-icon fa-tools fas circle-no\" style=\"--awb-iconcolor:var(--awb-color4);--awb-iconcolor-hover:var(--awb-color4);--awb-font-size:32px;--awb-margin-top:0;--awb-margin-right:0;--awb-margin-bottom:0;--awb-margin-left:0;--awb-align-self:center;\"><\/i><div class=\"fusion-title title fusion-title-4 fusion-sep-none fusion-title-center fusion-title-text fusion-title-size-four\" style=\"--awb-text-color:var(--awb-color1);\"><h4 class=\"fusion-title-heading title-heading-center\" style=\"margin:0;\">TALLER<\/h4><\/div><div class=\"fusion-text fusion-text-8\" style=\"--awb-content-alignment:center;--awb-text-color:var(--awb-color5);\"><p>Lunes a Jueves: 9:00 &#8211; 18:00<br \/>\nViernes: 9:00 &#8211; 17:00<\/p>\n<\/div><div class=\"fusion-text fusion-text-9\" style=\"--awb-content-alignment:center;--awb-text-color:var(--awb-color5);\"><p>Revisi\u00f3n: (+351) 932 736 374<br \/>\n<em>Llamada a la red m\u00f3vil nacional<\/em><br \/>\nReparaci\u00f3n: (+351) 913 792 995<br \/>\n<em>Llamada a la red m\u00f3vil nacional<\/em><\/p>\n<\/div><div class=\"fusion-text fusion-text-10\" style=\"--awb-content-alignment:center;--awb-text-color:var(--awb-color5);\"><p>cen.pt.oficina@centrocar.com<\/p>\n<\/div><div style=\"text-align:center;\"><a class=\"fusion-button button-flat fusion-button-default-size button-default fusion-button-default button-3 fusion-button-default-span fusion-button-default-type\" target=\"_self\" href=\"#awb-open-oc__7121\"><span class=\"fusion-button-text awb-button__text awb-button__text--default\">Pedido de agendamento<\/span><\/a><\/div><\/div><\/div><\/div><\/div><div class=\"fusion-fullwidth fullwidth-box fusion-builder-row-4 fusion-flex-container has-pattern-background has-mask-background nonhundred-percent-fullwidth non-hundred-percent-height-scrolling\" style=\"--awb-border-radius-top-left:0px;--awb-border-radius-top-right:0px;--awb-border-radius-bottom-right:0px;--awb-border-radius-bottom-left:0px;--awb-padding-top:30px;--awb-padding-bottom:30px;--awb-margin-top:0px;--awb-margin-bottom:0px;--awb-background-color:rgba(255,255,255,0);--awb-flex-wrap:wrap;\" ><div class=\"fusion-builder-row fusion-row fusion-flex-align-items-flex-start fusion-flex-content-wrap\" style=\"max-width:1318.4px;margin-left: calc(-3% \/ 2 );margin-right: calc(-3% \/ 2 );\"><div class=\"fusion-layout-column fusion_builder_column fusion-builder-column-126 fusion_builder_column_1_2 1_2 fusion-flex-column\" style=\"--awb-bg-size:cover;--awb-width-large:50%;--awb-flex-grow:0;--awb-flex-shrink:0;--awb-margin-top-large:0px;--awb-spacing-right-large:2.91%;--awb-margin-bottom-large:0px;--awb-spacing-left-large:2.91%;--awb-width-medium:50%;--awb-order-medium:0;--awb-flex-grow-medium:0;--awb-flex-shrink-medium:0;--awb-spacing-right-medium:2.91%;--awb-spacing-left-medium:2.91%;--awb-width-small:100%;--awb-order-small:0;--awb-flex-grow-small:0;--awb-flex-shrink-small:0;--awb-spacing-right-small:1.455%;--awb-spacing-left-small:1.455%;\" data-scroll-devices=\"small-visibility,medium-visibility,large-visibility\"><div class=\"fusion-column-wrapper fusion-column-has-shadow fusion-flex-justify-content-flex-start fusion-content-layout-column\"><div class=\"awb-gallery-wrapper awb-gallery-wrapper-1 button-span-no\" style=\"--more-btn-alignment:center;\"><div style=\"margin:-5px;--awb-bordersize:0px;--awb-border-radius:4px;--awb-caption-title-color:var(--awb-color1);--awb-caption-title-size:var(--awb-typography4-font-size);--awb-caption-title-transform:var(--awb-typography4-text-transform);--awb-caption-title-line-height:var(--awb-typography4-line-height);--awb-caption-title-letter-spacing:var(--awb-typography4-letter-spacing);--awb-caption-text-color:var(--awb-color1);--awb-caption-text-size:var(--awb-typography5-font-size);--awb-caption-text-transform:var(--awb-typography5-text-transform);--awb-caption-text-line-height:var(--awb-typography5-line-height);--awb-caption-text-letter-spacing:var(--awb-typography5-letter-spacing);--awb-caption-overlay-color:var(--awb-color8);--awb-caption-background-color:var(--awb-color8);--awb-caption-title-font-family:var(--awb-typography4-font-family);--awb-caption-title-font-weight:var(--awb-typography4-font-weight);--awb-caption-title-font-style:var(--awb-typography4-font-style);--awb-caption-text-font-family:var(--awb-typography5-font-family);--awb-caption-text-font-weight:var(--awb-typography5-font-weight);--awb-caption-text-font-style:var(--awb-typography5-font-style);\" class=\"fusion-gallery fusion-gallery-container fusion-grid-3 fusion-columns-total-7 fusion-gallery-layout-masonry fusion-gallery-1\"><div class=\"fusion-grid-column fusion-gallery-column fusion-gallery-column-3 hover-type-zoomin fusion-grid-sizer\"><\/div><div style=\"padding:5px;\" class=\"fusion-grid-column fusion-gallery-column fusion-gallery-column-3 hover-type-zoomin fusion-element-grid\"><div class=\"fusion-gallery-image\"><div style=\"background-image:url(https:\/\/centrocar.com\/portugal\/wp-content\/uploads\/sites\/2\/2023\/10\/services_inspections_v2.jpg);padding-top:calc((100% + 10px) * 0.8 - 5px);background-position:;\" class=\"fusion-masonry-element-container\"><img decoding=\"async\" src=\"https:\/\/centrocar.com\/portugal\/wp-content\/uploads\/sites\/2\/2023\/10\/services_inspections_v2.jpg\" width=\"809\" height=\"550\" alt=\"\" title=\"services_inspections_v2\" aria-label=\"services_inspections_v2\" class=\"img-responsive wp-image-7069\" srcset=\"https:\/\/centrocar.com\/portugal\/wp-content\/uploads\/sites\/2\/2023\/10\/services_inspections_v2-200x136.jpg 200w, https:\/\/centrocar.com\/portugal\/wp-content\/uploads\/sites\/2\/2023\/10\/services_inspections_v2-400x272.jpg 400w, https:\/\/centrocar.com\/portugal\/wp-content\/uploads\/sites\/2\/2023\/10\/services_inspections_v2-600x408.jpg 600w, https:\/\/centrocar.com\/portugal\/wp-content\/uploads\/sites\/2\/2023\/10\/services_inspections_v2-800x544.jpg 800w, https:\/\/centrocar.com\/portugal\/wp-content\/uploads\/sites\/2\/2023\/10\/services_inspections_v2.jpg 809w\" sizes=\"(min-width: 2200px) 100vw, (min-width: 784px) 423px, (min-width: 712px) 635px, (min-width: 640px) 712px, \" \/><\/div><\/div><\/div><div style=\"padding:5px;\" class=\"fusion-grid-column fusion-gallery-column fusion-gallery-column-3 hover-type-zoomin fusion-element-landscape\"><div class=\"fusion-gallery-image\"><div style=\"background-image:url(https:\/\/centrocar.com\/portugal\/wp-content\/uploads\/sites\/2\/2023\/10\/services_vehicles_v2.jpg);padding-top:calc((100% + 10px) * 0.4 - 5px);background-position:58% 24%;\" class=\"fusion-masonry-element-container\"><img decoding=\"async\" src=\"https:\/\/centrocar.com\/portugal\/wp-content\/uploads\/sites\/2\/2023\/10\/services_vehicles_v2.jpg\" width=\"1920\" height=\"1080\" alt=\"\" title=\"services_vehicles_v2\" aria-label=\"services_vehicles_v2\" class=\"img-responsive wp-image-7073\" srcset=\"https:\/\/centrocar.com\/portugal\/wp-content\/uploads\/sites\/2\/2023\/10\/services_vehicles_v2-200x113.jpg 200w, https:\/\/centrocar.com\/portugal\/wp-content\/uploads\/sites\/2\/2023\/10\/services_vehicles_v2-400x225.jpg 400w, https:\/\/centrocar.com\/portugal\/wp-content\/uploads\/sites\/2\/2023\/10\/services_vehicles_v2-600x338.jpg 600w, https:\/\/centrocar.com\/portugal\/wp-content\/uploads\/sites\/2\/2023\/10\/services_vehicles_v2-800x450.jpg 800w, https:\/\/centrocar.com\/portugal\/wp-content\/uploads\/sites\/2\/2023\/10\/services_vehicles_v2-1200x675.jpg 1200w, https:\/\/centrocar.com\/portugal\/wp-content\/uploads\/sites\/2\/2023\/10\/services_vehicles_v2.jpg 1920w\" sizes=\"(min-width: 2200px) 100vw, (min-width: 640px) 1280px, \" \/><\/div><\/div><\/div><div style=\"padding:5px;\" class=\"fusion-grid-column fusion-gallery-column fusion-gallery-column-3 hover-type-zoomin fusion-element-landscape\"><div class=\"fusion-gallery-image\"><div style=\"background-image:url(https:\/\/centrocar.com\/portugal\/wp-content\/uploads\/sites\/2\/2023\/11\/services_vehicles_old_v3.jpg);padding-top:calc((100% + 10px) * 0.4 - 5px);background-position:58% 67%;\" class=\"fusion-masonry-element-container\"><img decoding=\"async\" src=\"https:\/\/centrocar.com\/portugal\/wp-content\/uploads\/sites\/2\/2023\/11\/services_vehicles_old_v3.jpg\" width=\"1920\" height=\"1080\" alt=\"\" title=\"services_vehicles_old_v3\" aria-label=\"services_vehicles_old_v3\" class=\"img-responsive wp-image-8448\" srcset=\"https:\/\/centrocar.com\/portugal\/wp-content\/uploads\/sites\/2\/2023\/11\/services_vehicles_old_v3-200x113.jpg 200w, https:\/\/centrocar.com\/portugal\/wp-content\/uploads\/sites\/2\/2023\/11\/services_vehicles_old_v3-400x225.jpg 400w, https:\/\/centrocar.com\/portugal\/wp-content\/uploads\/sites\/2\/2023\/11\/services_vehicles_old_v3-600x338.jpg 600w, https:\/\/centrocar.com\/portugal\/wp-content\/uploads\/sites\/2\/2023\/11\/services_vehicles_old_v3-800x450.jpg 800w, https:\/\/centrocar.com\/portugal\/wp-content\/uploads\/sites\/2\/2023\/11\/services_vehicles_old_v3-1200x675.jpg 1200w, https:\/\/centrocar.com\/portugal\/wp-content\/uploads\/sites\/2\/2023\/11\/services_vehicles_old_v3.jpg 1920w\" sizes=\"(min-width: 2200px) 100vw, (min-width: 640px) 1280px, \" \/><\/div><\/div><\/div><div style=\"padding:5px;\" class=\"fusion-grid-column fusion-gallery-column fusion-gallery-column-3 hover-type-zoomin fusion-element-grid\"><div class=\"fusion-gallery-image\"><div style=\"background-image:url(https:\/\/centrocar.com\/portugal\/wp-content\/uploads\/sites\/2\/2023\/10\/services_preventive_v2.jpg);padding-top:calc((100% + 10px) * 0.8 - 5px);background-position:;\" class=\"fusion-masonry-element-container\"><img decoding=\"async\" src=\"https:\/\/centrocar.com\/portugal\/wp-content\/uploads\/sites\/2\/2023\/10\/services_preventive_v2.jpg\" width=\"809\" height=\"550\" alt=\"\" title=\"services_preventive_v2\" aria-label=\"services_preventive_v2\" class=\"img-responsive wp-image-7070\" srcset=\"https:\/\/centrocar.com\/portugal\/wp-content\/uploads\/sites\/2\/2023\/10\/services_preventive_v2-200x136.jpg 200w, https:\/\/centrocar.com\/portugal\/wp-content\/uploads\/sites\/2\/2023\/10\/services_preventive_v2-400x272.jpg 400w, https:\/\/centrocar.com\/portugal\/wp-content\/uploads\/sites\/2\/2023\/10\/services_preventive_v2-600x408.jpg 600w, https:\/\/centrocar.com\/portugal\/wp-content\/uploads\/sites\/2\/2023\/10\/services_preventive_v2-800x544.jpg 800w, https:\/\/centrocar.com\/portugal\/wp-content\/uploads\/sites\/2\/2023\/10\/services_preventive_v2.jpg 809w\" sizes=\"(min-width: 2200px) 100vw, (min-width: 784px) 423px, (min-width: 712px) 635px, (min-width: 640px) 712px, \" \/><\/div><\/div><\/div><div style=\"padding:5px;\" class=\"fusion-grid-column fusion-gallery-column fusion-gallery-column-3 hover-type-zoomin fusion-element-grid\"><div class=\"fusion-gallery-image\"><div style=\"background-image:url(https:\/\/centrocar.com\/portugal\/wp-content\/uploads\/sites\/2\/2023\/09\/services_contracts.jpg);padding-top:calc((100% + 10px) * 0.8 - 5px);background-position:;\" class=\"fusion-masonry-element-container\"><img decoding=\"async\" src=\"https:\/\/centrocar.com\/portugal\/wp-content\/uploads\/sites\/2\/2023\/09\/services_contracts.jpg\" width=\"809\" height=\"550\" alt=\"\" title=\"services_contracts\" aria-label=\"services_contracts\" class=\"img-responsive wp-image-6442\" srcset=\"https:\/\/centrocar.com\/portugal\/wp-content\/uploads\/sites\/2\/2023\/09\/services_contracts-200x136.jpg 200w, https:\/\/centrocar.com\/portugal\/wp-content\/uploads\/sites\/2\/2023\/09\/services_contracts-400x272.jpg 400w, https:\/\/centrocar.com\/portugal\/wp-content\/uploads\/sites\/2\/2023\/09\/services_contracts-600x408.jpg 600w, https:\/\/centrocar.com\/portugal\/wp-content\/uploads\/sites\/2\/2023\/09\/services_contracts-800x544.jpg 800w, https:\/\/centrocar.com\/portugal\/wp-content\/uploads\/sites\/2\/2023\/09\/services_contracts.jpg 809w\" sizes=\"(min-width: 2200px) 100vw, (min-width: 784px) 423px, (min-width: 712px) 635px, (min-width: 640px) 712px, \" \/><\/div><\/div><\/div><div style=\"padding:5px;\" class=\"fusion-grid-column fusion-gallery-column fusion-gallery-column-3 hover-type-zoomin fusion-element-grid\"><div class=\"fusion-gallery-image\"><div style=\"background-image:url(https:\/\/centrocar.com\/portugal\/wp-content\/uploads\/sites\/2\/2023\/09\/services_repair.jpg);padding-top:calc((100% + 10px) * 0.8 - 5px);background-position:;\" class=\"fusion-masonry-element-container\"><img decoding=\"async\" src=\"https:\/\/centrocar.com\/portugal\/wp-content\/uploads\/sites\/2\/2023\/09\/services_repair.jpg\" width=\"809\" height=\"550\" alt=\"\" title=\"services_repair\" aria-label=\"services_repair\" class=\"img-responsive wp-image-6440\" srcset=\"https:\/\/centrocar.com\/portugal\/wp-content\/uploads\/sites\/2\/2023\/09\/services_repair-200x136.jpg 200w, https:\/\/centrocar.com\/portugal\/wp-content\/uploads\/sites\/2\/2023\/09\/services_repair-400x272.jpg 400w, https:\/\/centrocar.com\/portugal\/wp-content\/uploads\/sites\/2\/2023\/09\/services_repair-600x408.jpg 600w, https:\/\/centrocar.com\/portugal\/wp-content\/uploads\/sites\/2\/2023\/09\/services_repair-800x544.jpg 800w, https:\/\/centrocar.com\/portugal\/wp-content\/uploads\/sites\/2\/2023\/09\/services_repair.jpg 809w\" sizes=\"(min-width: 2200px) 100vw, (min-width: 784px) 423px, (min-width: 712px) 635px, (min-width: 640px) 712px, \" \/><\/div><\/div><\/div><div style=\"padding:5px;\" class=\"fusion-grid-column fusion-gallery-column fusion-gallery-column-3 hover-type-zoomin fusion-element-grid\"><div class=\"fusion-gallery-image\"><div style=\"background-image:url(https:\/\/centrocar.com\/portugal\/wp-content\/uploads\/sites\/2\/2023\/10\/services_fluids_v2.jpg);padding-top:calc((100% + 10px) * 0.8 - 5px);background-position:;\" class=\"fusion-masonry-element-container\"><img decoding=\"async\" src=\"https:\/\/centrocar.com\/portugal\/wp-content\/uploads\/sites\/2\/2023\/10\/services_fluids_v2.jpg\" width=\"809\" height=\"550\" alt=\"\" title=\"services_fluids_v2\" aria-label=\"services_fluids_v2\" class=\"img-responsive wp-image-7068\" srcset=\"https:\/\/centrocar.com\/portugal\/wp-content\/uploads\/sites\/2\/2023\/10\/services_fluids_v2-200x136.jpg 200w, https:\/\/centrocar.com\/portugal\/wp-content\/uploads\/sites\/2\/2023\/10\/services_fluids_v2-400x272.jpg 400w, https:\/\/centrocar.com\/portugal\/wp-content\/uploads\/sites\/2\/2023\/10\/services_fluids_v2-600x408.jpg 600w, https:\/\/centrocar.com\/portugal\/wp-content\/uploads\/sites\/2\/2023\/10\/services_fluids_v2-800x544.jpg 800w, https:\/\/centrocar.com\/portugal\/wp-content\/uploads\/sites\/2\/2023\/10\/services_fluids_v2.jpg 809w\" sizes=\"(min-width: 2200px) 100vw, (min-width: 784px) 423px, (min-width: 712px) 635px, (min-width: 640px) 712px, \" \/><\/div><\/div><\/div><\/div><\/div><\/div><\/div><div class=\"fusion-layout-column fusion_builder_column fusion-builder-column-127 fusion_builder_column_1_2 1_2 fusion-flex-column fusion-flex-align-self-flex-start\" style=\"--awb-bg-size:cover;--awb-width-large:50%;--awb-flex-grow:0;--awb-flex-shrink:0;--awb-margin-top-large:0px;--awb-spacing-right-large:2.91%;--awb-margin-bottom-large:20px;--awb-spacing-left-large:2.91%;--awb-width-medium:50%;--awb-order-medium:0;--awb-flex-grow-medium:0;--awb-flex-shrink-medium:0;--awb-spacing-right-medium:2.91%;--awb-spacing-left-medium:2.91%;--awb-width-small:100%;--awb-order-small:0;--awb-flex-grow-small:0;--awb-flex-shrink-small:0;--awb-spacing-right-small:1.455%;--awb-spacing-left-small:1.455%;\" data-scroll-devices=\"small-visibility,medium-visibility,large-visibility\"><div class=\"fusion-column-wrapper fusion-column-has-shadow fusion-flex-justify-content-flex-start fusion-content-layout-column\"><div class=\"fusion-title title fusion-title-5 fusion-sep-none fusion-title-text fusion-title-size-four\" style=\"--awb-text-color:var(--awb-color4);--awb-margin-top:0px;--awb-margin-bottom:0px;\"><h4 class=\"fusion-title-heading title-heading-left\" style=\"margin:0;\"><h4 class=\"text-color\">TALLER<\/h4><\/h4><\/div><div class=\"fusion-title title fusion-title-6 fusion-sep-none fusion-title-text fusion-title-size-two\" style=\"--awb-margin-top:0px;--awb-margin-bottom:0px;\"><h2 class=\"fusion-title-heading title-heading-left\" style=\"margin:0;\"><h2>POST VENTA<\/h2><\/h2><\/div><div class=\"fusion-text fusion-text-11\" style=\"--awb-content-alignment:justify;\"><p>Un servicio al cliente efectivo es una de las mejores herramientas para que nuestros clientes sientan la confianza que necesitan al comprar nuevos equipos. Un servicio excelente, confiable y dedicado es lo que nos hace \u00fanicos y hace que los clientes prefieran Centrocar.<\/p>\n<p>Nuestro servicio al cliente es reconocido por su calidad en el manejo de situaciones cotidianas. Un grupo de profesionales calificados, de acuerdo con criterios extremos, y disponibles para brindar sus servicios donde sea que se encuentre el cliente o en cualquier parte del pa\u00eds. Tenemos las mejores soluciones de monitoreo y prevenci\u00f3n.<\/p>\n<\/div><div ><a class=\"fusion-button button-flat fusion-button-default-size button-default fusion-button-default button-4 fusion-button-default-span fusion-button-default-type\" style=\"--button_margin-top:30px;\" target=\"_self\" href=\"https:\/\/centrocar.com\/portugal\/es\/asistencia-tecnica\/\"><span class=\"fusion-button-text awb-button__text awb-button__text--default\">PARA SABER M\u00c1S<\/span><\/a><\/div><\/div><\/div><\/div><\/div><div class=\"fusion-fullwidth fullwidth-box fusion-builder-row-5 fusion-flex-container has-pattern-background has-mask-background nonhundred-percent-fullwidth non-hundred-percent-height-scrolling\" style=\"--awb-border-radius-top-left:0px;--awb-border-radius-top-right:0px;--awb-border-radius-bottom-right:0px;--awb-border-radius-bottom-left:0px;--awb-padding-top:30px;--awb-padding-bottom:30px;--awb-margin-top:0px;--awb-margin-bottom:0px;--awb-background-color:var(--awb-color1);--awb-flex-wrap:wrap;\" ><div class=\"fusion-builder-row fusion-row fusion-flex-align-items-flex-start fusion-flex-content-wrap\" style=\"max-width:1318.4px;margin-left: calc(-3% \/ 2 );margin-right: calc(-3% \/ 2 );\"><div class=\"fusion-layout-column fusion_builder_column fusion-builder-column-128 fusion_builder_column_1_2 1_2 fusion-flex-column fusion-flex-align-self-flex-start\" style=\"--awb-bg-size:cover;--awb-width-large:50%;--awb-flex-grow:0;--awb-flex-shrink:0;--awb-margin-top-large:0px;--awb-spacing-right-large:2.91%;--awb-margin-bottom-large:20px;--awb-spacing-left-large:2.91%;--awb-width-medium:50%;--awb-order-medium:0;--awb-flex-grow-medium:0;--awb-flex-shrink-medium:0;--awb-spacing-right-medium:2.91%;--awb-spacing-left-medium:2.91%;--awb-width-small:100%;--awb-order-small:0;--awb-flex-grow-small:0;--awb-flex-shrink-small:0;--awb-spacing-right-small:1.455%;--awb-spacing-left-small:1.455%;\" data-scroll-devices=\"small-visibility,medium-visibility,large-visibility\"><div class=\"fusion-column-wrapper fusion-column-has-shadow fusion-flex-justify-content-flex-start fusion-content-layout-column\"><div class=\"fusion-title title fusion-title-7 fusion-sep-none fusion-title-text fusion-title-size-four\" style=\"--awb-text-color:var(--awb-color4);--awb-margin-top:0px;--awb-margin-bottom:0px;\"><h4 class=\"fusion-title-heading title-heading-left\" style=\"margin:0;\"><h4 class=\"text-color\">RECAMBIOS<\/h4><\/h4><\/div><div class=\"fusion-title title fusion-title-8 fusion-sep-none fusion-title-text fusion-title-size-two\" style=\"--awb-margin-top:0px;--awb-margin-bottom:0px;\"><h2 class=\"fusion-title-heading title-heading-left\" style=\"margin:0;\"><h2>M\u00c1XIMO RENDIMIENTO Y EFICIENCIA.<\/h2><\/h2><\/div><div class=\"fusion-text fusion-text-12\" style=\"--awb-content-alignment:justify;\"><p>Una experiencia unica. Con m\u00e1s de 20,000 piezas originales inspeccionadas en stock, <strong>Centrocar<\/strong> se compromete a procesar su pedido lo m\u00e1s r\u00e1pido posible y garantiza la mejor relaci\u00f3n calidad-precio.<\/p>\n<p>Siempre hay consultores expertos disponibles para responder sus preguntas por tel\u00e9fono o a trav\u00e9s de nuestro sitio web de repuestos. El servicio de centro de llamadas cercano est\u00e1 disponible durante el horario de atenci\u00f3n para proporcionar asistencia personalizada y confiable.<\/p>\n<\/div><div ><a class=\"fusion-button button-flat fusion-button-default-size button-default fusion-button-default button-5 fusion-button-default-span fusion-button-default-type\" style=\"--button_margin-top:30px;\" target=\"_self\" href=\"https:\/\/centrocar.com\/portugal\/es\/repuestos\/\"><span class=\"fusion-button-text awb-button__text awb-button__text--default\">M\u00c1S INFORMACI\u00d3N<\/span><\/a><\/div><\/div><\/div><div class=\"fusion-layout-column fusion_builder_column fusion-builder-column-129 fusion_builder_column_1_2 1_2 fusion-flex-column\" style=\"--awb-bg-size:cover;--awb-width-large:50%;--awb-flex-grow:0;--awb-flex-shrink:0;--awb-margin-top-large:0px;--awb-spacing-right-large:2.91%;--awb-margin-bottom-large:0px;--awb-spacing-left-large:2.91%;--awb-width-medium:50%;--awb-order-medium:0;--awb-flex-grow-medium:0;--awb-flex-shrink-medium:0;--awb-spacing-right-medium:2.91%;--awb-spacing-left-medium:2.91%;--awb-width-small:100%;--awb-order-small:0;--awb-flex-grow-small:0;--awb-flex-shrink-small:0;--awb-spacing-right-small:1.455%;--awb-spacing-left-small:1.455%;\" data-scroll-devices=\"small-visibility,medium-visibility,large-visibility\"><div class=\"fusion-column-wrapper fusion-column-has-shadow fusion-flex-justify-content-flex-start fusion-content-layout-column\"><div class=\"awb-gallery-wrapper awb-gallery-wrapper-2 button-span-no\" style=\"--more-btn-alignment:center;\"><div style=\"margin:-5px;--awb-bordersize:0px;--awb-border-radius:4px;--awb-caption-title-color:var(--awb-color1);--awb-caption-title-size:var(--awb-typography4-font-size);--awb-caption-title-transform:var(--awb-typography4-text-transform);--awb-caption-title-line-height:var(--awb-typography4-line-height);--awb-caption-title-letter-spacing:var(--awb-typography4-letter-spacing);--awb-caption-text-color:var(--awb-color1);--awb-caption-text-size:var(--awb-typography5-font-size);--awb-caption-text-transform:var(--awb-typography5-text-transform);--awb-caption-text-line-height:var(--awb-typography5-line-height);--awb-caption-text-letter-spacing:var(--awb-typography5-letter-spacing);--awb-caption-overlay-color:var(--awb-color8);--awb-caption-background-color:var(--awb-color8);--awb-caption-title-font-family:var(--awb-typography4-font-family);--awb-caption-title-font-weight:var(--awb-typography4-font-weight);--awb-caption-title-font-style:var(--awb-typography4-font-style);--awb-caption-text-font-family:var(--awb-typography5-font-family);--awb-caption-text-font-weight:var(--awb-typography5-font-weight);--awb-caption-text-font-style:var(--awb-typography5-font-style);\" class=\"fusion-gallery fusion-gallery-container fusion-grid-3 fusion-columns-total-6 fusion-gallery-layout-masonry fusion-gallery-2\"><div class=\"fusion-grid-column fusion-gallery-column fusion-gallery-column-3 hover-type-zoomin fusion-element-grid fusion-grid-sizer\"><\/div><div style=\"padding:5px;\" class=\"fusion-grid-column fusion-gallery-column fusion-gallery-column-3 hover-type-zoomin fusion-element-grid\"><div class=\"fusion-gallery-image\"><div style=\"background-image:url(https:\/\/centrocar.com\/portugal\/wp-content\/uploads\/sites\/2\/2023\/09\/parts-undercarriage.jpg);padding-top:calc((100% + 10px) * 0.8 - 5px);background-position:;\" class=\"fusion-masonry-element-container\"><img decoding=\"async\" src=\"https:\/\/centrocar.com\/portugal\/wp-content\/uploads\/sites\/2\/2023\/09\/parts-undercarriage.jpg\" width=\"809\" height=\"550\" alt=\"\" title=\"parts-undercarriage\" aria-label=\"parts-undercarriage\" class=\"img-responsive wp-image-5993\" srcset=\"https:\/\/centrocar.com\/portugal\/wp-content\/uploads\/sites\/2\/2023\/09\/parts-undercarriage-200x136.jpg 200w, https:\/\/centrocar.com\/portugal\/wp-content\/uploads\/sites\/2\/2023\/09\/parts-undercarriage-400x272.jpg 400w, https:\/\/centrocar.com\/portugal\/wp-content\/uploads\/sites\/2\/2023\/09\/parts-undercarriage-600x408.jpg 600w, https:\/\/centrocar.com\/portugal\/wp-content\/uploads\/sites\/2\/2023\/09\/parts-undercarriage-800x544.jpg 800w, https:\/\/centrocar.com\/portugal\/wp-content\/uploads\/sites\/2\/2023\/09\/parts-undercarriage.jpg 809w\" sizes=\"(min-width: 2200px) 100vw, (min-width: 784px) 423px, (min-width: 712px) 635px, (min-width: 640px) 712px, \" \/><\/div><\/div><\/div><div style=\"padding:5px;\" class=\"fusion-grid-column fusion-gallery-column fusion-gallery-column-3 hover-type-zoomin fusion-element-grid\"><div class=\"fusion-gallery-image\"><div style=\"background-image:url(https:\/\/centrocar.com\/portugal\/wp-content\/uploads\/sites\/2\/2023\/09\/parts-filters.jpg);padding-top:calc((100% + 10px) * 0.8 - 5px);background-position:;\" class=\"fusion-masonry-element-container\"><img decoding=\"async\" src=\"https:\/\/centrocar.com\/portugal\/wp-content\/uploads\/sites\/2\/2023\/09\/parts-filters.jpg\" width=\"809\" height=\"550\" alt=\"\" title=\"parts-filters\" aria-label=\"parts-filters\" class=\"img-responsive wp-image-5992\" srcset=\"https:\/\/centrocar.com\/portugal\/wp-content\/uploads\/sites\/2\/2023\/09\/parts-filters-200x136.jpg 200w, https:\/\/centrocar.com\/portugal\/wp-content\/uploads\/sites\/2\/2023\/09\/parts-filters-400x272.jpg 400w, https:\/\/centrocar.com\/portugal\/wp-content\/uploads\/sites\/2\/2023\/09\/parts-filters-600x408.jpg 600w, https:\/\/centrocar.com\/portugal\/wp-content\/uploads\/sites\/2\/2023\/09\/parts-filters-800x544.jpg 800w, https:\/\/centrocar.com\/portugal\/wp-content\/uploads\/sites\/2\/2023\/09\/parts-filters.jpg 809w\" sizes=\"(min-width: 2200px) 100vw, (min-width: 784px) 423px, (min-width: 712px) 635px, (min-width: 640px) 712px, \" \/><\/div><\/div><\/div><div style=\"padding:5px;\" class=\"fusion-grid-column fusion-gallery-column fusion-gallery-column-3 hover-type-zoomin fusion-element-grid\"><div class=\"fusion-gallery-image\"><div style=\"background-image:url(https:\/\/centrocar.com\/portugal\/wp-content\/uploads\/sites\/2\/2023\/10\/parts-fluids_v2-1.jpg);padding-top:calc((100% + 10px) * 0.8 - 5px);background-position:;\" class=\"fusion-masonry-element-container\"><img decoding=\"async\" src=\"https:\/\/centrocar.com\/portugal\/wp-content\/uploads\/sites\/2\/2023\/10\/parts-fluids_v2-1.jpg\" width=\"809\" height=\"550\" alt=\"\" title=\"parts-fluids_v2\" aria-label=\"parts-fluids_v2\" class=\"img-responsive wp-image-7074\" srcset=\"https:\/\/centrocar.com\/portugal\/wp-content\/uploads\/sites\/2\/2023\/10\/parts-fluids_v2-1-200x136.jpg 200w, https:\/\/centrocar.com\/portugal\/wp-content\/uploads\/sites\/2\/2023\/10\/parts-fluids_v2-1-400x272.jpg 400w, https:\/\/centrocar.com\/portugal\/wp-content\/uploads\/sites\/2\/2023\/10\/parts-fluids_v2-1-600x408.jpg 600w, https:\/\/centrocar.com\/portugal\/wp-content\/uploads\/sites\/2\/2023\/10\/parts-fluids_v2-1-800x544.jpg 800w, https:\/\/centrocar.com\/portugal\/wp-content\/uploads\/sites\/2\/2023\/10\/parts-fluids_v2-1.jpg 809w\" sizes=\"(min-width: 2200px) 100vw, (min-width: 784px) 423px, (min-width: 712px) 635px, (min-width: 640px) 712px, \" \/><\/div><\/div><\/div><div style=\"padding:5px;\" class=\"fusion-grid-column fusion-gallery-column fusion-gallery-column-3 hover-type-zoomin fusion-element-grid\"><div class=\"fusion-gallery-image\"><div style=\"background-image:url(https:\/\/centrocar.com\/portugal\/wp-content\/uploads\/sites\/2\/2023\/09\/parts-cilinders.jpg);padding-top:calc((100% + 10px) * 0.8 - 5px);background-position:;\" class=\"fusion-masonry-element-container\"><img decoding=\"async\" src=\"https:\/\/centrocar.com\/portugal\/wp-content\/uploads\/sites\/2\/2023\/09\/parts-cilinders.jpg\" width=\"809\" height=\"550\" alt=\"\" title=\"parts-cilinders\" aria-label=\"parts-cilinders\" class=\"img-responsive wp-image-6712\" srcset=\"https:\/\/centrocar.com\/portugal\/wp-content\/uploads\/sites\/2\/2023\/09\/parts-cilinders-200x136.jpg 200w, https:\/\/centrocar.com\/portugal\/wp-content\/uploads\/sites\/2\/2023\/09\/parts-cilinders-400x272.jpg 400w, https:\/\/centrocar.com\/portugal\/wp-content\/uploads\/sites\/2\/2023\/09\/parts-cilinders-600x408.jpg 600w, https:\/\/centrocar.com\/portugal\/wp-content\/uploads\/sites\/2\/2023\/09\/parts-cilinders-800x544.jpg 800w, https:\/\/centrocar.com\/portugal\/wp-content\/uploads\/sites\/2\/2023\/09\/parts-cilinders.jpg 809w\" sizes=\"(min-width: 2200px) 100vw, (min-width: 784px) 423px, (min-width: 712px) 635px, (min-width: 640px) 712px, \" \/><\/div><\/div><\/div><div style=\"padding:5px;\" class=\"fusion-grid-column fusion-gallery-column fusion-gallery-column-3 hover-type-zoomin fusion-element-grid\"><div class=\"fusion-gallery-image\"><div style=\"background-image:url(https:\/\/centrocar.com\/portugal\/wp-content\/uploads\/sites\/2\/2023\/09\/parts-shelves-1.jpg);padding-top:calc((100% + 10px) * 0.8 - 5px);background-position:;\" class=\"fusion-masonry-element-container\"><img decoding=\"async\" src=\"https:\/\/centrocar.com\/portugal\/wp-content\/uploads\/sites\/2\/2023\/09\/parts-shelves-1.jpg\" width=\"809\" height=\"550\" alt=\"\" title=\"parts-shelves\" aria-label=\"parts-shelves\" class=\"img-responsive wp-image-6713\" srcset=\"https:\/\/centrocar.com\/portugal\/wp-content\/uploads\/sites\/2\/2023\/09\/parts-shelves-1-200x136.jpg 200w, https:\/\/centrocar.com\/portugal\/wp-content\/uploads\/sites\/2\/2023\/09\/parts-shelves-1-400x272.jpg 400w, https:\/\/centrocar.com\/portugal\/wp-content\/uploads\/sites\/2\/2023\/09\/parts-shelves-1-600x408.jpg 600w, https:\/\/centrocar.com\/portugal\/wp-content\/uploads\/sites\/2\/2023\/09\/parts-shelves-1-800x544.jpg 800w, https:\/\/centrocar.com\/portugal\/wp-content\/uploads\/sites\/2\/2023\/09\/parts-shelves-1.jpg 809w\" sizes=\"(min-width: 2200px) 100vw, (min-width: 784px) 423px, (min-width: 712px) 635px, (min-width: 640px) 712px, \" \/><\/div><\/div><\/div><div style=\"padding:5px;\" class=\"fusion-grid-column fusion-gallery-column fusion-gallery-column-3 hover-type-zoomin fusion-element-grid\"><div class=\"fusion-gallery-image\"><div style=\"background-image:url(https:\/\/centrocar.com\/portugal\/wp-content\/uploads\/sites\/2\/2023\/09\/parts-teeth.jpg);padding-top:calc((100% + 10px) * 0.8 - 5px);background-position:;\" class=\"fusion-masonry-element-container\"><img decoding=\"async\" src=\"https:\/\/centrocar.com\/portugal\/wp-content\/uploads\/sites\/2\/2023\/09\/parts-teeth.jpg\" width=\"809\" height=\"550\" alt=\"\" title=\"parts-teeth\" aria-label=\"parts-teeth\" class=\"img-responsive wp-image-6714\" srcset=\"https:\/\/centrocar.com\/portugal\/wp-content\/uploads\/sites\/2\/2023\/09\/parts-teeth-200x136.jpg 200w, https:\/\/centrocar.com\/portugal\/wp-content\/uploads\/sites\/2\/2023\/09\/parts-teeth-400x272.jpg 400w, https:\/\/centrocar.com\/portugal\/wp-content\/uploads\/sites\/2\/2023\/09\/parts-teeth-600x408.jpg 600w, https:\/\/centrocar.com\/portugal\/wp-content\/uploads\/sites\/2\/2023\/09\/parts-teeth-800x544.jpg 800w, https:\/\/centrocar.com\/portugal\/wp-content\/uploads\/sites\/2\/2023\/09\/parts-teeth.jpg 809w\" sizes=\"(min-width: 2200px) 100vw, (min-width: 784px) 423px, (min-width: 712px) 635px, (min-width: 640px) 712px, \" \/><\/div><\/div><\/div><\/div><\/div><\/div><\/div><\/div><\/div><div class=\"fusion-fullwidth fullwidth-box fusion-builder-row-6 fusion-flex-container has-pattern-background has-mask-background nonhundred-percent-fullwidth non-hundred-percent-height-scrolling\" style=\"--awb-border-radius-top-left:0px;--awb-border-radius-top-right:0px;--awb-border-radius-bottom-right:0px;--awb-border-radius-bottom-left:0px;--awb-padding-top:30px;--awb-padding-bottom:30px;--awb-margin-top:0px;--awb-margin-bottom:0px;--awb-background-color:rgba(255,255,255,0);--awb-flex-wrap:wrap;\" ><div class=\"fusion-builder-row fusion-row fusion-flex-align-items-flex-start fusion-flex-content-wrap\" style=\"max-width:1318.4px;margin-left: calc(-3% \/ 2 );margin-right: calc(-3% \/ 2 );\"><div class=\"fusion-layout-column fusion_builder_column fusion-builder-column-130 fusion_builder_column_1_2 1_2 fusion-flex-column\" style=\"--awb-overflow:hidden;--awb-bg-size:cover;--awb-box-shadow:1px 1px 1px 0px var(--awb-color3);;--awb-border-radius:4px 4px 4px 4px;--awb-width-large:50%;--awb-flex-grow:0;--awb-flex-shrink:0;--awb-margin-top-large:30px;--awb-spacing-right-large:2.91%;--awb-margin-bottom-large:0px;--awb-spacing-left-large:2.91%;--awb-width-medium:50%;--awb-order-medium:0;--awb-flex-grow-medium:0;--awb-flex-shrink-medium:0;--awb-spacing-right-medium:2.91%;--awb-spacing-left-medium:2.91%;--awb-width-small:100%;--awb-order-small:0;--awb-flex-grow-small:0;--awb-flex-shrink-small:0;--awb-spacing-right-small:1.455%;--awb-spacing-left-small:1.455%;\" data-scroll-devices=\"small-visibility,medium-visibility,large-visibility\"><div class=\"fusion-column-wrapper fusion-column-has-shadow fusion-flex-justify-content-flex-start fusion-content-layout-column\"><div class=\"fusion-image-element \" style=\"--awb-caption-title-font-family:var(--h2_typography-font-family);--awb-caption-title-font-weight:var(--h2_typography-font-weight);--awb-caption-title-font-style:var(--h2_typography-font-style);--awb-caption-title-size:var(--h2_typography-font-size);--awb-caption-title-transform:var(--h2_typography-text-transform);--awb-caption-title-line-height:var(--h2_typography-line-height);--awb-caption-title-letter-spacing:var(--h2_typography-letter-spacing);\"><span class=\" fusion-imageframe imageframe-none imageframe-120 hover-type-none\"><img decoding=\"async\" width=\"809\" height=\"550\" title=\"parts-warranty_v3\" src=\"http:\/\/centrocar.com\/portugal\/wp-content\/uploads\/sites\/2\/2023\/10\/parts-warranty_v3.jpg\" alt class=\"img-responsive wp-image-7310\" srcset=\"https:\/\/centrocar.com\/portugal\/wp-content\/uploads\/sites\/2\/2023\/10\/parts-warranty_v3-200x136.jpg 200w, https:\/\/centrocar.com\/portugal\/wp-content\/uploads\/sites\/2\/2023\/10\/parts-warranty_v3-400x272.jpg 400w, https:\/\/centrocar.com\/portugal\/wp-content\/uploads\/sites\/2\/2023\/10\/parts-warranty_v3-600x408.jpg 600w, https:\/\/centrocar.com\/portugal\/wp-content\/uploads\/sites\/2\/2023\/10\/parts-warranty_v3-800x544.jpg 800w, https:\/\/centrocar.com\/portugal\/wp-content\/uploads\/sites\/2\/2023\/10\/parts-warranty_v3.jpg 809w\" sizes=\"(max-width: 640px) 100vw, 800px\" \/><\/span><\/div><\/div><\/div><div class=\"fusion-layout-column fusion_builder_column fusion-builder-column-131 fusion_builder_column_1_2 1_2 fusion-flex-column fusion-flex-align-self-flex-start\" style=\"--awb-bg-size:cover;--awb-width-large:50%;--awb-flex-grow:0;--awb-flex-shrink:0;--awb-margin-top-large:0px;--awb-spacing-right-large:2.91%;--awb-margin-bottom-large:36.996300000000005px;--awb-spacing-left-large:2.91%;--awb-width-medium:50%;--awb-order-medium:0;--awb-flex-grow-medium:0;--awb-flex-shrink-medium:0;--awb-spacing-right-medium:2.91%;--awb-spacing-left-medium:2.91%;--awb-width-small:100%;--awb-order-small:0;--awb-flex-grow-small:0;--awb-flex-shrink-small:0;--awb-spacing-right-small:1.455%;--awb-spacing-left-small:1.455%;\" data-scroll-devices=\"small-visibility,medium-visibility,large-visibility\"><div class=\"fusion-column-wrapper fusion-column-has-shadow fusion-flex-justify-content-flex-start fusion-content-layout-column\"><div class=\"fusion-title title fusion-title-9 fusion-sep-none fusion-title-text fusion-title-size-four\" style=\"--awb-text-color:var(--awb-color4);--awb-margin-top:0px;--awb-margin-bottom:0px;\"><h4 class=\"fusion-title-heading title-heading-left\" style=\"margin:0;\"><h4 class=\"text-color\">SERVICIOS<\/h4><\/h4><\/div><div class=\"fusion-title title fusion-title-10 fusion-sep-none fusion-title-text fusion-title-size-two\" style=\"--awb-margin-top:0px;--awb-margin-bottom:0px;\"><h2 class=\"fusion-title-heading title-heading-left\" style=\"margin:0;\"><h2>GARANT\u00cdA<\/h2><\/h2><\/div><div class=\"fusion-text fusion-text-13\" style=\"--awb-content-alignment:justify;\"><p>Nuestro equipo est\u00e1 respaldado por las garant\u00edas l\u00edderes de la industria. Creemos que nuestros productos innovadores tienen un mejor rendimiento y durabilidad que otros competidores y esa es exactamente la raz\u00f3n por la que hemos liderado la industria durante a\u00f1os con garant\u00edas m\u00e1s amplias y completas.<\/p>\n<p>Para mayor seguridad y tranquilidad, opte por nuestras opciones de extensi\u00f3n de garant\u00eda. Hay varios per\u00edodos de cobertura disponibles, que van de 24 a 60 meses. La extensi\u00f3n de la garant\u00eda es transferible, lo que aumentar\u00e1 el valor de reventa de su m\u00e1quina. P\u00f3ngase en contacto con nuestro equipo de ventas para obtener m\u00e1s informaci\u00f3n sobre nuestras opciones y t\u00e9rminos de garant\u00eda.<\/p>\n<\/div><div ><a class=\"fusion-button button-flat fusion-button-default-size button-default fusion-button-default button-6 fusion-button-default-span fusion-button-default-type\" style=\"--button_margin-top:10px;\" target=\"_self\" href=\"https:\/\/centrocar.com\/portugal\/es\/asistencia-tecnica\/\"><span class=\"fusion-button-text awb-button__text awb-button__text--default\">M\u00c1S INFORMACI\u00d3N<\/span><\/a><\/div><\/div><\/div><\/div><\/div><div class=\"fusion-fullwidth fullwidth-box fusion-builder-row-7 fusion-flex-container has-pattern-background has-mask-background nonhundred-percent-fullwidth non-hundred-percent-height-scrolling\" style=\"--link_hover_color: var(--awb-color4);--awb-background-blend-mode:overlay;--awb-border-radius-top-left:0px;--awb-border-radius-top-right:0px;--awb-border-radius-bottom-right:0px;--awb-border-radius-bottom-left:0px;--awb-background-color:var(--awb-color7);--awb-background-size:;--awb-flex-wrap:wrap;\" ><div class=\"fusion-builder-row fusion-row fusion-flex-align-items-flex-start fusion-flex-content-wrap\" style=\"max-width:calc( 1280px + 0px );margin-left: calc(-0px \/ 2 );margin-right: calc(-0px \/ 2 );\"><div class=\"fusion-layout-column fusion_builder_column fusion-builder-column-132 fusion_builder_column_1_1 1_1 fusion-flex-column\" style=\"--awb-padding-top:50px;--awb-padding-bottom:50px;--awb-bg-image:url(&#039;http:\/\/centrocar.com\/portugal\/wp-content\/uploads\/sites\/2\/2023\/09\/shop4_home_banner2.jpg&#039;);--awb-bg-size:cover;--awb-width-large:100%;--awb-flex-grow:0;--awb-flex-shrink:0;--awb-margin-top-large:20px;--awb-spacing-right-large:0px;--awb-margin-bottom-large:0px;--awb-spacing-left-large:0px;--awb-width-medium:100%;--awb-order-medium:0;--awb-flex-grow-medium:0;--awb-flex-shrink-medium:0;--awb-spacing-right-medium:0px;--awb-spacing-left-medium:0px;--awb-width-small:100%;--awb-order-small:0;--awb-flex-grow-small:0;--awb-flex-shrink-small:0;--awb-spacing-right-small:0px;--awb-spacing-left-small:0px;\" data-scroll-devices=\"small-visibility,medium-visibility,large-visibility\"><div class=\"fusion-column-wrapper fusion-column-has-shadow fusion-flex-justify-content-flex-start fusion-content-layout-column fusion-column-has-bg-image\" data-bg-url=\"http:\/\/centrocar.com\/portugal\/wp-content\/uploads\/sites\/2\/2023\/09\/shop4_home_banner2.jpg\"><div class=\"fusion-post-cards fusion-post-cards-3 awb-carousel awb-swiper awb-swiper-carousel awb-swiper-dots-position-bottom\" style=\"--awb-dots-align:center;--awb-columns:6;--awb-active-filter-border-size:3px;--awb-filters-height:36px;\" data-autoplay=\"yes\" data-autoplayspeed=\"2500\" data-autoplaypause=\"no\" data-loop=\"yes\" data-columns=\"6\" data-columnsmedium=\"0\" data-columnssmall=\"0\" data-itemmargin=\"40\" data-itemwidth=\"180\" data-touchscroll=\"no\" data-freemode=\"no\" data-imagesize=\"auto\" data-scrollitems=\"0\" data-mousepointer=\"default\" data-layout=\"carousel\" data-centeredslides=\"no\" data-shadow=\"no\" data-speed=\"500\" data-rotationangle=\"50\" data-depth=\"100\"><div class=\"swiper-wrapper fusion-flex-align-items-center\"><div class=\"fusion_builder_column fusion-builder-column-133 fusion-flex-column post-card swiper-slide\" style=\"--awb-bg-blend:overlay;--awb-bg-size:cover;--awb-flex-grow:0;--awb-flex-shrink:0;--awb-flex-grow-medium:0;--awb-flex-shrink-medium:0;--awb-flex-grow-small:0;--awb-flex-shrink-small:0;\"><div class=\"fusion-column-wrapper fusion-flex-justify-content-flex-start fusion-content-layout-column fusion-carousel-item-wrapper\"><\/div><\/div>\n<div class=\"fusion_builder_column fusion-builder-column-134 fusion-flex-column post-card swiper-slide\" style=\"--awb-bg-blend:overlay;--awb-bg-size:cover;--awb-flex-grow:0;--awb-flex-shrink:0;--awb-flex-grow-medium:0;--awb-flex-shrink-medium:0;--awb-flex-grow-small:0;--awb-flex-shrink-small:0;\"><div class=\"fusion-column-wrapper fusion-flex-justify-content-flex-start fusion-content-layout-column fusion-carousel-item-wrapper\"><div class=\"fusion-image-element \" style=\"--awb-caption-title-font-family:var(--h2_typography-font-family);--awb-caption-title-font-weight:var(--h2_typography-font-weight);--awb-caption-title-font-style:var(--h2_typography-font-style);--awb-caption-title-size:var(--h2_typography-font-size);--awb-caption-title-transform:var(--h2_typography-text-transform);--awb-caption-title-line-height:var(--h2_typography-line-height);--awb-caption-title-letter-spacing:var(--h2_typography-letter-spacing);\"><span class=\" fusion-imageframe imageframe-none imageframe-122 hover-type-none img-bw\"><a class=\"fusion-no-lightbox\" href=\"https:\/\/centrocar.com\/portugal\/en\/brand\/en-montabert\/\" target=\"_self\"><img decoding=\"async\" src=\"http:\/\/centrocar.com\/portugal\/wp-content\/uploads\/sites\/2\/2023\/05\/logo_montabert_bw.png\" alt class=\"img-responsive\"\/><\/a><\/span><\/div><\/div><\/div>\n<div class=\"fusion_builder_column fusion-builder-column-135 fusion-flex-column post-card swiper-slide\" style=\"--awb-bg-blend:overlay;--awb-bg-size:cover;--awb-flex-grow:0;--awb-flex-shrink:0;--awb-flex-grow-medium:0;--awb-flex-shrink-medium:0;--awb-flex-grow-small:0;--awb-flex-shrink-small:0;\"><div class=\"fusion-column-wrapper fusion-flex-justify-content-flex-start fusion-content-layout-column fusion-carousel-item-wrapper\"><div class=\"fusion-image-element \" style=\"--awb-caption-title-font-family:var(--h2_typography-font-family);--awb-caption-title-font-weight:var(--h2_typography-font-weight);--awb-caption-title-font-style:var(--h2_typography-font-style);--awb-caption-title-size:var(--h2_typography-font-size);--awb-caption-title-transform:var(--h2_typography-text-transform);--awb-caption-title-line-height:var(--h2_typography-line-height);--awb-caption-title-letter-spacing:var(--h2_typography-letter-spacing);\"><span class=\" fusion-imageframe imageframe-none imageframe-123 hover-type-none img-bw\"><a class=\"fusion-no-lightbox\" href=\"https:\/\/centrocar.com\/portugal\/brand\/pt-montabert\/\" target=\"_self\"><img decoding=\"async\" src=\"http:\/\/centrocar.com\/portugal\/wp-content\/uploads\/sites\/2\/2023\/05\/logo_montabert_bw.png\" alt class=\"img-responsive\"\/><\/a><\/span><\/div><\/div><\/div>\n<div class=\"fusion_builder_column fusion-builder-column-136 fusion-flex-column post-card swiper-slide\" style=\"--awb-bg-blend:overlay;--awb-bg-size:cover;--awb-flex-grow:0;--awb-flex-shrink:0;--awb-flex-grow-medium:0;--awb-flex-shrink-medium:0;--awb-flex-grow-small:0;--awb-flex-shrink-small:0;\"><div class=\"fusion-column-wrapper fusion-flex-justify-content-flex-start fusion-content-layout-column fusion-carousel-item-wrapper\"><div class=\"fusion-image-element \" style=\"--awb-caption-title-font-family:var(--h2_typography-font-family);--awb-caption-title-font-weight:var(--h2_typography-font-weight);--awb-caption-title-font-style:var(--h2_typography-font-style);--awb-caption-title-size:var(--h2_typography-font-size);--awb-caption-title-transform:var(--h2_typography-text-transform);--awb-caption-title-line-height:var(--h2_typography-line-height);--awb-caption-title-letter-spacing:var(--h2_typography-letter-spacing);\"><span class=\" fusion-imageframe imageframe-none imageframe-124 hover-type-none img-bw\"><a class=\"fusion-no-lightbox\" href=\"https:\/\/centrocar.com\/portugal\/es\/brand\/es-montabert\/\" target=\"_self\"><img decoding=\"async\" src=\"http:\/\/centrocar.com\/portugal\/wp-content\/uploads\/sites\/2\/2023\/05\/logo_montabert_bw.png\" alt class=\"img-responsive\"\/><\/a><\/span><\/div><\/div><\/div>\n<div class=\"fusion_builder_column fusion-builder-column-137 fusion-flex-column post-card swiper-slide\" style=\"--awb-bg-blend:overlay;--awb-bg-size:cover;--awb-flex-grow:0;--awb-flex-shrink:0;--awb-flex-grow-medium:0;--awb-flex-shrink-medium:0;--awb-flex-grow-small:0;--awb-flex-shrink-small:0;\"><div class=\"fusion-column-wrapper fusion-flex-justify-content-flex-start fusion-content-layout-column fusion-carousel-item-wrapper\"><div class=\"fusion-image-element \" style=\"--awb-caption-title-font-family:var(--h2_typography-font-family);--awb-caption-title-font-weight:var(--h2_typography-font-weight);--awb-caption-title-font-style:var(--h2_typography-font-style);--awb-caption-title-size:var(--h2_typography-font-size);--awb-caption-title-transform:var(--h2_typography-text-transform);--awb-caption-title-line-height:var(--h2_typography-line-height);--awb-caption-title-letter-spacing:var(--h2_typography-letter-spacing);\"><span class=\" fusion-imageframe imageframe-none imageframe-125 hover-type-none img-bw\"><a class=\"fusion-no-lightbox\" href=\"https:\/\/centrocar.com\/portugal\/es\/brand\/es-mccloskey-international\/\" target=\"_self\"><img decoding=\"async\" src=\"http:\/\/centrocar.com\/portugal\/wp-content\/uploads\/sites\/2\/2023\/05\/logo_mccloskey_bw.png\" alt class=\"img-responsive\"\/><\/a><\/span><\/div><\/div><\/div>\n<div class=\"fusion_builder_column fusion-builder-column-138 fusion-flex-column post-card swiper-slide\" style=\"--awb-bg-blend:overlay;--awb-bg-size:cover;--awb-flex-grow:0;--awb-flex-shrink:0;--awb-flex-grow-medium:0;--awb-flex-shrink-medium:0;--awb-flex-grow-small:0;--awb-flex-shrink-small:0;\"><div class=\"fusion-column-wrapper fusion-flex-justify-content-flex-start fusion-content-layout-column fusion-carousel-item-wrapper\"><div class=\"fusion-image-element \" style=\"--awb-caption-title-font-family:var(--h2_typography-font-family);--awb-caption-title-font-weight:var(--h2_typography-font-weight);--awb-caption-title-font-style:var(--h2_typography-font-style);--awb-caption-title-size:var(--h2_typography-font-size);--awb-caption-title-transform:var(--h2_typography-text-transform);--awb-caption-title-line-height:var(--h2_typography-line-height);--awb-caption-title-letter-spacing:var(--h2_typography-letter-spacing);\"><span class=\" fusion-imageframe imageframe-none imageframe-126 hover-type-none img-bw\"><a class=\"fusion-no-lightbox\" href=\"https:\/\/centrocar.com\/portugal\/brand\/pt-mccloskey-international\/\" target=\"_self\"><img decoding=\"async\" src=\"http:\/\/centrocar.com\/portugal\/wp-content\/uploads\/sites\/2\/2023\/05\/logo_mccloskey_bw.png\" alt class=\"img-responsive\"\/><\/a><\/span><\/div><\/div><\/div>\n<div class=\"fusion_builder_column fusion-builder-column-139 fusion-flex-column post-card swiper-slide\" style=\"--awb-bg-blend:overlay;--awb-bg-size:cover;--awb-flex-grow:0;--awb-flex-shrink:0;--awb-flex-grow-medium:0;--awb-flex-shrink-medium:0;--awb-flex-grow-small:0;--awb-flex-shrink-small:0;\"><div class=\"fusion-column-wrapper fusion-flex-justify-content-flex-start fusion-content-layout-column fusion-carousel-item-wrapper\"><div class=\"fusion-image-element \" style=\"--awb-caption-title-font-family:var(--h2_typography-font-family);--awb-caption-title-font-weight:var(--h2_typography-font-weight);--awb-caption-title-font-style:var(--h2_typography-font-style);--awb-caption-title-size:var(--h2_typography-font-size);--awb-caption-title-transform:var(--h2_typography-text-transform);--awb-caption-title-line-height:var(--h2_typography-line-height);--awb-caption-title-letter-spacing:var(--h2_typography-letter-spacing);\"><span class=\" fusion-imageframe imageframe-none imageframe-127 hover-type-none img-bw\"><a class=\"fusion-no-lightbox\" href=\"https:\/\/centrocar.com\/portugal\/en\/brand\/en-mccloskey-international\/\" target=\"_self\"><img decoding=\"async\" src=\"http:\/\/centrocar.com\/portugal\/wp-content\/uploads\/sites\/2\/2023\/05\/logo_mccloskey_bw.png\" alt class=\"img-responsive\"\/><\/a><\/span><\/div><\/div><\/div>\n<div class=\"fusion_builder_column fusion-builder-column-140 fusion-flex-column post-card swiper-slide\" style=\"--awb-bg-blend:overlay;--awb-bg-size:cover;--awb-flex-grow:0;--awb-flex-shrink:0;--awb-flex-grow-medium:0;--awb-flex-shrink-medium:0;--awb-flex-grow-small:0;--awb-flex-shrink-small:0;\"><div class=\"fusion-column-wrapper fusion-flex-justify-content-flex-start fusion-content-layout-column fusion-carousel-item-wrapper\"><div class=\"fusion-image-element \" style=\"--awb-caption-title-font-family:var(--h2_typography-font-family);--awb-caption-title-font-weight:var(--h2_typography-font-weight);--awb-caption-title-font-style:var(--h2_typography-font-style);--awb-caption-title-size:var(--h2_typography-font-size);--awb-caption-title-transform:var(--h2_typography-text-transform);--awb-caption-title-line-height:var(--h2_typography-line-height);--awb-caption-title-letter-spacing:var(--h2_typography-letter-spacing);\"><span class=\" fusion-imageframe imageframe-none imageframe-128 hover-type-none img-bw\"><a class=\"fusion-no-lightbox\" href=\"https:\/\/centrocar.com\/portugal\/en\/brand\/en-mccloskey-environmental\/\" target=\"_self\"><img decoding=\"async\" src=\"http:\/\/centrocar.com\/portugal\/wp-content\/uploads\/sites\/2\/2023\/05\/logo_mccloskeyenvironmental_bw.png\" alt class=\"img-responsive\"\/><\/a><\/span><\/div><\/div><\/div>\n<div class=\"fusion_builder_column fusion-builder-column-141 fusion-flex-column post-card swiper-slide\" style=\"--awb-bg-blend:overlay;--awb-bg-size:cover;--awb-flex-grow:0;--awb-flex-shrink:0;--awb-flex-grow-medium:0;--awb-flex-shrink-medium:0;--awb-flex-grow-small:0;--awb-flex-shrink-small:0;\"><div class=\"fusion-column-wrapper fusion-flex-justify-content-flex-start fusion-content-layout-column fusion-carousel-item-wrapper\"><div class=\"fusion-image-element \" style=\"--awb-caption-title-font-family:var(--h2_typography-font-family);--awb-caption-title-font-weight:var(--h2_typography-font-weight);--awb-caption-title-font-style:var(--h2_typography-font-style);--awb-caption-title-size:var(--h2_typography-font-size);--awb-caption-title-transform:var(--h2_typography-text-transform);--awb-caption-title-line-height:var(--h2_typography-line-height);--awb-caption-title-letter-spacing:var(--h2_typography-letter-spacing);\"><span class=\" fusion-imageframe imageframe-none imageframe-129 hover-type-none img-bw\"><a class=\"fusion-no-lightbox\" href=\"https:\/\/centrocar.com\/portugal\/es\/brand\/es-mccloskey-environmental-es\/\" target=\"_self\"><img decoding=\"async\" src=\"http:\/\/centrocar.com\/portugal\/wp-content\/uploads\/sites\/2\/2023\/05\/logo_mccloskeyenvironmental_bw.png\" alt class=\"img-responsive\"\/><\/a><\/span><\/div><\/div><\/div>\n<div class=\"fusion_builder_column fusion-builder-column-142 fusion-flex-column post-card swiper-slide\" style=\"--awb-bg-blend:overlay;--awb-bg-size:cover;--awb-flex-grow:0;--awb-flex-shrink:0;--awb-flex-grow-medium:0;--awb-flex-shrink-medium:0;--awb-flex-grow-small:0;--awb-flex-shrink-small:0;\"><div class=\"fusion-column-wrapper fusion-flex-justify-content-flex-start fusion-content-layout-column fusion-carousel-item-wrapper\"><div class=\"fusion-image-element \" style=\"--awb-caption-title-font-family:var(--h2_typography-font-family);--awb-caption-title-font-weight:var(--h2_typography-font-weight);--awb-caption-title-font-style:var(--h2_typography-font-style);--awb-caption-title-size:var(--h2_typography-font-size);--awb-caption-title-transform:var(--h2_typography-text-transform);--awb-caption-title-line-height:var(--h2_typography-line-height);--awb-caption-title-letter-spacing:var(--h2_typography-letter-spacing);\"><span class=\" fusion-imageframe imageframe-none imageframe-130 hover-type-none img-bw\"><a class=\"fusion-no-lightbox\" href=\"https:\/\/centrocar.com\/portugal\/brand\/pt-mccloskey-environmental\/\" target=\"_self\"><img decoding=\"async\" src=\"http:\/\/centrocar.com\/portugal\/wp-content\/uploads\/sites\/2\/2023\/05\/logo_mccloskeyenvironmental_bw.png\" alt class=\"img-responsive\"\/><\/a><\/span><\/div><\/div><\/div>\n<div class=\"fusion_builder_column fusion-builder-column-143 fusion-flex-column post-card swiper-slide\" style=\"--awb-bg-blend:overlay;--awb-bg-size:cover;--awb-flex-grow:0;--awb-flex-shrink:0;--awb-flex-grow-medium:0;--awb-flex-shrink-medium:0;--awb-flex-grow-small:0;--awb-flex-shrink-small:0;\"><div class=\"fusion-column-wrapper fusion-flex-justify-content-flex-start fusion-content-layout-column fusion-carousel-item-wrapper\"><div class=\"fusion-image-element \" style=\"--awb-caption-title-font-family:var(--h2_typography-font-family);--awb-caption-title-font-weight:var(--h2_typography-font-weight);--awb-caption-title-font-style:var(--h2_typography-font-style);--awb-caption-title-size:var(--h2_typography-font-size);--awb-caption-title-transform:var(--h2_typography-text-transform);--awb-caption-title-line-height:var(--h2_typography-line-height);--awb-caption-title-letter-spacing:var(--h2_typography-letter-spacing);\"><span class=\" fusion-imageframe imageframe-none imageframe-131 hover-type-none img-bw\"><a class=\"fusion-no-lightbox\" href=\"https:\/\/centrocar.com\/portugal\/en\/brand\/en-haulotte\/\" target=\"_self\"><img decoding=\"async\" src=\"http:\/\/centrocar.com\/portugal\/wp-content\/uploads\/sites\/2\/2023\/05\/logo_haulotte_bw.png\" alt class=\"img-responsive\"\/><\/a><\/span><\/div><\/div><\/div>\n<div class=\"fusion_builder_column fusion-builder-column-144 fusion-flex-column post-card swiper-slide\" style=\"--awb-bg-blend:overlay;--awb-bg-size:cover;--awb-flex-grow:0;--awb-flex-shrink:0;--awb-flex-grow-medium:0;--awb-flex-shrink-medium:0;--awb-flex-grow-small:0;--awb-flex-shrink-small:0;\"><div class=\"fusion-column-wrapper fusion-flex-justify-content-flex-start fusion-content-layout-column fusion-carousel-item-wrapper\"><div class=\"fusion-image-element \" style=\"--awb-caption-title-font-family:var(--h2_typography-font-family);--awb-caption-title-font-weight:var(--h2_typography-font-weight);--awb-caption-title-font-style:var(--h2_typography-font-style);--awb-caption-title-size:var(--h2_typography-font-size);--awb-caption-title-transform:var(--h2_typography-text-transform);--awb-caption-title-line-height:var(--h2_typography-line-height);--awb-caption-title-letter-spacing:var(--h2_typography-letter-spacing);\"><span class=\" fusion-imageframe imageframe-none imageframe-132 hover-type-none img-bw\"><a class=\"fusion-no-lightbox\" href=\"https:\/\/centrocar.com\/portugal\/brand\/pt-haulotte\/\" target=\"_self\"><img decoding=\"async\" src=\"http:\/\/centrocar.com\/portugal\/wp-content\/uploads\/sites\/2\/2023\/05\/logo_haulotte_bw.png\" alt class=\"img-responsive\"\/><\/a><\/span><\/div><\/div><\/div>\n<div class=\"fusion_builder_column fusion-builder-column-145 fusion-flex-column post-card swiper-slide\" style=\"--awb-bg-blend:overlay;--awb-bg-size:cover;--awb-flex-grow:0;--awb-flex-shrink:0;--awb-flex-grow-medium:0;--awb-flex-shrink-medium:0;--awb-flex-grow-small:0;--awb-flex-shrink-small:0;\"><div class=\"fusion-column-wrapper fusion-flex-justify-content-flex-start fusion-content-layout-column fusion-carousel-item-wrapper\"><div class=\"fusion-image-element \" style=\"--awb-caption-title-font-family:var(--h2_typography-font-family);--awb-caption-title-font-weight:var(--h2_typography-font-weight);--awb-caption-title-font-style:var(--h2_typography-font-style);--awb-caption-title-size:var(--h2_typography-font-size);--awb-caption-title-transform:var(--h2_typography-text-transform);--awb-caption-title-line-height:var(--h2_typography-line-height);--awb-caption-title-letter-spacing:var(--h2_typography-letter-spacing);\"><span class=\" fusion-imageframe imageframe-none imageframe-133 hover-type-none img-bw\"><a class=\"fusion-no-lightbox\" href=\"https:\/\/centrocar.com\/portugal\/es\/brand\/es-haulotte\/\" target=\"_self\"><img decoding=\"async\" src=\"http:\/\/centrocar.com\/portugal\/wp-content\/uploads\/sites\/2\/2023\/05\/logo_haulotte_bw.png\" alt class=\"img-responsive\"\/><\/a><\/span><\/div><\/div><\/div>\n<div class=\"fusion_builder_column fusion-builder-column-146 fusion-flex-column post-card swiper-slide\" style=\"--awb-bg-blend:overlay;--awb-bg-size:cover;--awb-flex-grow:0;--awb-flex-shrink:0;--awb-flex-grow-medium:0;--awb-flex-shrink-medium:0;--awb-flex-grow-small:0;--awb-flex-shrink-small:0;\"><div class=\"fusion-column-wrapper fusion-flex-justify-content-flex-start fusion-content-layout-column fusion-carousel-item-wrapper\"><div class=\"fusion-image-element \" style=\"--awb-caption-title-font-family:var(--h2_typography-font-family);--awb-caption-title-font-weight:var(--h2_typography-font-weight);--awb-caption-title-font-style:var(--h2_typography-font-style);--awb-caption-title-size:var(--h2_typography-font-size);--awb-caption-title-transform:var(--h2_typography-text-transform);--awb-caption-title-line-height:var(--h2_typography-line-height);--awb-caption-title-letter-spacing:var(--h2_typography-letter-spacing);\"><span class=\" fusion-imageframe imageframe-none imageframe-134 hover-type-none img-bw\"><a class=\"fusion-no-lightbox\" href=\"https:\/\/centrocar.com\/portugal\/es\/brand\/es-develon\/\" target=\"_self\"><img decoding=\"async\" src=\"http:\/\/centrocar.com\/portugal\/wp-content\/uploads\/sites\/2\/2023\/05\/logo_develon_bw.png\" alt class=\"img-responsive\"\/><\/a><\/span><\/div><\/div><\/div>\n<div class=\"fusion_builder_column fusion-builder-column-147 fusion-flex-column post-card swiper-slide\" style=\"--awb-bg-blend:overlay;--awb-bg-size:cover;--awb-flex-grow:0;--awb-flex-shrink:0;--awb-flex-grow-medium:0;--awb-flex-shrink-medium:0;--awb-flex-grow-small:0;--awb-flex-shrink-small:0;\"><div class=\"fusion-column-wrapper fusion-flex-justify-content-flex-start fusion-content-layout-column fusion-carousel-item-wrapper\"><div class=\"fusion-image-element \" style=\"--awb-caption-title-font-family:var(--h2_typography-font-family);--awb-caption-title-font-weight:var(--h2_typography-font-weight);--awb-caption-title-font-style:var(--h2_typography-font-style);--awb-caption-title-size:var(--h2_typography-font-size);--awb-caption-title-transform:var(--h2_typography-text-transform);--awb-caption-title-line-height:var(--h2_typography-line-height);--awb-caption-title-letter-spacing:var(--h2_typography-letter-spacing);\"><span class=\" fusion-imageframe imageframe-none imageframe-135 hover-type-none img-bw\"><a class=\"fusion-no-lightbox\" href=\"https:\/\/centrocar.com\/portugal\/brand\/pt-develon\/\" target=\"_self\"><img decoding=\"async\" src=\"http:\/\/centrocar.com\/portugal\/wp-content\/uploads\/sites\/2\/2023\/05\/logo_develon_bw.png\" alt class=\"img-responsive\"\/><\/a><\/span><\/div><\/div><\/div>\n<div class=\"fusion_builder_column fusion-builder-column-148 fusion-flex-column post-card swiper-slide\" style=\"--awb-bg-blend:overlay;--awb-bg-size:cover;--awb-flex-grow:0;--awb-flex-shrink:0;--awb-flex-grow-medium:0;--awb-flex-shrink-medium:0;--awb-flex-grow-small:0;--awb-flex-shrink-small:0;\"><div class=\"fusion-column-wrapper fusion-flex-justify-content-flex-start fusion-content-layout-column fusion-carousel-item-wrapper\"><div class=\"fusion-image-element \" style=\"--awb-caption-title-font-family:var(--h2_typography-font-family);--awb-caption-title-font-weight:var(--h2_typography-font-weight);--awb-caption-title-font-style:var(--h2_typography-font-style);--awb-caption-title-size:var(--h2_typography-font-size);--awb-caption-title-transform:var(--h2_typography-text-transform);--awb-caption-title-line-height:var(--h2_typography-line-height);--awb-caption-title-letter-spacing:var(--h2_typography-letter-spacing);\"><span class=\" fusion-imageframe imageframe-none imageframe-136 hover-type-none img-bw\"><a class=\"fusion-no-lightbox\" href=\"https:\/\/centrocar.com\/portugal\/en\/brand\/en-develon\/\" target=\"_self\"><img decoding=\"async\" src=\"http:\/\/centrocar.com\/portugal\/wp-content\/uploads\/sites\/2\/2023\/05\/logo_develon_bw.png\" alt class=\"img-responsive\"\/><\/a><\/span><\/div><\/div><\/div>\n<div class=\"fusion_builder_column fusion-builder-column-149 fusion-flex-column post-card swiper-slide\" style=\"--awb-bg-blend:overlay;--awb-bg-size:cover;--awb-flex-grow:0;--awb-flex-shrink:0;--awb-flex-grow-medium:0;--awb-flex-shrink-medium:0;--awb-flex-grow-small:0;--awb-flex-shrink-small:0;\"><div class=\"fusion-column-wrapper fusion-flex-justify-content-flex-start fusion-content-layout-column fusion-carousel-item-wrapper\"><div class=\"fusion-image-element \" style=\"--awb-caption-title-font-family:var(--h2_typography-font-family);--awb-caption-title-font-weight:var(--h2_typography-font-weight);--awb-caption-title-font-style:var(--h2_typography-font-style);--awb-caption-title-size:var(--h2_typography-font-size);--awb-caption-title-transform:var(--h2_typography-text-transform);--awb-caption-title-line-height:var(--h2_typography-line-height);--awb-caption-title-letter-spacing:var(--h2_typography-letter-spacing);\"><span class=\" fusion-imageframe imageframe-none imageframe-137 hover-type-none img-bw\"><a class=\"fusion-no-lightbox\" href=\"https:\/\/centrocar.com\/portugal\/brand\/pt-bobcat-portable-power\/\" target=\"_self\"><img decoding=\"async\" src=\"http:\/\/centrocar.com\/portugal\/wp-content\/uploads\/sites\/2\/2023\/05\/logo_bobcatportablepower_bw.png\" alt class=\"img-responsive\"\/><\/a><\/span><\/div><\/div><\/div>\n<div class=\"fusion_builder_column fusion-builder-column-150 fusion-flex-column post-card swiper-slide\" style=\"--awb-bg-blend:overlay;--awb-bg-size:cover;--awb-flex-grow:0;--awb-flex-shrink:0;--awb-flex-grow-medium:0;--awb-flex-shrink-medium:0;--awb-flex-grow-small:0;--awb-flex-shrink-small:0;\"><div class=\"fusion-column-wrapper fusion-flex-justify-content-flex-start fusion-content-layout-column fusion-carousel-item-wrapper\"><div class=\"fusion-image-element \" style=\"--awb-caption-title-font-family:var(--h2_typography-font-family);--awb-caption-title-font-weight:var(--h2_typography-font-weight);--awb-caption-title-font-style:var(--h2_typography-font-style);--awb-caption-title-size:var(--h2_typography-font-size);--awb-caption-title-transform:var(--h2_typography-text-transform);--awb-caption-title-line-height:var(--h2_typography-line-height);--awb-caption-title-letter-spacing:var(--h2_typography-letter-spacing);\"><span class=\" fusion-imageframe imageframe-none imageframe-138 hover-type-none img-bw\"><a class=\"fusion-no-lightbox\" href=\"https:\/\/centrocar.com\/portugal\/es\/brand\/es-bobcat-portable-power\/\" target=\"_self\"><img decoding=\"async\" src=\"http:\/\/centrocar.com\/portugal\/wp-content\/uploads\/sites\/2\/2023\/05\/logo_bobcatportablepower_bw.png\" alt class=\"img-responsive\"\/><\/a><\/span><\/div><\/div><\/div>\n<div class=\"fusion_builder_column fusion-builder-column-151 fusion-flex-column post-card swiper-slide\" style=\"--awb-bg-blend:overlay;--awb-bg-size:cover;--awb-flex-grow:0;--awb-flex-shrink:0;--awb-flex-grow-medium:0;--awb-flex-shrink-medium:0;--awb-flex-grow-small:0;--awb-flex-shrink-small:0;\"><div class=\"fusion-column-wrapper fusion-flex-justify-content-flex-start fusion-content-layout-column fusion-carousel-item-wrapper\"><div class=\"fusion-image-element \" style=\"--awb-caption-title-font-family:var(--h2_typography-font-family);--awb-caption-title-font-weight:var(--h2_typography-font-weight);--awb-caption-title-font-style:var(--h2_typography-font-style);--awb-caption-title-size:var(--h2_typography-font-size);--awb-caption-title-transform:var(--h2_typography-text-transform);--awb-caption-title-line-height:var(--h2_typography-line-height);--awb-caption-title-letter-spacing:var(--h2_typography-letter-spacing);\"><span class=\" fusion-imageframe imageframe-none imageframe-139 hover-type-none img-bw\"><a class=\"fusion-no-lightbox\" href=\"https:\/\/centrocar.com\/portugal\/en\/brand\/en-bobcat-portable-power\/\" target=\"_self\"><img decoding=\"async\" src=\"http:\/\/centrocar.com\/portugal\/wp-content\/uploads\/sites\/2\/2023\/05\/logo_bobcatportablepower_bw.png\" alt class=\"img-responsive\"\/><\/a><\/span><\/div><\/div><\/div>\n<div class=\"fusion_builder_column fusion-builder-column-152 fusion-flex-column post-card swiper-slide\" style=\"--awb-bg-blend:overlay;--awb-bg-size:cover;--awb-flex-grow:0;--awb-flex-shrink:0;--awb-flex-grow-medium:0;--awb-flex-shrink-medium:0;--awb-flex-grow-small:0;--awb-flex-shrink-small:0;\"><div class=\"fusion-column-wrapper fusion-flex-justify-content-flex-start fusion-content-layout-column fusion-carousel-item-wrapper\"><div class=\"fusion-image-element \" style=\"--awb-caption-title-font-family:var(--h2_typography-font-family);--awb-caption-title-font-weight:var(--h2_typography-font-weight);--awb-caption-title-font-style:var(--h2_typography-font-style);--awb-caption-title-size:var(--h2_typography-font-size);--awb-caption-title-transform:var(--h2_typography-text-transform);--awb-caption-title-line-height:var(--h2_typography-line-height);--awb-caption-title-letter-spacing:var(--h2_typography-letter-spacing);\"><span class=\" fusion-imageframe imageframe-none imageframe-140 hover-type-none img-bw\"><a class=\"fusion-no-lightbox\" href=\"https:\/\/centrocar.com\/portugal\/es\/brand\/es-bobcat\/\" target=\"_self\"><img decoding=\"async\" src=\"http:\/\/centrocar.com\/portugal\/wp-content\/uploads\/sites\/2\/2023\/05\/logo_bobcat_bw.png\" alt class=\"img-responsive\"\/><\/a><\/span><\/div><\/div><\/div>\n<div class=\"fusion_builder_column fusion-builder-column-153 fusion-flex-column post-card swiper-slide\" style=\"--awb-bg-blend:overlay;--awb-bg-size:cover;--awb-flex-grow:0;--awb-flex-shrink:0;--awb-flex-grow-medium:0;--awb-flex-shrink-medium:0;--awb-flex-grow-small:0;--awb-flex-shrink-small:0;\"><div class=\"fusion-column-wrapper fusion-flex-justify-content-flex-start fusion-content-layout-column fusion-carousel-item-wrapper\"><div class=\"fusion-image-element \" style=\"--awb-caption-title-font-family:var(--h2_typography-font-family);--awb-caption-title-font-weight:var(--h2_typography-font-weight);--awb-caption-title-font-style:var(--h2_typography-font-style);--awb-caption-title-size:var(--h2_typography-font-size);--awb-caption-title-transform:var(--h2_typography-text-transform);--awb-caption-title-line-height:var(--h2_typography-line-height);--awb-caption-title-letter-spacing:var(--h2_typography-letter-spacing);\"><span class=\" fusion-imageframe imageframe-none imageframe-141 hover-type-none img-bw\"><a class=\"fusion-no-lightbox\" href=\"https:\/\/centrocar.com\/portugal\/en\/brand\/en-bobcat\/\" target=\"_self\"><img decoding=\"async\" src=\"http:\/\/centrocar.com\/portugal\/wp-content\/uploads\/sites\/2\/2023\/05\/logo_bobcat_bw.png\" alt class=\"img-responsive\"\/><\/a><\/span><\/div><\/div><\/div>\n<div class=\"fusion_builder_column fusion-builder-column-154 fusion-flex-column post-card swiper-slide\" style=\"--awb-bg-blend:overlay;--awb-bg-size:cover;--awb-flex-grow:0;--awb-flex-shrink:0;--awb-flex-grow-medium:0;--awb-flex-shrink-medium:0;--awb-flex-grow-small:0;--awb-flex-shrink-small:0;\"><div class=\"fusion-column-wrapper fusion-flex-justify-content-flex-start fusion-content-layout-column fusion-carousel-item-wrapper\"><div class=\"fusion-image-element \" style=\"--awb-caption-title-font-family:var(--h2_typography-font-family);--awb-caption-title-font-weight:var(--h2_typography-font-weight);--awb-caption-title-font-style:var(--h2_typography-font-style);--awb-caption-title-size:var(--h2_typography-font-size);--awb-caption-title-transform:var(--h2_typography-text-transform);--awb-caption-title-line-height:var(--h2_typography-line-height);--awb-caption-title-letter-spacing:var(--h2_typography-letter-spacing);\"><span class=\" fusion-imageframe imageframe-none imageframe-142 hover-type-none img-bw\"><a class=\"fusion-no-lightbox\" href=\"https:\/\/centrocar.com\/portugal\/brand\/pt-bobcat\/\" target=\"_self\"><img decoding=\"async\" src=\"http:\/\/centrocar.com\/portugal\/wp-content\/uploads\/sites\/2\/2023\/05\/logo_bobcat_bw.png\" alt class=\"img-responsive\"\/><\/a><\/span><\/div><\/div><\/div>\n<div class=\"fusion_builder_column fusion-builder-column-155 fusion-flex-column post-card swiper-slide\" style=\"--awb-bg-blend:overlay;--awb-bg-size:cover;--awb-flex-grow:0;--awb-flex-shrink:0;--awb-flex-grow-medium:0;--awb-flex-shrink-medium:0;--awb-flex-grow-small:0;--awb-flex-shrink-small:0;\"><div class=\"fusion-column-wrapper fusion-flex-justify-content-flex-start fusion-content-layout-column fusion-carousel-item-wrapper\"><\/div><\/div>\n<\/div><\/div><\/div><\/div><\/div><\/div><div class=\"fusion-fullwidth fullwidth-box fusion-builder-row-8 fusion-flex-container has-pattern-background has-mask-background hundred-percent-fullwidth non-hundred-percent-height-scrolling\" style=\"--link_hover_color: var(--awb-color4);--link_color: var(--awb-color8);--awb-border-radius-top-left:0px;--awb-border-radius-top-right:0px;--awb-border-radius-bottom-right:0px;--awb-border-radius-bottom-left:0px;--awb-padding-right:0px;--awb-padding-left:0px;--awb-margin-top:0px;--awb-margin-bottom:0px;--awb-min-height:60px;--awb-background-color:var(--awb-color4);--awb-flex-wrap:wrap;\" ><div class=\"fusion-builder-row fusion-row fusion-flex-align-items-flex-start fusion-flex-content-wrap\" style=\"width:calc( 100% + 0px ) !important;max-width:calc( 100% + 0px ) !important;margin-left: calc(-0px \/ 2 );margin-right: calc(-0px \/ 2 );\"><div class=\"fusion-layout-column fusion_builder_column fusion-builder-column-156 fusion_builder_column_1_4 1_4 fusion-flex-column fusion-flex-align-self-stretch\" style=\"--awb-bg-color:rgba(247,247,247,0);--awb-bg-color-hover:rgba(247,247,247,0);--awb-bg-size:cover;--awb-width-large:25%;--awb-flex-grow:0;--awb-flex-shrink:0;--awb-margin-top-large:0px;--awb-spacing-right-large:0px;--awb-margin-bottom-large:0px;--awb-spacing-left-large:0px;--awb-width-medium:25%;--awb-order-medium:0;--awb-flex-grow-medium:0;--awb-flex-shrink-medium:0;--awb-spacing-right-medium:0px;--awb-spacing-left-medium:0px;--awb-width-small:100%;--awb-order-small:0;--awb-flex-grow-small:0;--awb-flex-shrink-small:0;--awb-spacing-right-small:0px;--awb-spacing-left-small:0px;\" data-scroll-devices=\"small-visibility,medium-visibility,large-visibility\"><div class=\"fusion-column-wrapper fusion-column-has-shadow fusion-flex-justify-content-center fusion-content-layout-column\"><div class=\"fusion-title title fusion-title-11 fusion-sep-none fusion-title-text fusion-title-size-two\" style=\"--awb-text-color:var(--awb-color2);--awb-margin-right:60px;--awb-margin-left:60px;\"><h2 class=\"fusion-title-heading title-heading-left\" style=\"margin:0;\">DESCUBRA EL EQUIPO IDEAL PARA SU INDUSTRIA!<\/h2><\/div><\/div><\/div><div class=\"fusion-layout-column fusion_builder_column fusion-builder-column-157 fusion_builder_column_3_4 3_4 fusion-flex-column fusion-flex-align-self-stretch\" style=\"--awb-bg-color:var(--awb-color4);--awb-bg-color-hover:var(--awb-color4);--awb-bg-size:cover;--awb-width-large:75%;--awb-flex-grow:0;--awb-flex-shrink:0;--awb-margin-top-large:0px;--awb-spacing-right-large:0px;--awb-margin-bottom-large:0px;--awb-spacing-left-large:0px;--awb-width-medium:75%;--awb-order-medium:0;--awb-flex-grow-medium:0;--awb-flex-shrink-medium:0;--awb-spacing-right-medium:0px;--awb-spacing-left-medium:0px;--awb-width-small:100%;--awb-order-small:0;--awb-flex-grow-small:0;--awb-flex-shrink-small:0;--awb-spacing-right-small:0px;--awb-spacing-left-small:0px;\" data-scroll-devices=\"small-visibility,medium-visibility,large-visibility\"><div class=\"fusion-column-wrapper fusion-column-has-shadow fusion-flex-justify-content-center fusion-content-layout-column\"><div class=\"fusion-post-cards fusion-post-cards-4 awb-carousel awb-swiper awb-swiper-carousel awb-swiper-dots-position-bottom\" style=\"--awb-column-spacing:0px;--awb-dots-align:center;--awb-columns:6;--awb-active-filter-border-size:3px;--awb-filters-height:36px;\" data-autoplay=\"yes\" data-autoplayspeed=\"2500\" data-autoplaypause=\"no\" data-loop=\"no\" data-columns=\"6\" data-columnsmedium=\"0\" data-columnssmall=\"0\" data-itemmargin=\"0\" data-itemwidth=\"180\" data-touchscroll=\"no\" data-freemode=\"no\" data-imagesize=\"auto\" data-scrollitems=\"1\" data-mousepointer=\"default\" data-layout=\"carousel\" data-centeredslides=\"no\" data-shadow=\"no\" data-speed=\"500\" data-rotationangle=\"50\" data-depth=\"100\" id=\"cen-applications-carousel\"><div class=\"swiper-wrapper fusion-flex-align-items-flex-start\"><div class=\"fusion_builder_column fusion-builder-column-158 fusion-flex-column post-card swiper-slide\" style=\"--awb-bg-blend:overlay;--awb-bg-size:cover;--awb-flex-grow:0;--awb-flex-shrink:0;--awb-flex-grow-medium:0;--awb-flex-shrink-medium:0;--awb-flex-grow-small:0;--awb-flex-shrink-small:0;\" data-scroll-devices=\"small-visibility,medium-visibility,large-visibility\"><div class=\"fusion-column-wrapper fusion-column-has-shadow fusion-flex-justify-content-flex-start fusion-content-layout-column fusion-carousel-item-wrapper\"><div class=\"fusion-image-element \" style=\"--awb-aspect-ratio: 100 \/ 70;--awb-caption-title-color:var(--awb-color2);--awb-caption-overlay-color:var(--awb-color8);--awb-caption-title-font-family:var(--h6_typography-font-family);--awb-caption-title-font-weight:var(--h6_typography-font-weight);--awb-caption-title-font-style:var(--h6_typography-font-style);--awb-caption-title-size:11px;--awb-caption-title-transform:uppercase;--awb-caption-title-line-height:var(--h6_typography-line-height);--awb-caption-title-letter-spacing:var(--h6_typography-letter-spacing);\"><span class=\" fusion-imageframe imageframe-none imageframe-144 awb-imageframe-style awb-imageframe-style-schantel has-aspect-ratio\"><a class=\"fusion-no-lightbox\" href=\"https:\/\/centrocar.com\/portugal\/es\/application\/es-agricultura\/\" target=\"_self\"><img decoding=\"async\" src=\"http:\/\/centrocar.com\/portugal\/wp-content\/uploads\/sites\/2\/2023\/05\/Agricultura.jpg\" class=\"img-responsive img-with-aspect-ratio\" data-parent-fit=\"cover\" data-parent-container=\".fusion-image-element\" alt \/><div class=\"awb-imageframe-caption-container\"><div class=\"awb-imageframe-caption\"><h6 class=\"awb-imageframe-caption-title\">Agricultura<\/h6><\/div><\/div><\/a><\/span><\/div><\/div><\/div>\n<div class=\"fusion_builder_column fusion-builder-column-159 fusion-flex-column post-card swiper-slide\" style=\"--awb-bg-blend:overlay;--awb-bg-size:cover;--awb-flex-grow:0;--awb-flex-shrink:0;--awb-flex-grow-medium:0;--awb-flex-shrink-medium:0;--awb-flex-grow-small:0;--awb-flex-shrink-small:0;\" data-scroll-devices=\"small-visibility,medium-visibility,large-visibility\"><div class=\"fusion-column-wrapper fusion-column-has-shadow fusion-flex-justify-content-flex-start fusion-content-layout-column fusion-carousel-item-wrapper\"><div class=\"fusion-image-element \" style=\"--awb-aspect-ratio: 100 \/ 70;--awb-caption-title-color:var(--awb-color2);--awb-caption-overlay-color:var(--awb-color8);--awb-caption-title-font-family:var(--h6_typography-font-family);--awb-caption-title-font-weight:var(--h6_typography-font-weight);--awb-caption-title-font-style:var(--h6_typography-font-style);--awb-caption-title-size:11px;--awb-caption-title-transform:uppercase;--awb-caption-title-line-height:var(--h6_typography-line-height);--awb-caption-title-letter-spacing:var(--h6_typography-letter-spacing);\"><span class=\" fusion-imageframe imageframe-none imageframe-145 awb-imageframe-style awb-imageframe-style-schantel has-aspect-ratio\"><a class=\"fusion-no-lightbox\" href=\"https:\/\/centrocar.com\/portugal\/application\/pt-agricultura\/\" target=\"_self\"><img decoding=\"async\" src=\"http:\/\/centrocar.com\/portugal\/wp-content\/uploads\/sites\/2\/2023\/05\/Agricultura.jpg\" class=\"img-responsive img-with-aspect-ratio\" data-parent-fit=\"cover\" data-parent-container=\".fusion-image-element\" alt \/><div class=\"awb-imageframe-caption-container\"><div class=\"awb-imageframe-caption\"><h6 class=\"awb-imageframe-caption-title\">Agricultura<\/h6><\/div><\/div><\/a><\/span><\/div><\/div><\/div>\n<div class=\"fusion_builder_column fusion-builder-column-160 fusion-flex-column post-card swiper-slide\" style=\"--awb-bg-blend:overlay;--awb-bg-size:cover;--awb-flex-grow:0;--awb-flex-shrink:0;--awb-flex-grow-medium:0;--awb-flex-shrink-medium:0;--awb-flex-grow-small:0;--awb-flex-shrink-small:0;\" data-scroll-devices=\"small-visibility,medium-visibility,large-visibility\"><div class=\"fusion-column-wrapper fusion-column-has-shadow fusion-flex-justify-content-flex-start fusion-content-layout-column fusion-carousel-item-wrapper\"><div class=\"fusion-image-element \" style=\"--awb-aspect-ratio: 100 \/ 70;--awb-caption-title-color:var(--awb-color2);--awb-caption-overlay-color:var(--awb-color8);--awb-caption-title-font-family:var(--h6_typography-font-family);--awb-caption-title-font-weight:var(--h6_typography-font-weight);--awb-caption-title-font-style:var(--h6_typography-font-style);--awb-caption-title-size:11px;--awb-caption-title-transform:uppercase;--awb-caption-title-line-height:var(--h6_typography-line-height);--awb-caption-title-letter-spacing:var(--h6_typography-letter-spacing);\"><span class=\" fusion-imageframe imageframe-none imageframe-146 awb-imageframe-style awb-imageframe-style-schantel has-aspect-ratio\"><a class=\"fusion-no-lightbox\" href=\"https:\/\/centrocar.com\/portugal\/en\/application\/en-agriculture\/\" target=\"_self\"><img decoding=\"async\" src=\"http:\/\/centrocar.com\/portugal\/wp-content\/uploads\/sites\/2\/2023\/05\/Agricultura.jpg\" class=\"img-responsive img-with-aspect-ratio\" data-parent-fit=\"cover\" data-parent-container=\".fusion-image-element\" alt \/><div class=\"awb-imageframe-caption-container\"><div class=\"awb-imageframe-caption\"><h6 class=\"awb-imageframe-caption-title\">Agriculture<\/h6><\/div><\/div><\/a><\/span><\/div><\/div><\/div>\n<div class=\"fusion_builder_column fusion-builder-column-161 fusion-flex-column post-card swiper-slide\" style=\"--awb-bg-blend:overlay;--awb-bg-size:cover;--awb-flex-grow:0;--awb-flex-shrink:0;--awb-flex-grow-medium:0;--awb-flex-shrink-medium:0;--awb-flex-grow-small:0;--awb-flex-shrink-small:0;\" data-scroll-devices=\"small-visibility,medium-visibility,large-visibility\"><div class=\"fusion-column-wrapper fusion-column-has-shadow fusion-flex-justify-content-flex-start fusion-content-layout-column fusion-carousel-item-wrapper\"><\/div><\/div>\n<div class=\"fusion_builder_column fusion-builder-column-162 fusion-flex-column post-card swiper-slide\" style=\"--awb-bg-blend:overlay;--awb-bg-size:cover;--awb-flex-grow:0;--awb-flex-shrink:0;--awb-flex-grow-medium:0;--awb-flex-shrink-medium:0;--awb-flex-grow-small:0;--awb-flex-shrink-small:0;\" data-scroll-devices=\"small-visibility,medium-visibility,large-visibility\"><div class=\"fusion-column-wrapper fusion-column-has-shadow fusion-flex-justify-content-flex-start fusion-content-layout-column fusion-carousel-item-wrapper\"><\/div><\/div>\n<div class=\"fusion_builder_column fusion-builder-column-163 fusion-flex-column post-card swiper-slide\" style=\"--awb-bg-blend:overlay;--awb-bg-size:cover;--awb-flex-grow:0;--awb-flex-shrink:0;--awb-flex-grow-medium:0;--awb-flex-shrink-medium:0;--awb-flex-grow-small:0;--awb-flex-shrink-small:0;\" data-scroll-devices=\"small-visibility,medium-visibility,large-visibility\"><div class=\"fusion-column-wrapper fusion-column-has-shadow fusion-flex-justify-content-flex-start fusion-content-layout-column fusion-carousel-item-wrapper\"><div class=\"fusion-image-element \" style=\"--awb-aspect-ratio: 100 \/ 70;--awb-caption-title-color:var(--awb-color2);--awb-caption-overlay-color:var(--awb-color8);--awb-caption-title-font-family:var(--h6_typography-font-family);--awb-caption-title-font-weight:var(--h6_typography-font-weight);--awb-caption-title-font-style:var(--h6_typography-font-style);--awb-caption-title-size:11px;--awb-caption-title-transform:uppercase;--awb-caption-title-line-height:var(--h6_typography-line-height);--awb-caption-title-letter-spacing:var(--h6_typography-letter-spacing);\"><span class=\" fusion-imageframe imageframe-none imageframe-149 awb-imageframe-style awb-imageframe-style-schantel has-aspect-ratio\"><a class=\"fusion-no-lightbox\" href=\"https:\/\/centrocar.com\/portugal\/es\/application\/es-canteras-y-agregados\/\" target=\"_self\"><img decoding=\"async\" src=\"http:\/\/centrocar.com\/portugal\/wp-content\/uploads\/sites\/2\/2023\/05\/Pedreiras-scaled-1.jpg\" class=\"img-responsive img-with-aspect-ratio\" data-parent-fit=\"cover\" data-parent-container=\".fusion-image-element\" alt \/><div class=\"awb-imageframe-caption-container\"><div class=\"awb-imageframe-caption\"><h6 class=\"awb-imageframe-caption-title\">Canteras y agregados<\/h6><\/div><\/div><\/a><\/span><\/div><\/div><\/div>\n<div class=\"fusion_builder_column fusion-builder-column-164 fusion-flex-column post-card swiper-slide\" style=\"--awb-bg-blend:overlay;--awb-bg-size:cover;--awb-flex-grow:0;--awb-flex-shrink:0;--awb-flex-grow-medium:0;--awb-flex-shrink-medium:0;--awb-flex-grow-small:0;--awb-flex-shrink-small:0;\" data-scroll-devices=\"small-visibility,medium-visibility,large-visibility\"><div class=\"fusion-column-wrapper fusion-column-has-shadow fusion-flex-justify-content-flex-start fusion-content-layout-column fusion-carousel-item-wrapper\"><div class=\"fusion-image-element \" style=\"--awb-aspect-ratio: 100 \/ 70;--awb-caption-title-color:var(--awb-color2);--awb-caption-overlay-color:var(--awb-color8);--awb-caption-title-font-family:var(--h6_typography-font-family);--awb-caption-title-font-weight:var(--h6_typography-font-weight);--awb-caption-title-font-style:var(--h6_typography-font-style);--awb-caption-title-size:11px;--awb-caption-title-transform:uppercase;--awb-caption-title-line-height:var(--h6_typography-line-height);--awb-caption-title-letter-spacing:var(--h6_typography-letter-spacing);\"><span class=\" fusion-imageframe imageframe-none imageframe-150 awb-imageframe-style awb-imageframe-style-schantel has-aspect-ratio\"><a class=\"fusion-no-lightbox\" href=\"https:\/\/centrocar.com\/portugal\/application\/pt-construcao\/\" target=\"_self\"><img decoding=\"async\" src=\"http:\/\/centrocar.com\/portugal\/wp-content\/uploads\/sites\/2\/2023\/05\/Construcao.jpg\" class=\"img-responsive img-with-aspect-ratio\" data-parent-fit=\"cover\" data-parent-container=\".fusion-image-element\" alt \/><div class=\"awb-imageframe-caption-container\"><div class=\"awb-imageframe-caption\"><h6 class=\"awb-imageframe-caption-title\">Constru\u00e7\u00e3o<\/h6><\/div><\/div><\/a><\/span><\/div><\/div><\/div>\n<div class=\"fusion_builder_column fusion-builder-column-165 fusion-flex-column post-card swiper-slide\" style=\"--awb-bg-blend:overlay;--awb-bg-size:cover;--awb-flex-grow:0;--awb-flex-shrink:0;--awb-flex-grow-medium:0;--awb-flex-shrink-medium:0;--awb-flex-grow-small:0;--awb-flex-shrink-small:0;\" data-scroll-devices=\"small-visibility,medium-visibility,large-visibility\"><div class=\"fusion-column-wrapper fusion-column-has-shadow fusion-flex-justify-content-flex-start fusion-content-layout-column fusion-carousel-item-wrapper\"><div class=\"fusion-image-element \" style=\"--awb-aspect-ratio: 100 \/ 70;--awb-caption-title-color:var(--awb-color2);--awb-caption-overlay-color:var(--awb-color8);--awb-caption-title-font-family:var(--h6_typography-font-family);--awb-caption-title-font-weight:var(--h6_typography-font-weight);--awb-caption-title-font-style:var(--h6_typography-font-style);--awb-caption-title-size:11px;--awb-caption-title-transform:uppercase;--awb-caption-title-line-height:var(--h6_typography-line-height);--awb-caption-title-letter-spacing:var(--h6_typography-letter-spacing);\"><span class=\" fusion-imageframe imageframe-none imageframe-151 awb-imageframe-style awb-imageframe-style-schantel has-aspect-ratio\"><a class=\"fusion-no-lightbox\" href=\"https:\/\/centrocar.com\/portugal\/es\/application\/es-construccion\/\" target=\"_self\"><img decoding=\"async\" src=\"http:\/\/centrocar.com\/portugal\/wp-content\/uploads\/sites\/2\/2023\/05\/Construcao.jpg\" class=\"img-responsive img-with-aspect-ratio\" data-parent-fit=\"cover\" data-parent-container=\".fusion-image-element\" alt \/><div class=\"awb-imageframe-caption-container\"><div class=\"awb-imageframe-caption\"><h6 class=\"awb-imageframe-caption-title\">Construcci\u00f3n<\/h6><\/div><\/div><\/a><\/span><\/div><\/div><\/div>\n<div class=\"fusion_builder_column fusion-builder-column-166 fusion-flex-column post-card swiper-slide\" style=\"--awb-bg-blend:overlay;--awb-bg-size:cover;--awb-flex-grow:0;--awb-flex-shrink:0;--awb-flex-grow-medium:0;--awb-flex-shrink-medium:0;--awb-flex-grow-small:0;--awb-flex-shrink-small:0;\" data-scroll-devices=\"small-visibility,medium-visibility,large-visibility\"><div class=\"fusion-column-wrapper fusion-column-has-shadow fusion-flex-justify-content-flex-start fusion-content-layout-column fusion-carousel-item-wrapper\"><div class=\"fusion-image-element \" style=\"--awb-aspect-ratio: 100 \/ 70;--awb-caption-title-color:var(--awb-color2);--awb-caption-overlay-color:var(--awb-color8);--awb-caption-title-font-family:var(--h6_typography-font-family);--awb-caption-title-font-weight:var(--h6_typography-font-weight);--awb-caption-title-font-style:var(--h6_typography-font-style);--awb-caption-title-size:11px;--awb-caption-title-transform:uppercase;--awb-caption-title-line-height:var(--h6_typography-line-height);--awb-caption-title-letter-spacing:var(--h6_typography-letter-spacing);\"><span class=\" fusion-imageframe imageframe-none imageframe-152 awb-imageframe-style awb-imageframe-style-schantel has-aspect-ratio\"><a class=\"fusion-no-lightbox\" href=\"https:\/\/centrocar.com\/portugal\/en\/application\/en-construction\/\" target=\"_self\"><img decoding=\"async\" src=\"http:\/\/centrocar.com\/portugal\/wp-content\/uploads\/sites\/2\/2023\/05\/Construcao.jpg\" class=\"img-responsive img-with-aspect-ratio\" data-parent-fit=\"cover\" data-parent-container=\".fusion-image-element\" alt \/><div class=\"awb-imageframe-caption-container\"><div class=\"awb-imageframe-caption\"><h6 class=\"awb-imageframe-caption-title\">Construction<\/h6><\/div><\/div><\/a><\/span><\/div><\/div><\/div>\n<div class=\"fusion_builder_column fusion-builder-column-167 fusion-flex-column post-card swiper-slide\" style=\"--awb-bg-blend:overlay;--awb-bg-size:cover;--awb-flex-grow:0;--awb-flex-shrink:0;--awb-flex-grow-medium:0;--awb-flex-shrink-medium:0;--awb-flex-grow-small:0;--awb-flex-shrink-small:0;\" data-scroll-devices=\"small-visibility,medium-visibility,large-visibility\"><div class=\"fusion-column-wrapper fusion-column-has-shadow fusion-flex-justify-content-flex-start fusion-content-layout-column fusion-carousel-item-wrapper\"><div class=\"fusion-image-element \" style=\"--awb-aspect-ratio: 100 \/ 70;--awb-caption-title-color:var(--awb-color2);--awb-caption-overlay-color:var(--awb-color8);--awb-caption-title-font-family:var(--h6_typography-font-family);--awb-caption-title-font-weight:var(--h6_typography-font-weight);--awb-caption-title-font-style:var(--h6_typography-font-style);--awb-caption-title-size:11px;--awb-caption-title-transform:uppercase;--awb-caption-title-line-height:var(--h6_typography-line-height);--awb-caption-title-letter-spacing:var(--h6_typography-letter-spacing);\"><span class=\" fusion-imageframe imageframe-none imageframe-153 awb-imageframe-style awb-imageframe-style-schantel has-aspect-ratio\"><a class=\"fusion-no-lightbox\" href=\"https:\/\/centrocar.com\/portugal\/application\/pt-demolicao-e-reciclagem\/\" target=\"_self\"><img decoding=\"async\" src=\"http:\/\/centrocar.com\/portugal\/wp-content\/uploads\/sites\/2\/2023\/05\/Estradas-e-Pontes.jpg\" class=\"img-responsive img-with-aspect-ratio\" data-parent-fit=\"cover\" data-parent-container=\".fusion-image-element\" alt \/><div class=\"awb-imageframe-caption-container\"><div class=\"awb-imageframe-caption\"><h6 class=\"awb-imageframe-caption-title\">Demoli\u00e7\u00e3o e Reciclagem<\/h6><\/div><\/div><\/a><\/span><\/div><\/div><\/div>\n<div class=\"fusion_builder_column fusion-builder-column-168 fusion-flex-column post-card swiper-slide\" style=\"--awb-bg-blend:overlay;--awb-bg-size:cover;--awb-flex-grow:0;--awb-flex-shrink:0;--awb-flex-grow-medium:0;--awb-flex-shrink-medium:0;--awb-flex-grow-small:0;--awb-flex-shrink-small:0;\" data-scroll-devices=\"small-visibility,medium-visibility,large-visibility\"><div class=\"fusion-column-wrapper fusion-column-has-shadow fusion-flex-justify-content-flex-start fusion-content-layout-column fusion-carousel-item-wrapper\"><div class=\"fusion-image-element \" style=\"--awb-aspect-ratio: 100 \/ 70;--awb-caption-title-color:var(--awb-color2);--awb-caption-overlay-color:var(--awb-color8);--awb-caption-title-font-family:var(--h6_typography-font-family);--awb-caption-title-font-weight:var(--h6_typography-font-weight);--awb-caption-title-font-style:var(--h6_typography-font-style);--awb-caption-title-size:11px;--awb-caption-title-transform:uppercase;--awb-caption-title-line-height:var(--h6_typography-line-height);--awb-caption-title-letter-spacing:var(--h6_typography-letter-spacing);\"><span class=\" fusion-imageframe imageframe-none imageframe-154 awb-imageframe-style awb-imageframe-style-schantel has-aspect-ratio\"><a class=\"fusion-no-lightbox\" href=\"https:\/\/centrocar.com\/portugal\/es\/application\/es-demolicion-y-reciclaje-es\/\" target=\"_self\"><img decoding=\"async\" src=\"http:\/\/centrocar.com\/portugal\/wp-content\/uploads\/sites\/2\/2023\/05\/Estradas-e-Pontes.jpg\" class=\"img-responsive img-with-aspect-ratio\" data-parent-fit=\"cover\" data-parent-container=\".fusion-image-element\" alt \/><div class=\"awb-imageframe-caption-container\"><div class=\"awb-imageframe-caption\"><h6 class=\"awb-imageframe-caption-title\">Demolici\u00f3n y reciclaje<\/h6><\/div><\/div><\/a><\/span><\/div><\/div><\/div>\n<div class=\"fusion_builder_column fusion-builder-column-169 fusion-flex-column post-card swiper-slide\" style=\"--awb-bg-blend:overlay;--awb-bg-size:cover;--awb-flex-grow:0;--awb-flex-shrink:0;--awb-flex-grow-medium:0;--awb-flex-shrink-medium:0;--awb-flex-grow-small:0;--awb-flex-shrink-small:0;\" data-scroll-devices=\"small-visibility,medium-visibility,large-visibility\"><div class=\"fusion-column-wrapper fusion-column-has-shadow fusion-flex-justify-content-flex-start fusion-content-layout-column fusion-carousel-item-wrapper\"><div class=\"fusion-image-element \" style=\"--awb-aspect-ratio: 100 \/ 70;--awb-caption-title-color:var(--awb-color2);--awb-caption-overlay-color:var(--awb-color8);--awb-caption-title-font-family:var(--h6_typography-font-family);--awb-caption-title-font-weight:var(--h6_typography-font-weight);--awb-caption-title-font-style:var(--h6_typography-font-style);--awb-caption-title-size:11px;--awb-caption-title-transform:uppercase;--awb-caption-title-line-height:var(--h6_typography-line-height);--awb-caption-title-letter-spacing:var(--h6_typography-letter-spacing);\"><span class=\" fusion-imageframe imageframe-none imageframe-155 awb-imageframe-style awb-imageframe-style-schantel has-aspect-ratio\"><a class=\"fusion-no-lightbox\" href=\"https:\/\/centrocar.com\/portugal\/en\/application\/en-demolition-and-recycling\/\" target=\"_self\"><img decoding=\"async\" src=\"http:\/\/centrocar.com\/portugal\/wp-content\/uploads\/sites\/2\/2023\/05\/Estradas-e-Pontes.jpg\" class=\"img-responsive img-with-aspect-ratio\" data-parent-fit=\"cover\" data-parent-container=\".fusion-image-element\" alt \/><div class=\"awb-imageframe-caption-container\"><div class=\"awb-imageframe-caption\"><h6 class=\"awb-imageframe-caption-title\">Demolition and recycling<\/h6><\/div><\/div><\/a><\/span><\/div><\/div><\/div>\n<div class=\"fusion_builder_column fusion-builder-column-170 fusion-flex-column post-card swiper-slide\" style=\"--awb-bg-blend:overlay;--awb-bg-size:cover;--awb-flex-grow:0;--awb-flex-shrink:0;--awb-flex-grow-medium:0;--awb-flex-shrink-medium:0;--awb-flex-grow-small:0;--awb-flex-shrink-small:0;\" data-scroll-devices=\"small-visibility,medium-visibility,large-visibility\"><div class=\"fusion-column-wrapper fusion-column-has-shadow fusion-flex-justify-content-flex-start fusion-content-layout-column fusion-carousel-item-wrapper\"><div class=\"fusion-image-element \" style=\"--awb-aspect-ratio: 100 \/ 70;--awb-caption-title-color:var(--awb-color2);--awb-caption-overlay-color:var(--awb-color8);--awb-caption-title-font-family:var(--h6_typography-font-family);--awb-caption-title-font-weight:var(--h6_typography-font-weight);--awb-caption-title-font-style:var(--h6_typography-font-style);--awb-caption-title-size:11px;--awb-caption-title-transform:uppercase;--awb-caption-title-line-height:var(--h6_typography-line-height);--awb-caption-title-letter-spacing:var(--h6_typography-letter-spacing);\"><span class=\" fusion-imageframe imageframe-none imageframe-156 awb-imageframe-style awb-imageframe-style-schantel has-aspect-ratio\"><a class=\"fusion-no-lightbox\" href=\"https:\/\/centrocar.com\/portugal\/application\/pt-florestal\/\" target=\"_self\"><img decoding=\"async\" src=\"http:\/\/centrocar.com\/portugal\/wp-content\/uploads\/sites\/2\/2023\/05\/Florestas.jpg\" class=\"img-responsive img-with-aspect-ratio\" data-parent-fit=\"cover\" data-parent-container=\".fusion-image-element\" alt \/><div class=\"awb-imageframe-caption-container\"><div class=\"awb-imageframe-caption\"><h6 class=\"awb-imageframe-caption-title\">Florestal<\/h6><\/div><\/div><\/a><\/span><\/div><\/div><\/div>\n<div class=\"fusion_builder_column fusion-builder-column-171 fusion-flex-column post-card swiper-slide\" style=\"--awb-bg-blend:overlay;--awb-bg-size:cover;--awb-flex-grow:0;--awb-flex-shrink:0;--awb-flex-grow-medium:0;--awb-flex-shrink-medium:0;--awb-flex-grow-small:0;--awb-flex-shrink-small:0;\" data-scroll-devices=\"small-visibility,medium-visibility,large-visibility\"><div class=\"fusion-column-wrapper fusion-column-has-shadow fusion-flex-justify-content-flex-start fusion-content-layout-column fusion-carousel-item-wrapper\"><div class=\"fusion-image-element \" style=\"--awb-aspect-ratio: 100 \/ 70;--awb-caption-title-color:var(--awb-color2);--awb-caption-overlay-color:var(--awb-color8);--awb-caption-title-font-family:var(--h6_typography-font-family);--awb-caption-title-font-weight:var(--h6_typography-font-weight);--awb-caption-title-font-style:var(--h6_typography-font-style);--awb-caption-title-size:11px;--awb-caption-title-transform:uppercase;--awb-caption-title-line-height:var(--h6_typography-line-height);--awb-caption-title-letter-spacing:var(--h6_typography-letter-spacing);\"><span class=\" fusion-imageframe imageframe-none imageframe-157 awb-imageframe-style awb-imageframe-style-schantel has-aspect-ratio\"><a class=\"fusion-no-lightbox\" href=\"https:\/\/centrocar.com\/portugal\/en\/application\/en-forest\/\" target=\"_self\"><img decoding=\"async\" src=\"http:\/\/centrocar.com\/portugal\/wp-content\/uploads\/sites\/2\/2023\/05\/Florestas.jpg\" class=\"img-responsive img-with-aspect-ratio\" data-parent-fit=\"cover\" data-parent-container=\".fusion-image-element\" alt \/><div class=\"awb-imageframe-caption-container\"><div class=\"awb-imageframe-caption\"><h6 class=\"awb-imageframe-caption-title\">Forest<\/h6><\/div><\/div><\/a><\/span><\/div><\/div><\/div>\n<div class=\"fusion_builder_column fusion-builder-column-172 fusion-flex-column post-card swiper-slide\" style=\"--awb-bg-blend:overlay;--awb-bg-size:cover;--awb-flex-grow:0;--awb-flex-shrink:0;--awb-flex-grow-medium:0;--awb-flex-shrink-medium:0;--awb-flex-grow-small:0;--awb-flex-shrink-small:0;\" data-scroll-devices=\"small-visibility,medium-visibility,large-visibility\"><div class=\"fusion-column-wrapper fusion-column-has-shadow fusion-flex-justify-content-flex-start fusion-content-layout-column fusion-carousel-item-wrapper\"><div class=\"fusion-image-element \" style=\"--awb-aspect-ratio: 100 \/ 70;--awb-caption-title-color:var(--awb-color2);--awb-caption-overlay-color:var(--awb-color8);--awb-caption-title-font-family:var(--h6_typography-font-family);--awb-caption-title-font-weight:var(--h6_typography-font-weight);--awb-caption-title-font-style:var(--h6_typography-font-style);--awb-caption-title-size:11px;--awb-caption-title-transform:uppercase;--awb-caption-title-line-height:var(--h6_typography-line-height);--awb-caption-title-letter-spacing:var(--h6_typography-letter-spacing);\"><span class=\" fusion-imageframe imageframe-none imageframe-158 awb-imageframe-style awb-imageframe-style-schantel has-aspect-ratio\"><a class=\"fusion-no-lightbox\" href=\"https:\/\/centrocar.com\/portugal\/es\/application\/es-forestal\/\" target=\"_self\"><img decoding=\"async\" src=\"http:\/\/centrocar.com\/portugal\/wp-content\/uploads\/sites\/2\/2023\/05\/Florestas.jpg\" class=\"img-responsive img-with-aspect-ratio\" data-parent-fit=\"cover\" data-parent-container=\".fusion-image-element\" alt \/><div class=\"awb-imageframe-caption-container\"><div class=\"awb-imageframe-caption\"><h6 class=\"awb-imageframe-caption-title\">Forestal<\/h6><\/div><\/div><\/a><\/span><\/div><\/div><\/div>\n<div class=\"fusion_builder_column fusion-builder-column-173 fusion-flex-column post-card swiper-slide\" style=\"--awb-bg-blend:overlay;--awb-bg-size:cover;--awb-flex-grow:0;--awb-flex-shrink:0;--awb-flex-grow-medium:0;--awb-flex-shrink-medium:0;--awb-flex-grow-small:0;--awb-flex-shrink-small:0;\" data-scroll-devices=\"small-visibility,medium-visibility,large-visibility\"><div class=\"fusion-column-wrapper fusion-column-has-shadow fusion-flex-justify-content-flex-start fusion-content-layout-column fusion-carousel-item-wrapper\"><div class=\"fusion-image-element \" style=\"--awb-aspect-ratio: 100 \/ 70;--awb-caption-title-color:var(--awb-color2);--awb-caption-overlay-color:var(--awb-color8);--awb-caption-title-font-family:var(--h6_typography-font-family);--awb-caption-title-font-weight:var(--h6_typography-font-weight);--awb-caption-title-font-style:var(--h6_typography-font-style);--awb-caption-title-size:11px;--awb-caption-title-transform:uppercase;--awb-caption-title-line-height:var(--h6_typography-line-height);--awb-caption-title-letter-spacing:var(--h6_typography-letter-spacing);\"><span class=\" fusion-imageframe imageframe-none imageframe-159 awb-imageframe-style awb-imageframe-style-schantel has-aspect-ratio\"><a class=\"fusion-no-lightbox\" href=\"https:\/\/centrocar.com\/portugal\/en\/application\/en-landscaping\/\" target=\"_self\" aria-label=\"Paisagismo\"><img decoding=\"async\" width=\"510\" height=\"340\" src=\"https:\/\/centrocar.com\/portugal\/wp-content\/uploads\/sites\/2\/2023\/12\/Paisagismo.jpg\" class=\"img-responsive wp-image-8685 img-with-aspect-ratio\" data-parent-fit=\"cover\" data-parent-container=\".fusion-image-element\" alt srcset=\"https:\/\/centrocar.com\/portugal\/wp-content\/uploads\/sites\/2\/2023\/12\/Paisagismo-200x133.jpg 200w, https:\/\/centrocar.com\/portugal\/wp-content\/uploads\/sites\/2\/2023\/12\/Paisagismo-400x267.jpg 400w, https:\/\/centrocar.com\/portugal\/wp-content\/uploads\/sites\/2\/2023\/12\/Paisagismo.jpg 510w\" sizes=\"(max-width: 640px) 100vw, 510px\" \/><div class=\"awb-imageframe-caption-container\"><div class=\"awb-imageframe-caption\"><h6 class=\"awb-imageframe-caption-title\">Landscaping<\/h6><\/div><\/div><\/a><\/span><\/div><\/div><\/div>\n<div class=\"fusion_builder_column fusion-builder-column-174 fusion-flex-column post-card swiper-slide\" style=\"--awb-bg-blend:overlay;--awb-bg-size:cover;--awb-flex-grow:0;--awb-flex-shrink:0;--awb-flex-grow-medium:0;--awb-flex-shrink-medium:0;--awb-flex-grow-small:0;--awb-flex-shrink-small:0;\" data-scroll-devices=\"small-visibility,medium-visibility,large-visibility\"><div class=\"fusion-column-wrapper fusion-column-has-shadow fusion-flex-justify-content-flex-start fusion-content-layout-column fusion-carousel-item-wrapper\"><div class=\"fusion-image-element \" style=\"--awb-aspect-ratio: 100 \/ 70;--awb-caption-title-color:var(--awb-color2);--awb-caption-overlay-color:var(--awb-color8);--awb-caption-title-font-family:var(--h6_typography-font-family);--awb-caption-title-font-weight:var(--h6_typography-font-weight);--awb-caption-title-font-style:var(--h6_typography-font-style);--awb-caption-title-size:11px;--awb-caption-title-transform:uppercase;--awb-caption-title-line-height:var(--h6_typography-line-height);--awb-caption-title-letter-spacing:var(--h6_typography-letter-spacing);\"><span class=\" fusion-imageframe imageframe-none imageframe-160 awb-imageframe-style awb-imageframe-style-schantel has-aspect-ratio\"><a class=\"fusion-no-lightbox\" href=\"https:\/\/centrocar.com\/portugal\/en\/application\/en-logistic\/\" target=\"_self\"><img decoding=\"async\" src=\"http:\/\/centrocar.com\/portugal\/wp-content\/uploads\/sites\/2\/2023\/05\/Logistica.jpg\" class=\"img-responsive img-with-aspect-ratio\" data-parent-fit=\"cover\" data-parent-container=\".fusion-image-element\" alt \/><div class=\"awb-imageframe-caption-container\"><div class=\"awb-imageframe-caption\"><h6 class=\"awb-imageframe-caption-title\">Logistic<\/h6><\/div><\/div><\/a><\/span><\/div><\/div><\/div>\n<div class=\"fusion_builder_column fusion-builder-column-175 fusion-flex-column post-card swiper-slide\" style=\"--awb-bg-blend:overlay;--awb-bg-size:cover;--awb-flex-grow:0;--awb-flex-shrink:0;--awb-flex-grow-medium:0;--awb-flex-shrink-medium:0;--awb-flex-grow-small:0;--awb-flex-shrink-small:0;\" data-scroll-devices=\"small-visibility,medium-visibility,large-visibility\"><div class=\"fusion-column-wrapper fusion-column-has-shadow fusion-flex-justify-content-flex-start fusion-content-layout-column fusion-carousel-item-wrapper\"><div class=\"fusion-image-element \" style=\"--awb-aspect-ratio: 100 \/ 70;--awb-caption-title-color:var(--awb-color2);--awb-caption-overlay-color:var(--awb-color8);--awb-caption-title-font-family:var(--h6_typography-font-family);--awb-caption-title-font-weight:var(--h6_typography-font-weight);--awb-caption-title-font-style:var(--h6_typography-font-style);--awb-caption-title-size:11px;--awb-caption-title-transform:uppercase;--awb-caption-title-line-height:var(--h6_typography-line-height);--awb-caption-title-letter-spacing:var(--h6_typography-letter-spacing);\"><span class=\" fusion-imageframe imageframe-none imageframe-161 awb-imageframe-style awb-imageframe-style-schantel has-aspect-ratio\"><a class=\"fusion-no-lightbox\" href=\"https:\/\/centrocar.com\/portugal\/es\/application\/es-logistica\/\" target=\"_self\"><img decoding=\"async\" src=\"http:\/\/centrocar.com\/portugal\/wp-content\/uploads\/sites\/2\/2023\/05\/Logistica.jpg\" class=\"img-responsive img-with-aspect-ratio\" data-parent-fit=\"cover\" data-parent-container=\".fusion-image-element\" alt \/><div class=\"awb-imageframe-caption-container\"><div class=\"awb-imageframe-caption\"><h6 class=\"awb-imageframe-caption-title\">Log\u00edstica<\/h6><\/div><\/div><\/a><\/span><\/div><\/div><\/div>\n<div class=\"fusion_builder_column fusion-builder-column-176 fusion-flex-column post-card swiper-slide\" style=\"--awb-bg-blend:overlay;--awb-bg-size:cover;--awb-flex-grow:0;--awb-flex-shrink:0;--awb-flex-grow-medium:0;--awb-flex-shrink-medium:0;--awb-flex-grow-small:0;--awb-flex-shrink-small:0;\" data-scroll-devices=\"small-visibility,medium-visibility,large-visibility\"><div class=\"fusion-column-wrapper fusion-column-has-shadow fusion-flex-justify-content-flex-start fusion-content-layout-column fusion-carousel-item-wrapper\"><div class=\"fusion-image-element \" style=\"--awb-aspect-ratio: 100 \/ 70;--awb-caption-title-color:var(--awb-color2);--awb-caption-overlay-color:var(--awb-color8);--awb-caption-title-font-family:var(--h6_typography-font-family);--awb-caption-title-font-weight:var(--h6_typography-font-weight);--awb-caption-title-font-style:var(--h6_typography-font-style);--awb-caption-title-size:11px;--awb-caption-title-transform:uppercase;--awb-caption-title-line-height:var(--h6_typography-line-height);--awb-caption-title-letter-spacing:var(--h6_typography-letter-spacing);\"><span class=\" fusion-imageframe imageframe-none imageframe-162 awb-imageframe-style awb-imageframe-style-schantel has-aspect-ratio\"><a class=\"fusion-no-lightbox\" href=\"https:\/\/centrocar.com\/portugal\/application\/pt-logistica\/\" target=\"_self\"><img decoding=\"async\" src=\"http:\/\/centrocar.com\/portugal\/wp-content\/uploads\/sites\/2\/2023\/05\/Logistica.jpg\" class=\"img-responsive img-with-aspect-ratio\" data-parent-fit=\"cover\" data-parent-container=\".fusion-image-element\" alt \/><div class=\"awb-imageframe-caption-container\"><div class=\"awb-imageframe-caption\"><h6 class=\"awb-imageframe-caption-title\">Log\u00edstica<\/h6><\/div><\/div><\/a><\/span><\/div><\/div><\/div>\n<div class=\"fusion_builder_column fusion-builder-column-177 fusion-flex-column post-card swiper-slide\" style=\"--awb-bg-blend:overlay;--awb-bg-size:cover;--awb-flex-grow:0;--awb-flex-shrink:0;--awb-flex-grow-medium:0;--awb-flex-shrink-medium:0;--awb-flex-grow-small:0;--awb-flex-shrink-small:0;\" data-scroll-devices=\"small-visibility,medium-visibility,large-visibility\"><div class=\"fusion-column-wrapper fusion-column-has-shadow fusion-flex-justify-content-flex-start fusion-content-layout-column fusion-carousel-item-wrapper\"><div class=\"fusion-image-element \" style=\"--awb-aspect-ratio: 100 \/ 70;--awb-caption-title-color:var(--awb-color2);--awb-caption-overlay-color:var(--awb-color8);--awb-caption-title-font-family:var(--h6_typography-font-family);--awb-caption-title-font-weight:var(--h6_typography-font-weight);--awb-caption-title-font-style:var(--h6_typography-font-style);--awb-caption-title-size:11px;--awb-caption-title-transform:uppercase;--awb-caption-title-line-height:var(--h6_typography-line-height);--awb-caption-title-letter-spacing:var(--h6_typography-letter-spacing);\"><span class=\" fusion-imageframe imageframe-none imageframe-163 awb-imageframe-style awb-imageframe-style-schantel has-aspect-ratio\"><a class=\"fusion-no-lightbox\" href=\"https:\/\/centrocar.com\/portugal\/application\/pt-paisagismo\/\" target=\"_self\" aria-label=\"Paisagismo\"><img decoding=\"async\" width=\"510\" height=\"340\" src=\"https:\/\/centrocar.com\/portugal\/wp-content\/uploads\/sites\/2\/2023\/12\/Paisagismo.jpg\" class=\"img-responsive wp-image-8685 img-with-aspect-ratio\" data-parent-fit=\"cover\" data-parent-container=\".fusion-image-element\" alt srcset=\"https:\/\/centrocar.com\/portugal\/wp-content\/uploads\/sites\/2\/2023\/12\/Paisagismo-200x133.jpg 200w, https:\/\/centrocar.com\/portugal\/wp-content\/uploads\/sites\/2\/2023\/12\/Paisagismo-400x267.jpg 400w, https:\/\/centrocar.com\/portugal\/wp-content\/uploads\/sites\/2\/2023\/12\/Paisagismo.jpg 510w\" sizes=\"(max-width: 640px) 100vw, 510px\" \/><div class=\"awb-imageframe-caption-container\"><div class=\"awb-imageframe-caption\"><h6 class=\"awb-imageframe-caption-title\">Paisagismo<\/h6><\/div><\/div><\/a><\/span><\/div><\/div><\/div>\n<div class=\"fusion_builder_column fusion-builder-column-178 fusion-flex-column post-card swiper-slide\" style=\"--awb-bg-blend:overlay;--awb-bg-size:cover;--awb-flex-grow:0;--awb-flex-shrink:0;--awb-flex-grow-medium:0;--awb-flex-shrink-medium:0;--awb-flex-grow-small:0;--awb-flex-shrink-small:0;\" data-scroll-devices=\"small-visibility,medium-visibility,large-visibility\"><div class=\"fusion-column-wrapper fusion-column-has-shadow fusion-flex-justify-content-flex-start fusion-content-layout-column fusion-carousel-item-wrapper\"><div class=\"fusion-image-element \" style=\"--awb-aspect-ratio: 100 \/ 70;--awb-caption-title-color:var(--awb-color2);--awb-caption-overlay-color:var(--awb-color8);--awb-caption-title-font-family:var(--h6_typography-font-family);--awb-caption-title-font-weight:var(--h6_typography-font-weight);--awb-caption-title-font-style:var(--h6_typography-font-style);--awb-caption-title-size:11px;--awb-caption-title-transform:uppercase;--awb-caption-title-line-height:var(--h6_typography-line-height);--awb-caption-title-letter-spacing:var(--h6_typography-letter-spacing);\"><span class=\" fusion-imageframe imageframe-none imageframe-164 awb-imageframe-style awb-imageframe-style-schantel has-aspect-ratio\"><a class=\"fusion-no-lightbox\" href=\"https:\/\/centrocar.com\/portugal\/es\/application\/es-paisajismo\/\" target=\"_self\" aria-label=\"Paisagismo\"><img decoding=\"async\" width=\"510\" height=\"340\" src=\"https:\/\/centrocar.com\/portugal\/wp-content\/uploads\/sites\/2\/2023\/12\/Paisagismo.jpg\" class=\"img-responsive wp-image-8685 img-with-aspect-ratio\" data-parent-fit=\"cover\" data-parent-container=\".fusion-image-element\" alt srcset=\"https:\/\/centrocar.com\/portugal\/wp-content\/uploads\/sites\/2\/2023\/12\/Paisagismo-200x133.jpg 200w, https:\/\/centrocar.com\/portugal\/wp-content\/uploads\/sites\/2\/2023\/12\/Paisagismo-400x267.jpg 400w, https:\/\/centrocar.com\/portugal\/wp-content\/uploads\/sites\/2\/2023\/12\/Paisagismo.jpg 510w\" sizes=\"(max-width: 640px) 100vw, 510px\" \/><div class=\"awb-imageframe-caption-container\"><div class=\"awb-imageframe-caption\"><h6 class=\"awb-imageframe-caption-title\">Paisajismo<\/h6><\/div><\/div><\/a><\/span><\/div><\/div><\/div>\n<div class=\"fusion_builder_column fusion-builder-column-179 fusion-flex-column post-card swiper-slide\" style=\"--awb-bg-blend:overlay;--awb-bg-size:cover;--awb-flex-grow:0;--awb-flex-shrink:0;--awb-flex-grow-medium:0;--awb-flex-shrink-medium:0;--awb-flex-grow-small:0;--awb-flex-shrink-small:0;\" data-scroll-devices=\"small-visibility,medium-visibility,large-visibility\"><div class=\"fusion-column-wrapper fusion-column-has-shadow fusion-flex-justify-content-flex-start fusion-content-layout-column fusion-carousel-item-wrapper\"><div class=\"fusion-image-element \" style=\"--awb-aspect-ratio: 100 \/ 70;--awb-caption-title-color:var(--awb-color2);--awb-caption-overlay-color:var(--awb-color8);--awb-caption-title-font-family:var(--h6_typography-font-family);--awb-caption-title-font-weight:var(--h6_typography-font-weight);--awb-caption-title-font-style:var(--h6_typography-font-style);--awb-caption-title-size:11px;--awb-caption-title-transform:uppercase;--awb-caption-title-line-height:var(--h6_typography-line-height);--awb-caption-title-letter-spacing:var(--h6_typography-letter-spacing);\"><span class=\" fusion-imageframe imageframe-none imageframe-165 awb-imageframe-style awb-imageframe-style-schantel has-aspect-ratio\"><a class=\"fusion-no-lightbox\" href=\"https:\/\/centrocar.com\/portugal\/application\/pt-pavimentacao\/\" target=\"_self\"><img decoding=\"async\" src=\"http:\/\/centrocar.com\/portugal\/wp-content\/uploads\/sites\/2\/2023\/11\/Large-20201002_Bobact_LightCompaction_FP15.50_08_1191-scaled.jpg\" class=\"img-responsive img-with-aspect-ratio\" data-parent-fit=\"cover\" data-parent-container=\".fusion-image-element\" alt \/><div class=\"awb-imageframe-caption-container\"><div class=\"awb-imageframe-caption\"><h6 class=\"awb-imageframe-caption-title\">Pavimenta\u00e7\u00e3o<\/h6><\/div><\/div><\/a><\/span><\/div><\/div><\/div>\n<div class=\"fusion_builder_column fusion-builder-column-180 fusion-flex-column post-card swiper-slide\" style=\"--awb-bg-blend:overlay;--awb-bg-size:cover;--awb-flex-grow:0;--awb-flex-shrink:0;--awb-flex-grow-medium:0;--awb-flex-shrink-medium:0;--awb-flex-grow-small:0;--awb-flex-shrink-small:0;\" data-scroll-devices=\"small-visibility,medium-visibility,large-visibility\"><div class=\"fusion-column-wrapper fusion-column-has-shadow fusion-flex-justify-content-flex-start fusion-content-layout-column fusion-carousel-item-wrapper\"><div class=\"fusion-image-element \" style=\"--awb-aspect-ratio: 100 \/ 70;--awb-caption-title-color:var(--awb-color2);--awb-caption-overlay-color:var(--awb-color8);--awb-caption-title-font-family:var(--h6_typography-font-family);--awb-caption-title-font-weight:var(--h6_typography-font-weight);--awb-caption-title-font-style:var(--h6_typography-font-style);--awb-caption-title-size:11px;--awb-caption-title-transform:uppercase;--awb-caption-title-line-height:var(--h6_typography-line-height);--awb-caption-title-letter-spacing:var(--h6_typography-letter-spacing);\"><span class=\" fusion-imageframe imageframe-none imageframe-166 awb-imageframe-style awb-imageframe-style-schantel has-aspect-ratio\"><a class=\"fusion-no-lightbox\" href=\"https:\/\/centrocar.com\/portugal\/es\/application\/es-pavimentacion\/\" target=\"_self\"><img decoding=\"async\" src=\"http:\/\/centrocar.com\/portugal\/wp-content\/uploads\/sites\/2\/2023\/11\/Large-20201002_Bobact_LightCompaction_FP15.50_08_1191-scaled.jpg\" class=\"img-responsive img-with-aspect-ratio\" data-parent-fit=\"cover\" data-parent-container=\".fusion-image-element\" alt \/><div class=\"awb-imageframe-caption-container\"><div class=\"awb-imageframe-caption\"><h6 class=\"awb-imageframe-caption-title\">Pavimentaci\u00f3n<\/h6><\/div><\/div><\/a><\/span><\/div><\/div><\/div>\n<div class=\"fusion_builder_column fusion-builder-column-181 fusion-flex-column post-card swiper-slide\" style=\"--awb-bg-blend:overlay;--awb-bg-size:cover;--awb-flex-grow:0;--awb-flex-shrink:0;--awb-flex-grow-medium:0;--awb-flex-shrink-medium:0;--awb-flex-grow-small:0;--awb-flex-shrink-small:0;\" data-scroll-devices=\"small-visibility,medium-visibility,large-visibility\"><div class=\"fusion-column-wrapper fusion-column-has-shadow fusion-flex-justify-content-flex-start fusion-content-layout-column fusion-carousel-item-wrapper\"><div class=\"fusion-image-element \" style=\"--awb-aspect-ratio: 100 \/ 70;--awb-caption-title-color:var(--awb-color2);--awb-caption-overlay-color:var(--awb-color8);--awb-caption-title-font-family:var(--h6_typography-font-family);--awb-caption-title-font-weight:var(--h6_typography-font-weight);--awb-caption-title-font-style:var(--h6_typography-font-style);--awb-caption-title-size:11px;--awb-caption-title-transform:uppercase;--awb-caption-title-line-height:var(--h6_typography-line-height);--awb-caption-title-letter-spacing:var(--h6_typography-letter-spacing);\"><span class=\" fusion-imageframe imageframe-none imageframe-167 awb-imageframe-style awb-imageframe-style-schantel has-aspect-ratio\"><a class=\"fusion-no-lightbox\" href=\"https:\/\/centrocar.com\/portugal\/en\/application\/en-paving\/\" target=\"_self\"><img decoding=\"async\" src=\"http:\/\/centrocar.com\/portugal\/wp-content\/uploads\/sites\/2\/2023\/11\/Large-20201002_Bobact_LightCompaction_FP15.50_08_1191-scaled.jpg\" class=\"img-responsive img-with-aspect-ratio\" data-parent-fit=\"cover\" data-parent-container=\".fusion-image-element\" alt \/><div class=\"awb-imageframe-caption-container\"><div class=\"awb-imageframe-caption\"><h6 class=\"awb-imageframe-caption-title\">Paving<\/h6><\/div><\/div><\/a><\/span><\/div><\/div><\/div>\n<div class=\"fusion_builder_column fusion-builder-column-182 fusion-flex-column post-card swiper-slide\" style=\"--awb-bg-blend:overlay;--awb-bg-size:cover;--awb-flex-grow:0;--awb-flex-shrink:0;--awb-flex-grow-medium:0;--awb-flex-shrink-medium:0;--awb-flex-grow-small:0;--awb-flex-shrink-small:0;\" data-scroll-devices=\"small-visibility,medium-visibility,large-visibility\"><div class=\"fusion-column-wrapper fusion-column-has-shadow fusion-flex-justify-content-flex-start fusion-content-layout-column fusion-carousel-item-wrapper\"><div class=\"fusion-image-element \" style=\"--awb-aspect-ratio: 100 \/ 70;--awb-caption-title-color:var(--awb-color2);--awb-caption-overlay-color:var(--awb-color8);--awb-caption-title-font-family:var(--h6_typography-font-family);--awb-caption-title-font-weight:var(--h6_typography-font-weight);--awb-caption-title-font-style:var(--h6_typography-font-style);--awb-caption-title-size:11px;--awb-caption-title-transform:uppercase;--awb-caption-title-line-height:var(--h6_typography-line-height);--awb-caption-title-letter-spacing:var(--h6_typography-letter-spacing);\"><span class=\" fusion-imageframe imageframe-none imageframe-168 awb-imageframe-style awb-imageframe-style-schantel has-aspect-ratio\"><a class=\"fusion-no-lightbox\" href=\"https:\/\/centrocar.com\/portugal\/application\/pt-pedreira-e-agregados\/\" target=\"_self\"><img decoding=\"async\" src=\"http:\/\/centrocar.com\/portugal\/wp-content\/uploads\/sites\/2\/2023\/05\/Pedreiras-scaled-1.jpg\" class=\"img-responsive img-with-aspect-ratio\" data-parent-fit=\"cover\" data-parent-container=\".fusion-image-element\" alt \/><div class=\"awb-imageframe-caption-container\"><div class=\"awb-imageframe-caption\"><h6 class=\"awb-imageframe-caption-title\">Pedreira e Agregados<\/h6><\/div><\/div><\/a><\/span><\/div><\/div><\/div>\n<div class=\"fusion_builder_column fusion-builder-column-183 fusion-flex-column post-card swiper-slide\" style=\"--awb-bg-blend:overlay;--awb-bg-size:cover;--awb-flex-grow:0;--awb-flex-shrink:0;--awb-flex-grow-medium:0;--awb-flex-shrink-medium:0;--awb-flex-grow-small:0;--awb-flex-shrink-small:0;\" data-scroll-devices=\"small-visibility,medium-visibility,large-visibility\"><div class=\"fusion-column-wrapper fusion-column-has-shadow fusion-flex-justify-content-flex-start fusion-content-layout-column fusion-carousel-item-wrapper\"><div class=\"fusion-image-element \" style=\"--awb-aspect-ratio: 100 \/ 70;--awb-caption-title-color:var(--awb-color2);--awb-caption-overlay-color:var(--awb-color8);--awb-caption-title-font-family:var(--h6_typography-font-family);--awb-caption-title-font-weight:var(--h6_typography-font-weight);--awb-caption-title-font-style:var(--h6_typography-font-style);--awb-caption-title-size:11px;--awb-caption-title-transform:uppercase;--awb-caption-title-line-height:var(--h6_typography-line-height);--awb-caption-title-letter-spacing:var(--h6_typography-letter-spacing);\"><span class=\" fusion-imageframe imageframe-none imageframe-169 awb-imageframe-style awb-imageframe-style-schantel has-aspect-ratio\"><a class=\"fusion-no-lightbox\" href=\"https:\/\/centrocar.com\/portugal\/en\/application\/en-quarry-and-aggregates\/\" target=\"_self\"><img decoding=\"async\" src=\"http:\/\/centrocar.com\/portugal\/wp-content\/uploads\/sites\/2\/2023\/05\/Pedreiras-scaled-1.jpg\" class=\"img-responsive img-with-aspect-ratio\" data-parent-fit=\"cover\" data-parent-container=\".fusion-image-element\" alt \/><div class=\"awb-imageframe-caption-container\"><div class=\"awb-imageframe-caption\"><h6 class=\"awb-imageframe-caption-title\">Quarry and Aggregates<\/h6><\/div><\/div><\/a><\/span><\/div><\/div><\/div>\n<div class=\"fusion_builder_column fusion-builder-column-184 fusion-flex-column post-card swiper-slide\" style=\"--awb-bg-blend:overlay;--awb-bg-size:cover;--awb-flex-grow:0;--awb-flex-shrink:0;--awb-flex-grow-medium:0;--awb-flex-shrink-medium:0;--awb-flex-grow-small:0;--awb-flex-shrink-small:0;\" data-scroll-devices=\"small-visibility,medium-visibility,large-visibility\"><div class=\"fusion-column-wrapper fusion-column-has-shadow fusion-flex-justify-content-flex-start fusion-content-layout-column fusion-carousel-item-wrapper\"><div class=\"fusion-image-element \" style=\"--awb-aspect-ratio: 100 \/ 70;--awb-caption-title-color:var(--awb-color2);--awb-caption-overlay-color:var(--awb-color8);--awb-caption-title-font-family:var(--h6_typography-font-family);--awb-caption-title-font-weight:var(--h6_typography-font-weight);--awb-caption-title-font-style:var(--h6_typography-font-style);--awb-caption-title-size:11px;--awb-caption-title-transform:uppercase;--awb-caption-title-line-height:var(--h6_typography-line-height);--awb-caption-title-letter-spacing:var(--h6_typography-letter-spacing);\"><span class=\" fusion-imageframe imageframe-none imageframe-170 awb-imageframe-style awb-imageframe-style-schantel has-aspect-ratio\"><a class=\"fusion-no-lightbox\" href=\"https:\/\/centrocar.com\/portugal\/es\/application\/es-reciclado-y-residuos\/\" target=\"_self\"><img decoding=\"async\" src=\"http:\/\/centrocar.com\/portugal\/wp-content\/uploads\/sites\/2\/2023\/05\/Energia.jpg\" class=\"img-responsive img-with-aspect-ratio\" data-parent-fit=\"cover\" data-parent-container=\".fusion-image-element\" alt \/><div class=\"awb-imageframe-caption-container\"><div class=\"awb-imageframe-caption\"><h6 class=\"awb-imageframe-caption-title\">Reciclado y residuos<\/h6><\/div><\/div><\/a><\/span><\/div><\/div><\/div>\n<div class=\"fusion_builder_column fusion-builder-column-185 fusion-flex-column post-card swiper-slide\" style=\"--awb-bg-blend:overlay;--awb-bg-size:cover;--awb-flex-grow:0;--awb-flex-shrink:0;--awb-flex-grow-medium:0;--awb-flex-shrink-medium:0;--awb-flex-grow-small:0;--awb-flex-shrink-small:0;\" data-scroll-devices=\"small-visibility,medium-visibility,large-visibility\"><div class=\"fusion-column-wrapper fusion-column-has-shadow fusion-flex-justify-content-flex-start fusion-content-layout-column fusion-carousel-item-wrapper\"><div class=\"fusion-image-element \" style=\"--awb-aspect-ratio: 100 \/ 70;--awb-caption-title-color:var(--awb-color2);--awb-caption-overlay-color:var(--awb-color8);--awb-caption-title-font-family:var(--h6_typography-font-family);--awb-caption-title-font-weight:var(--h6_typography-font-weight);--awb-caption-title-font-style:var(--h6_typography-font-style);--awb-caption-title-size:11px;--awb-caption-title-transform:uppercase;--awb-caption-title-line-height:var(--h6_typography-line-height);--awb-caption-title-letter-spacing:var(--h6_typography-letter-spacing);\"><span class=\" fusion-imageframe imageframe-none imageframe-171 awb-imageframe-style awb-imageframe-style-schantel has-aspect-ratio\"><a class=\"fusion-no-lightbox\" href=\"https:\/\/centrocar.com\/portugal\/application\/pt-reciclagem-e-residuos\/\" target=\"_self\"><img decoding=\"async\" src=\"http:\/\/centrocar.com\/portugal\/wp-content\/uploads\/sites\/2\/2023\/05\/Energia.jpg\" class=\"img-responsive img-with-aspect-ratio\" data-parent-fit=\"cover\" data-parent-container=\".fusion-image-element\" alt \/><div class=\"awb-imageframe-caption-container\"><div class=\"awb-imageframe-caption\"><h6 class=\"awb-imageframe-caption-title\">Reciclagem e Res\u00edduos<\/h6><\/div><\/div><\/a><\/span><\/div><\/div><\/div>\n<div class=\"fusion_builder_column fusion-builder-column-186 fusion-flex-column post-card swiper-slide\" style=\"--awb-bg-blend:overlay;--awb-bg-size:cover;--awb-flex-grow:0;--awb-flex-shrink:0;--awb-flex-grow-medium:0;--awb-flex-shrink-medium:0;--awb-flex-grow-small:0;--awb-flex-shrink-small:0;\" data-scroll-devices=\"small-visibility,medium-visibility,large-visibility\"><div class=\"fusion-column-wrapper fusion-column-has-shadow fusion-flex-justify-content-flex-start fusion-content-layout-column fusion-carousel-item-wrapper\"><div class=\"fusion-image-element \" style=\"--awb-aspect-ratio: 100 \/ 70;--awb-caption-title-color:var(--awb-color2);--awb-caption-overlay-color:var(--awb-color8);--awb-caption-title-font-family:var(--h6_typography-font-family);--awb-caption-title-font-weight:var(--h6_typography-font-weight);--awb-caption-title-font-style:var(--h6_typography-font-style);--awb-caption-title-size:11px;--awb-caption-title-transform:uppercase;--awb-caption-title-line-height:var(--h6_typography-line-height);--awb-caption-title-letter-spacing:var(--h6_typography-letter-spacing);\"><span class=\" fusion-imageframe imageframe-none imageframe-172 awb-imageframe-style awb-imageframe-style-schantel has-aspect-ratio\"><a class=\"fusion-no-lightbox\" href=\"https:\/\/centrocar.com\/portugal\/en\/application\/en-recycling-and-waste\/\" target=\"_self\"><img decoding=\"async\" src=\"http:\/\/centrocar.com\/portugal\/wp-content\/uploads\/sites\/2\/2023\/05\/Energia.jpg\" class=\"img-responsive img-with-aspect-ratio\" data-parent-fit=\"cover\" data-parent-container=\".fusion-image-element\" alt \/><div class=\"awb-imageframe-caption-container\"><div class=\"awb-imageframe-caption\"><h6 class=\"awb-imageframe-caption-title\">Recycling and Waste<\/h6><\/div><\/div><\/a><\/span><\/div><\/div><\/div>\n<\/div><\/div><\/div><\/div><\/div><\/div><\/p>\n","protected":false},"excerpt":{"rendered":"","protected":false},"author":1,"featured_media":0,"parent":0,"menu_order":0,"comment_status":"closed","ping_status":"closed","template":"100-width.php","meta":{"_acf_changed":false,"footnotes":""},"class_list":["post-3864","page","type-page","status-publish","hentry"],"acf":[],"yoast_head":"<!-- This site is optimized with the Yoast SEO plugin v26.1.1 - https:\/\/yoast.com\/wordpress\/plugins\/seo\/ -->\n<title>Inicio - Centrocar (Portugal)<\/title>\n<meta name=\"robots\" content=\"index, follow, max-snippet:-1, max-image-preview:large, max-video-preview:-1\" \/>\n<link rel=\"canonical\" href=\"https:\/\/centrocar.com\/portugal\/es\/inicio-es\/\" \/>\n<meta property=\"og:locale\" content=\"pt_PT\" \/>\n<meta property=\"og:type\" content=\"article\" \/>\n<meta property=\"og:title\" content=\"Inicio - Centrocar (Portugal)\" \/>\n<meta property=\"og:url\" content=\"https:\/\/centrocar.com\/portugal\/es\/inicio-es\/\" \/>\n<meta property=\"og:site_name\" content=\"Centrocar (Portugal)\" \/>\n<meta property=\"article:modified_time\" content=\"2024-11-27T16:53:10+00:00\" \/>\n<meta name=\"twitter:card\" content=\"summary_large_image\" \/>\n<meta name=\"twitter:label1\" content=\"Tempo estimado de leitura\" \/>\n\t<meta name=\"twitter:data1\" content=\"37 minutos\" \/>\n<script type=\"application\/ld+json\" class=\"yoast-schema-graph\">{\"@context\":\"https:\/\/schema.org\",\"@graph\":[{\"@type\":\"WebPage\",\"@id\":\"https:\/\/centrocar.com\/portugal\/es\/inicio-es\/\",\"url\":\"https:\/\/centrocar.com\/portugal\/es\/inicio-es\/\",\"name\":\"Inicio - Centrocar (Portugal)\",\"isPartOf\":{\"@id\":\"https:\/\/centrocar.com\/portugal\/#website\"},\"datePublished\":\"2023-08-31T10:46:08+00:00\",\"dateModified\":\"2024-11-27T16:53:10+00:00\",\"breadcrumb\":{\"@id\":\"https:\/\/centrocar.com\/portugal\/es\/inicio-es\/#breadcrumb\"},\"inLanguage\":\"pt-PT\",\"potentialAction\":[{\"@type\":\"ReadAction\",\"target\":[\"https:\/\/centrocar.com\/portugal\/es\/inicio-es\/\"]}]},{\"@type\":\"BreadcrumbList\",\"@id\":\"https:\/\/centrocar.com\/portugal\/es\/inicio-es\/#breadcrumb\",\"itemListElement\":[{\"@type\":\"ListItem\",\"position\":1,\"name\":\"In\u00edcio\",\"item\":\"https:\/\/centrocar.com\/portugal\/\"},{\"@type\":\"ListItem\",\"position\":2,\"name\":\"Inicio\"}]},{\"@type\":\"WebSite\",\"@id\":\"https:\/\/centrocar.com\/portugal\/#website\",\"url\":\"https:\/\/centrocar.com\/portugal\/\",\"name\":\"Centrocar (Portugal)\",\"description\":\"\",\"potentialAction\":[{\"@type\":\"SearchAction\",\"target\":{\"@type\":\"EntryPoint\",\"urlTemplate\":\"https:\/\/centrocar.com\/portugal\/?s={search_term_string}\"},\"query-input\":{\"@type\":\"PropertyValueSpecification\",\"valueRequired\":true,\"valueName\":\"search_term_string\"}}],\"inLanguage\":\"pt-PT\"}]}<\/script>\n<!-- \/ Yoast SEO plugin. -->","yoast_head_json":{"title":"Inicio - Centrocar (Portugal)","robots":{"index":"index","follow":"follow","max-snippet":"max-snippet:-1","max-image-preview":"max-image-preview:large","max-video-preview":"max-video-preview:-1"},"canonical":"https:\/\/centrocar.com\/portugal\/es\/inicio-es\/","og_locale":"pt_PT","og_type":"article","og_title":"Inicio - Centrocar (Portugal)","og_url":"https:\/\/centrocar.com\/portugal\/es\/inicio-es\/","og_site_name":"Centrocar (Portugal)","article_modified_time":"2024-11-27T16:53:10+00:00","twitter_card":"summary_large_image","twitter_misc":{"Tempo estimado de leitura":"37 minutos"},"schema":{"@context":"https:\/\/schema.org","@graph":[{"@type":"WebPage","@id":"https:\/\/centrocar.com\/portugal\/es\/inicio-es\/","url":"https:\/\/centrocar.com\/portugal\/es\/inicio-es\/","name":"Inicio - Centrocar (Portugal)","isPartOf":{"@id":"https:\/\/centrocar.com\/portugal\/#website"},"datePublished":"2023-08-31T10:46:08+00:00","dateModified":"2024-11-27T16:53:10+00:00","breadcrumb":{"@id":"https:\/\/centrocar.com\/portugal\/es\/inicio-es\/#breadcrumb"},"inLanguage":"pt-PT","potentialAction":[{"@type":"ReadAction","target":["https:\/\/centrocar.com\/portugal\/es\/inicio-es\/"]}]},{"@type":"BreadcrumbList","@id":"https:\/\/centrocar.com\/portugal\/es\/inicio-es\/#breadcrumb","itemListElement":[{"@type":"ListItem","position":1,"name":"In\u00edcio","item":"https:\/\/centrocar.com\/portugal\/"},{"@type":"ListItem","position":2,"name":"Inicio"}]},{"@type":"WebSite","@id":"https:\/\/centrocar.com\/portugal\/#website","url":"https:\/\/centrocar.com\/portugal\/","name":"Centrocar (Portugal)","description":"","potentialAction":[{"@type":"SearchAction","target":{"@type":"EntryPoint","urlTemplate":"https:\/\/centrocar.com\/portugal\/?s={search_term_string}"},"query-input":{"@type":"PropertyValueSpecification","valueRequired":true,"valueName":"search_term_string"}}],"inLanguage":"pt-PT"}]}},"_links":{"self":[{"href":"https:\/\/centrocar.com\/portugal\/wp-json\/wp\/v2\/pages\/3864","targetHints":{"allow":["GET"]}}],"collection":[{"href":"https:\/\/centrocar.com\/portugal\/wp-json\/wp\/v2\/pages"}],"about":[{"href":"https:\/\/centrocar.com\/portugal\/wp-json\/wp\/v2\/types\/page"}],"author":[{"embeddable":true,"href":"https:\/\/centrocar.com\/portugal\/wp-json\/wp\/v2\/users\/1"}],"replies":[{"embeddable":true,"href":"https:\/\/centrocar.com\/portugal\/wp-json\/wp\/v2\/comments?post=3864"}],"version-history":[{"count":69,"href":"https:\/\/centrocar.com\/portugal\/wp-json\/wp\/v2\/pages\/3864\/revisions"}],"predecessor-version":[{"id":10105,"href":"https:\/\/centrocar.com\/portugal\/wp-json\/wp\/v2\/pages\/3864\/revisions\/10105"}],"wp:attachment":[{"href":"https:\/\/centrocar.com\/portugal\/wp-json\/wp\/v2\/media?parent=3864"}],"curies":[{"name":"wp","href":"https:\/\/api.w.org\/{rel}","templated":true}]}}